{"id":12853,"date":"2022-10-24T13:02:26","date_gmt":"2022-10-24T13:02:26","guid":{"rendered":"https:\/\/www.public.sn\/index.php\/home-1\/"},"modified":"2025-07-17T19:07:18","modified_gmt":"2025-07-17T19:07:18","slug":"accueil","status":"publish","type":"page","link":"https:\/\/www.public.sn\/","title":{"rendered":"Accueil"},"content":{"rendered":"\t\t<div data-elementor-type=\"wp-page\" data-elementor-id=\"12853\" class=\"elementor elementor-12853\" data-elementor-post-type=\"page\">\n\t\t\t\t\t\t<section class=\"elementor-section elementor-top-section elementor-element elementor-element-N6wmXUi elementor-section-boxed elementor-section-height-default elementor-section-height-default wpr-particle-no wpr-jarallax-no wpr-parallax-no wpr-sticky-section-no\" data-id=\"N6wmXUi\" data-element_type=\"section\">\n\t\t\t\t\t\t<div class=\"elementor-container elementor-column-gap-default\">\n\t\t\t\t\t<div class=\"elementor-column elementor-col-100 elementor-top-column elementor-element elementor-element-G3bTW7T\" data-id=\"G3bTW7T\" data-element_type=\"column\">\n\t\t\t<div class=\"elementor-widget-wrap elementor-element-populated\">\n\t\t\t\t\t\t<div class=\"elementor-element elementor-element-UrDXrQm elementor-widget elementor-widget-spacer\" data-id=\"UrDXrQm\" data-element_type=\"widget\" data-widget_type=\"spacer.default\">\n\t\t\t\t<div class=\"elementor-widget-container\">\n\t\t\t\t\t\t\t<div class=\"elementor-spacer\">\n\t\t\t<div class=\"elementor-spacer-inner\"><\/div>\n\t\t<\/div>\n\t\t\t\t\t\t<\/div>\n\t\t\t\t<\/div>\n\t\t\t\t\t<\/div>\n\t\t<\/div>\n\t\t\t\t\t<\/div>\n\t\t<\/section>\n\t\t\t\t<section class=\"elementor-section elementor-top-section elementor-element elementor-element-ee4bb14 elementor-section-full_width elementor-section-height-default elementor-section-height-default wpr-particle-no wpr-jarallax-no wpr-parallax-no wpr-sticky-section-no\" data-id=\"ee4bb14\" data-element_type=\"section\">\n\t\t\t\t\t\t<div class=\"elementor-container elementor-column-gap-default\">\n\t\t\t\t\t<div class=\"elementor-column elementor-col-100 elementor-top-column elementor-element elementor-element-b0cd4b5\" data-id=\"b0cd4b5\" data-element_type=\"column\">\n\t\t\t<div class=\"elementor-widget-wrap elementor-element-populated\">\n\t\t\t\t\t\t<div class=\"elementor-element elementor-element-28dcef2 elementor-widget-divider--view-line_text elementor-widget-divider--element-align-center elementor-widget elementor-widget-divider\" data-id=\"28dcef2\" data-element_type=\"widget\" data-widget_type=\"divider.default\">\n\t\t\t\t<div class=\"elementor-widget-container\">\n\t\t\t\t\t\t\t<div class=\"elementor-divider\">\n\t\t\t<span class=\"elementor-divider-separator\">\n\t\t\t\t\t\t\t<span class=\"elementor-divider__text elementor-divider__element\">\n\t\t\t\tPublicit\u00e9\t\t\t\t<\/span>\n\t\t\t\t\t\t<\/span>\n\t\t<\/div>\n\t\t\t\t\t\t<\/div>\n\t\t\t\t<\/div>\n\t\t\t\t<div class=\"elementor-element elementor-element-ce6078c elementor-widget elementor-widget-image\" data-id=\"ce6078c\" data-element_type=\"widget\" data-widget_type=\"image.default\">\n\t\t\t\t<div class=\"elementor-widget-container\">\n\t\t\t\t\t\t\t\t\t\t\t\t\t\t\t<img fetchpriority=\"high\" decoding=\"async\" width=\"1280\" height=\"200\" src=\"https:\/\/www.public.sn\/wp-content\/uploads\/2025\/03\/BANNIERE-PUB-HORI.png\" class=\"attachment-full size-full wp-image-36701\" alt=\"\" srcset=\"https:\/\/www.public.sn\/wp-content\/uploads\/2025\/03\/BANNIERE-PUB-HORI.png 1280w, https:\/\/www.public.sn\/wp-content\/uploads\/2025\/03\/BANNIERE-PUB-HORI-300x47.png 300w, https:\/\/www.public.sn\/wp-content\/uploads\/2025\/03\/BANNIERE-PUB-HORI-1024x160.png 1024w, https:\/\/www.public.sn\/wp-content\/uploads\/2025\/03\/BANNIERE-PUB-HORI-768x120.png 768w, https:\/\/www.public.sn\/wp-content\/uploads\/2025\/03\/BANNIERE-PUB-HORI-600x94.png 600w\" sizes=\"(max-width: 1280px) 100vw, 1280px\" \/>\t\t\t\t\t\t\t\t\t\t\t\t\t\t\t<\/div>\n\t\t\t\t<\/div>\n\t\t\t\t\t<\/div>\n\t\t<\/div>\n\t\t\t\t\t<\/div>\n\t\t<\/section>\n\t\t\t\t<section class=\"elementor-section elementor-top-section elementor-element elementor-element-fbc72c0 elementor-section-full_width elementor-section-height-default elementor-section-height-default wpr-particle-no wpr-jarallax-no wpr-parallax-no wpr-sticky-section-no\" data-id=\"fbc72c0\" data-element_type=\"section\">\n\t\t\t\t\t\t<div class=\"elementor-container elementor-column-gap-default\">\n\t\t\t\t\t<div class=\"elementor-column elementor-col-25 elementor-top-column elementor-element elementor-element-ab86e7a\" data-id=\"ab86e7a\" data-element_type=\"column\">\n\t\t\t<div class=\"elementor-widget-wrap elementor-element-populated\">\n\t\t\t\t\t\t<div class=\"elementor-element elementor-element-909bb8a elementor-widget-divider--view-line_text elementor-widget-divider--element-align-center elementor-widget elementor-widget-divider\" data-id=\"909bb8a\" data-element_type=\"widget\" data-widget_type=\"divider.default\">\n\t\t\t\t<div class=\"elementor-widget-container\">\n\t\t\t\t\t\t\t<div class=\"elementor-divider\">\n\t\t\t<span class=\"elementor-divider-separator\">\n\t\t\t\t\t\t\t<span class=\"elementor-divider__text elementor-divider__element\">\n\t\t\t\tAU PROGRAMME\t\t\t\t<\/span>\n\t\t\t\t\t\t<\/span>\n\t\t<\/div>\n\t\t\t\t\t\t<\/div>\n\t\t\t\t<\/div>\n\t\t\t\t<div class=\"elementor-element elementor-element-7c4d98d elementor-arrows-position-inside elementor-widget elementor-widget-image-carousel\" data-id=\"7c4d98d\" data-element_type=\"widget\" data-settings=\"{&quot;slides_to_show&quot;:&quot;1&quot;,&quot;navigation&quot;:&quot;arrows&quot;,&quot;autoplay&quot;:&quot;yes&quot;,&quot;pause_on_hover&quot;:&quot;yes&quot;,&quot;pause_on_interaction&quot;:&quot;yes&quot;,&quot;autoplay_speed&quot;:5000,&quot;infinite&quot;:&quot;yes&quot;,&quot;effect&quot;:&quot;slide&quot;,&quot;speed&quot;:500}\" data-widget_type=\"image-carousel.default\">\n\t\t\t\t<div class=\"elementor-widget-container\">\n\t\t\t\t\t\t\t<div class=\"elementor-image-carousel-wrapper swiper\" role=\"region\" aria-roledescription=\"carousel\" aria-label=\"Carrousel d\u2019images\" dir=\"ltr\">\n\t\t\t<div class=\"elementor-image-carousel swiper-wrapper\" aria-live=\"off\">\n\t\t\t\t\t\t\t\t<div class=\"swiper-slide\" role=\"group\" aria-roledescription=\"slide\" aria-label=\"1 sur 3\"><figure class=\"swiper-slide-inner\"><img decoding=\"async\" class=\"swiper-slide-image\" src=\"https:\/\/www.public.sn\/wp-content\/uploads\/2025\/07\/www-94.png\" alt=\"www (94)\" \/><\/figure><\/div><div class=\"swiper-slide\" role=\"group\" aria-roledescription=\"slide\" aria-label=\"2 sur 3\"><figure class=\"swiper-slide-inner\"><img decoding=\"async\" class=\"swiper-slide-image\" src=\"https:\/\/www.public.sn\/wp-content\/uploads\/2025\/07\/AFFICHE-ACTU-PUBLIC-18.png\" alt=\"AFFICHE ACTU PUBLIC (18)\" \/><\/figure><\/div><div class=\"swiper-slide\" role=\"group\" aria-roledescription=\"slide\" aria-label=\"3 sur 3\"><figure class=\"swiper-slide-inner\"><img decoding=\"async\" class=\"swiper-slide-image\" src=\"https:\/\/www.public.sn\/wp-content\/uploads\/2025\/07\/www-96.png\" alt=\"www (96)\" \/><\/figure><\/div>\t\t\t<\/div>\n\t\t\t\t\t\t\t\t\t\t\t\t<div class=\"elementor-swiper-button elementor-swiper-button-prev\" role=\"button\" tabindex=\"0\">\n\t\t\t\t\t\t<i aria-hidden=\"true\" class=\"eicon-chevron-left\"><\/i>\t\t\t\t\t<\/div>\n\t\t\t\t\t<div class=\"elementor-swiper-button elementor-swiper-button-next\" role=\"button\" tabindex=\"0\">\n\t\t\t\t\t\t<i aria-hidden=\"true\" class=\"eicon-chevron-right\"><\/i>\t\t\t\t\t<\/div>\n\t\t\t\t\n\t\t\t\t\t\t\t\t\t<\/div>\n\t\t\t\t\t\t<\/div>\n\t\t\t\t<\/div>\n\t\t\t\t<div class=\"elementor-element elementor-element-48069db elementor-widget-divider--view-line_text elementor-widget-divider--element-align-center elementor-widget elementor-widget-divider\" data-id=\"48069db\" data-element_type=\"widget\" data-widget_type=\"divider.default\">\n\t\t\t\t<div class=\"elementor-widget-container\">\n\t\t\t\t\t\t\t<div class=\"elementor-divider\">\n\t\t\t<span class=\"elementor-divider-separator\">\n\t\t\t\t\t\t\t<span class=\"elementor-divider__text elementor-divider__element\">\n\t\t\t\tsur le fil\t\t\t\t<\/span>\n\t\t\t\t\t\t<\/span>\n\t\t<\/div>\n\t\t\t\t\t\t<\/div>\n\t\t\t\t<\/div>\n\t\t\t\t<div class=\"elementor-element elementor-element-f50d842 anwp-pg-widget-header-style--b anwp-pg-post-teaser__post-icon--size-16 elementor-widget elementor-widget-anwp-pg-classic-slider\" data-id=\"f50d842\" data-element_type=\"widget\" data-widget_type=\"anwp-pg-classic-slider.default\">\n\t\t\t\t<div class=\"elementor-widget-container\">\n\t\t\t\t\t<div class=\"anwp-pg-wrap\">\n\n\t\n\t<!-- Slider main container -->\n\t<div\n\t\tclass=\"anwp-pg-classic-slider anwp-pg-swiper-wrapper position-static swiper swiper-container anwp-pg-no-transform\"\n\t\tdata-pg-slides-per-view=\"1\"\n\t\tdata-pg-slides-per-view-mobile=\"1\"\n\t\tdata-pg-slides-per-view-tablet=\"2\"\n\t\tdata-pg-slides-per-group=\"1\"\n\t\tdata-pg-slides-per-group-mobile=\"1\"\n\t\tdata-pg-slides-per-group-tablet=\"1\"\n\t\tdata-pg-autoplay=\"yes\"\n\t\tdata-pg-autoplay-delay=\"5000\"\n\t\tdata-pg-space-between=\"20\"\n\t\tdata-pg-effect=\"fade\"\n\t\tdata-pg-show-read-more=\"no\"\n\t\tdata-pg-enable-observer=\"\"\n\t\tdata-pg-loop=\"no\"\n\t\tdir=\"ltr\"\n\t>\n\t\t<!-- Additional required wrapper -->\n\t\t<div class=\"swiper-wrapper\">\n\t\t\t<!-- Slides -->\n\t\t\t<div class=\"anwp-pg-post-teaser anwp-pg-post-teaser--inner-cover-link anwp-pg-post-teaser--layout-d d-flex flex-column swiper-slide anwp-pg-post-teaser--has-comments-meta\">\n\t<div class=\"anwp-pg-post-teaser__thumbnail position-relative\">\n\n\t\t\t\t\t<div class=\"anwp-pg-post-teaser__format-icon anwp-pg-post-teaser__format-icon--top d-flex align-items-center justify-content-center\">\n\t\t\t\t<svg class=\"anwp-pg-icon anwp-pg-icon--s18 anwp-pg-icon--white\">\n\t\t\t\t\t<use xlink:href=\"#icon-anwp-pg-play\"><\/use>\n\t\t\t\t<\/svg>\n\t\t\t<\/div>\n\t\t\n\t\t\n\t\t\t\t\t<img loading=\"lazy\" class=\"anwp-pg-post-teaser__thumbnail-img d-block anwp-pg-height-180 anwp-object-cover m-0 w-100\"\n\t\t\t\talt=\"NGONALU REWMI du mercredi 08 octobre 2025 |par ADF et sa team\"\n\t\t\t\tsrc=\"https:\/\/www.public.sn\/wp-content\/uploads\/2025\/10\/maxresdefault-31-300x300.jpg\"\/>\n\t\t\n\t\t<div class=\"anwp-pg-post-teaser__thumbnail-bg anwp-position-cover\"><\/div>\n\n\t\t<a class=\"anwp-position-cover anwp-link-without-effects\" href=\"https:\/\/www.public.sn\/index.php\/2025\/10\/08\/ngonalu-rewmi-du-mercredi-08-octobre-2025-par-adf-et-sa-team\/\" aria-hidden=\"true\" ><\/a>\n\t<\/div>\n\n\t<div class=\"anwp-pg-post-teaser__content flex-grow-1 pt-1 d-flex flex-column\">\n\n\t\t<div class=\"anwp-pg-post-teaser__title anwp-font-heading mt-2\">\n\t\t\t<a class=\"anwp-link-without-effects\" href=\"https:\/\/www.public.sn\/index.php\/2025\/10\/08\/ngonalu-rewmi-du-mercredi-08-octobre-2025-par-adf-et-sa-team\/\" aria-hidden=\"true\" >\n\t\t\t\tNGONALU REWMI du mercredi 08 octobre 2025 |par ADF et sa team\t\t\t<\/a>\n\t\t<\/div>\n\n\t\t<div class=\"anwp-pg-post-teaser__bottom-meta d-flex flex-wrap\">\n\n\t\t\t\t\t\t\t<div class=\"anwp-pg-post-teaser__bottom-meta-item d-flex align-items-center mr-3\">\n\t\t\t\t\t<svg class=\"anwp-pg-icon anwp-pg-icon--s16 mr-1\">\n\t\t\t\t\t\t<use xlink:href=\"#icon-anwp-pg-calendar\"><\/use>\n\t\t\t\t\t<\/svg>\n\t\t\t\t\t<span class=\"posted-on m-0\"><span class=\"screen-reader-text\">Posted on<\/span><time class=\"anwp-pg-published\" datetime=\"2025-10-08T19:25:00+00:00\">8 octobre 2025<\/time><time class=\"anwp-pg-updated\" datetime=\"2025-10-08T18:55:22+00:00\">8 octobre 2025<\/time><\/span>\n\t\t\t\t<\/div>\n\t\t\t\t\t\t\t\t\t<div class=\"anwp-pg-post-teaser__bottom-meta-item d-flex align-items-center mr-3\">\n\t\t\t\t\t\t<svg class=\"anwp-pg-icon anwp-pg-icon--s16 mr-1\">\n\t\t\t\t\t\t\t<use xlink:href=\"#icon-anwp-pg-comment-discussion\"><\/use>\n\t\t\t\t\t\t<\/svg>\n\t\t\t\t\t\t0\t\t\t\t\t<\/div>\n\t\t\t\t\t\n\t\t\t\t\t<\/div>\n\n\t\t\n\t\t\n\t<\/div>\n\n<\/div>\n<div class=\"anwp-pg-post-teaser anwp-pg-post-teaser--inner-cover-link anwp-pg-post-teaser--layout-d d-flex flex-column swiper-slide anwp-pg-post-teaser--has-comments-meta\">\n\t<div class=\"anwp-pg-post-teaser__thumbnail position-relative\">\n\n\t\t\t\t\t<div class=\"anwp-pg-post-teaser__format-icon anwp-pg-post-teaser__format-icon--top d-flex align-items-center justify-content-center\">\n\t\t\t\t<svg class=\"anwp-pg-icon anwp-pg-icon--s18 anwp-pg-icon--white\">\n\t\t\t\t\t<use xlink:href=\"#icon-anwp-pg-play\"><\/use>\n\t\t\t\t<\/svg>\n\t\t\t<\/div>\n\t\t\n\t\t\n\t\t\t\t\t<img loading=\"lazy\" class=\"anwp-pg-post-teaser__thumbnail-img d-block anwp-pg-height-180 anwp-object-cover m-0 w-100\"\n\t\t\t\talt=\"NGONALU REWMI avec Aissatou Diop Fall et sa Team (17 juillet 2025)\"\n\t\t\t\tsrc=\"https:\/\/www.public.sn\/wp-content\/uploads\/2025\/07\/WhatsApp-Image-2025-07-17-at-17.53.54-300x300.jpeg\"\/>\n\t\t\n\t\t<div class=\"anwp-pg-post-teaser__thumbnail-bg anwp-position-cover\"><\/div>\n\n\t\t<a class=\"anwp-position-cover anwp-link-without-effects\" href=\"https:\/\/www.public.sn\/index.php\/2025\/07\/17\/ngonalu-rewmi-avec-aissatou-diop-fall-et-sa-team-17-juillet-2025\/\" aria-hidden=\"true\" ><\/a>\n\t<\/div>\n\n\t<div class=\"anwp-pg-post-teaser__content flex-grow-1 pt-1 d-flex flex-column\">\n\n\t\t<div class=\"anwp-pg-post-teaser__title anwp-font-heading mt-2\">\n\t\t\t<a class=\"anwp-link-without-effects\" href=\"https:\/\/www.public.sn\/index.php\/2025\/07\/17\/ngonalu-rewmi-avec-aissatou-diop-fall-et-sa-team-17-juillet-2025\/\" aria-hidden=\"true\" >\n\t\t\t\tNGONALU REWMI avec Aissatou Diop Fall et sa Team (17 juillet 2025)\t\t\t<\/a>\n\t\t<\/div>\n\n\t\t<div class=\"anwp-pg-post-teaser__bottom-meta d-flex flex-wrap\">\n\n\t\t\t\t\t\t\t<div class=\"anwp-pg-post-teaser__bottom-meta-item d-flex align-items-center mr-3\">\n\t\t\t\t\t<svg class=\"anwp-pg-icon anwp-pg-icon--s16 mr-1\">\n\t\t\t\t\t\t<use xlink:href=\"#icon-anwp-pg-calendar\"><\/use>\n\t\t\t\t\t<\/svg>\n\t\t\t\t\t<span class=\"posted-on m-0\"><span class=\"screen-reader-text\">Posted on<\/span><time class=\"anwp-pg-published\" datetime=\"2025-07-17T18:29:36+00:00\">17 juillet 2025<\/time><time class=\"anwp-pg-updated\" datetime=\"2025-07-17T18:29:44+00:00\">17 juillet 2025<\/time><\/span>\n\t\t\t\t<\/div>\n\t\t\t\t\t\t\t\t\t<div class=\"anwp-pg-post-teaser__bottom-meta-item d-flex align-items-center mr-3\">\n\t\t\t\t\t\t<svg class=\"anwp-pg-icon anwp-pg-icon--s16 mr-1\">\n\t\t\t\t\t\t\t<use xlink:href=\"#icon-anwp-pg-comment-discussion\"><\/use>\n\t\t\t\t\t\t<\/svg>\n\t\t\t\t\t\t0\t\t\t\t\t<\/div>\n\t\t\t\t\t\n\t\t\t\t\t<\/div>\n\n\t\t\n\t\t\n\t<\/div>\n\n<\/div>\n<div class=\"anwp-pg-post-teaser anwp-pg-post-teaser--inner-cover-link anwp-pg-post-teaser--layout-d d-flex flex-column swiper-slide anwp-pg-post-teaser--has-comments-meta\">\n\t<div class=\"anwp-pg-post-teaser__thumbnail position-relative\">\n\n\t\t\t\t\t<div class=\"anwp-pg-post-teaser__format-icon anwp-pg-post-teaser__format-icon--top d-flex align-items-center justify-content-center\">\n\t\t\t\t<svg class=\"anwp-pg-icon anwp-pg-icon--s18 anwp-pg-icon--white\">\n\t\t\t\t\t<use xlink:href=\"#icon-anwp-pg-play\"><\/use>\n\t\t\t\t<\/svg>\n\t\t\t<\/div>\n\t\t\n\t\t\n\t\t\t\t\t<img loading=\"lazy\" class=\"anwp-pg-post-teaser__thumbnail-img d-block anwp-pg-height-180 anwp-object-cover m-0 w-100\"\n\t\t\t\talt=\"OPINION PUBLIC du jeudi 17 juillet 2025 | Ahmed SECK\"\n\t\t\t\tsrc=\"https:\/\/www.public.sn\/wp-content\/uploads\/2025\/07\/WhatsApp-Image-2025-07-17-at-16.55.16-300x300.jpeg\"\/>\n\t\t\n\t\t<div class=\"anwp-pg-post-teaser__thumbnail-bg anwp-position-cover\"><\/div>\n\n\t\t<a class=\"anwp-position-cover anwp-link-without-effects\" href=\"https:\/\/www.public.sn\/index.php\/2025\/07\/17\/opinion-public-du-jeudi-17-juillet-2025-ahmed-seck\/\" aria-hidden=\"true\" ><\/a>\n\t<\/div>\n\n\t<div class=\"anwp-pg-post-teaser__content flex-grow-1 pt-1 d-flex flex-column\">\n\n\t\t<div class=\"anwp-pg-post-teaser__title anwp-font-heading mt-2\">\n\t\t\t<a class=\"anwp-link-without-effects\" href=\"https:\/\/www.public.sn\/index.php\/2025\/07\/17\/opinion-public-du-jeudi-17-juillet-2025-ahmed-seck\/\" aria-hidden=\"true\" >\n\t\t\t\tOPINION PUBLIC du jeudi 17 juillet 2025 | Ahmed SECK\t\t\t<\/a>\n\t\t<\/div>\n\n\t\t<div class=\"anwp-pg-post-teaser__bottom-meta d-flex flex-wrap\">\n\n\t\t\t\t\t\t\t<div class=\"anwp-pg-post-teaser__bottom-meta-item d-flex align-items-center mr-3\">\n\t\t\t\t\t<svg class=\"anwp-pg-icon anwp-pg-icon--s16 mr-1\">\n\t\t\t\t\t\t<use xlink:href=\"#icon-anwp-pg-calendar\"><\/use>\n\t\t\t\t\t<\/svg>\n\t\t\t\t\t<span class=\"posted-on m-0\"><span class=\"screen-reader-text\">Posted on<\/span><time class=\"anwp-pg-published\" datetime=\"2025-07-17T18:22:55+00:00\">17 juillet 2025<\/time><time class=\"anwp-pg-updated\" datetime=\"2025-07-17T18:23:05+00:00\">17 juillet 2025<\/time><\/span>\n\t\t\t\t<\/div>\n\t\t\t\t\t\t\t\t\t<div class=\"anwp-pg-post-teaser__bottom-meta-item d-flex align-items-center mr-3\">\n\t\t\t\t\t\t<svg class=\"anwp-pg-icon anwp-pg-icon--s16 mr-1\">\n\t\t\t\t\t\t\t<use xlink:href=\"#icon-anwp-pg-comment-discussion\"><\/use>\n\t\t\t\t\t\t<\/svg>\n\t\t\t\t\t\t0\t\t\t\t\t<\/div>\n\t\t\t\t\t\n\t\t\t\t\t<\/div>\n\n\t\t\n\t\t\n\t<\/div>\n\n<\/div>\n<div class=\"anwp-pg-post-teaser anwp-pg-post-teaser--inner-cover-link anwp-pg-post-teaser--layout-d d-flex flex-column swiper-slide anwp-pg-post-teaser--has-comments-meta\">\n\t<div class=\"anwp-pg-post-teaser__thumbnail position-relative\">\n\n\t\t\t\t\t<div class=\"anwp-pg-post-teaser__format-icon anwp-pg-post-teaser__format-icon--top d-flex align-items-center justify-content-center\">\n\t\t\t\t<svg class=\"anwp-pg-icon anwp-pg-icon--s18 anwp-pg-icon--white\">\n\t\t\t\t\t<use xlink:href=\"#icon-anwp-pg-play\"><\/use>\n\t\t\t\t<\/svg>\n\t\t\t<\/div>\n\t\t\n\t\t\n\t\t\t\t\t<img loading=\"lazy\" class=\"anwp-pg-post-teaser__thumbnail-img d-block anwp-pg-height-180 anwp-object-cover m-0 w-100\"\n\t\t\t\talt=\"Replay Actu Public du 17 juillet 2025 | Ndack Samb\"\n\t\t\t\tsrc=\"https:\/\/www.public.sn\/wp-content\/uploads\/2025\/07\/WhatsApp-Image-2025-07-17-at-15.45.33-300x300.jpeg\"\/>\n\t\t\n\t\t<div class=\"anwp-pg-post-teaser__thumbnail-bg anwp-position-cover\"><\/div>\n\n\t\t<a class=\"anwp-position-cover anwp-link-without-effects\" href=\"https:\/\/www.public.sn\/index.php\/2025\/07\/17\/replay-actu-public-du-17-juillet-2025-ndack-samb\/\" aria-hidden=\"true\" ><\/a>\n\t<\/div>\n\n\t<div class=\"anwp-pg-post-teaser__content flex-grow-1 pt-1 d-flex flex-column\">\n\n\t\t<div class=\"anwp-pg-post-teaser__title anwp-font-heading mt-2\">\n\t\t\t<a class=\"anwp-link-without-effects\" href=\"https:\/\/www.public.sn\/index.php\/2025\/07\/17\/replay-actu-public-du-17-juillet-2025-ndack-samb\/\" aria-hidden=\"true\" >\n\t\t\t\tReplay Actu Public du 17 juillet 2025 | Ndack Samb\t\t\t<\/a>\n\t\t<\/div>\n\n\t\t<div class=\"anwp-pg-post-teaser__bottom-meta d-flex flex-wrap\">\n\n\t\t\t\t\t\t\t<div class=\"anwp-pg-post-teaser__bottom-meta-item d-flex align-items-center mr-3\">\n\t\t\t\t\t<svg class=\"anwp-pg-icon anwp-pg-icon--s16 mr-1\">\n\t\t\t\t\t\t<use xlink:href=\"#icon-anwp-pg-calendar\"><\/use>\n\t\t\t\t\t<\/svg>\n\t\t\t\t\t<span class=\"posted-on m-0\"><span class=\"screen-reader-text\">Posted on<\/span><time class=\"anwp-pg-published\" datetime=\"2025-07-17T18:15:15+00:00\">17 juillet 2025<\/time><time class=\"anwp-pg-updated\" datetime=\"2025-07-17T18:15:23+00:00\">17 juillet 2025<\/time><\/span>\n\t\t\t\t<\/div>\n\t\t\t\t\t\t\t\t\t<div class=\"anwp-pg-post-teaser__bottom-meta-item d-flex align-items-center mr-3\">\n\t\t\t\t\t\t<svg class=\"anwp-pg-icon anwp-pg-icon--s16 mr-1\">\n\t\t\t\t\t\t\t<use xlink:href=\"#icon-anwp-pg-comment-discussion\"><\/use>\n\t\t\t\t\t\t<\/svg>\n\t\t\t\t\t\t0\t\t\t\t\t<\/div>\n\t\t\t\t\t\n\t\t\t\t\t<\/div>\n\n\t\t\n\t\t\n\t<\/div>\n\n<\/div>\n<div class=\"anwp-pg-post-teaser anwp-pg-post-teaser--inner-cover-link anwp-pg-post-teaser--layout-d d-flex flex-column swiper-slide anwp-pg-post-teaser--has-comments-meta\">\n\t<div class=\"anwp-pg-post-teaser__thumbnail position-relative\">\n\n\t\t\t\t\t<div class=\"anwp-pg-post-teaser__format-icon anwp-pg-post-teaser__format-icon--top d-flex align-items-center justify-content-center\">\n\t\t\t\t<svg class=\"anwp-pg-icon anwp-pg-icon--s18 anwp-pg-icon--white\">\n\t\t\t\t\t<use xlink:href=\"#icon-anwp-pg-play\"><\/use>\n\t\t\t\t<\/svg>\n\t\t\t<\/div>\n\t\t\n\t\t\n\t\t\t\t\t<img loading=\"lazy\" class=\"anwp-pg-post-teaser__thumbnail-img d-block anwp-pg-height-180 anwp-object-cover m-0 w-100\"\n\t\t\t\talt=\"NGONALU REWMI avec Aissatou Diop Fall et sa Team&#8230;\"\n\t\t\t\tsrc=\"https:\/\/www.public.sn\/wp-content\/uploads\/2025\/07\/WhatsApp-Image-2025-07-16-at-19.14.34-300x300.jpeg\"\/>\n\t\t\n\t\t<div class=\"anwp-pg-post-teaser__thumbnail-bg anwp-position-cover\"><\/div>\n\n\t\t<a class=\"anwp-position-cover anwp-link-without-effects\" href=\"https:\/\/www.public.sn\/index.php\/2025\/07\/16\/ngonalu-rewmi-avec-aissatou-diop-fall-et-sa-team\/\" aria-hidden=\"true\" ><\/a>\n\t<\/div>\n\n\t<div class=\"anwp-pg-post-teaser__content flex-grow-1 pt-1 d-flex flex-column\">\n\n\t\t<div class=\"anwp-pg-post-teaser__title anwp-font-heading mt-2\">\n\t\t\t<a class=\"anwp-link-without-effects\" href=\"https:\/\/www.public.sn\/index.php\/2025\/07\/16\/ngonalu-rewmi-avec-aissatou-diop-fall-et-sa-team\/\" aria-hidden=\"true\" >\n\t\t\t\tNGONALU REWMI avec Aissatou Diop Fall et sa Team&#8230;\t\t\t<\/a>\n\t\t<\/div>\n\n\t\t<div class=\"anwp-pg-post-teaser__bottom-meta d-flex flex-wrap\">\n\n\t\t\t\t\t\t\t<div class=\"anwp-pg-post-teaser__bottom-meta-item d-flex align-items-center mr-3\">\n\t\t\t\t\t<svg class=\"anwp-pg-icon anwp-pg-icon--s16 mr-1\">\n\t\t\t\t\t\t<use xlink:href=\"#icon-anwp-pg-calendar\"><\/use>\n\t\t\t\t\t<\/svg>\n\t\t\t\t\t<span class=\"posted-on m-0\"><span class=\"screen-reader-text\">Posted on<\/span><time class=\"anwp-pg-published\" datetime=\"2025-07-16T19:42:05+00:00\">16 juillet 2025<\/time><time class=\"anwp-pg-updated\" datetime=\"2025-07-16T19:42:15+00:00\">16 juillet 2025<\/time><\/span>\n\t\t\t\t<\/div>\n\t\t\t\t\t\t\t\t\t<div class=\"anwp-pg-post-teaser__bottom-meta-item d-flex align-items-center mr-3\">\n\t\t\t\t\t\t<svg class=\"anwp-pg-icon anwp-pg-icon--s16 mr-1\">\n\t\t\t\t\t\t\t<use xlink:href=\"#icon-anwp-pg-comment-discussion\"><\/use>\n\t\t\t\t\t\t<\/svg>\n\t\t\t\t\t\t0\t\t\t\t\t<\/div>\n\t\t\t\t\t\n\t\t\t\t\t<\/div>\n\n\t\t\n\t\t\n\t<\/div>\n\n<\/div>\n<div class=\"anwp-pg-post-teaser anwp-pg-post-teaser--inner-cover-link anwp-pg-post-teaser--layout-d d-flex flex-column swiper-slide anwp-pg-post-teaser--has-comments-meta\">\n\t<div class=\"anwp-pg-post-teaser__thumbnail position-relative\">\n\n\t\t\t\t\t<div class=\"anwp-pg-post-teaser__format-icon anwp-pg-post-teaser__format-icon--top d-flex align-items-center justify-content-center\">\n\t\t\t\t<svg class=\"anwp-pg-icon anwp-pg-icon--s18 anwp-pg-icon--white\">\n\t\t\t\t\t<use xlink:href=\"#icon-anwp-pg-play\"><\/use>\n\t\t\t\t<\/svg>\n\t\t\t<\/div>\n\t\t\n\t\t\n\t\t\t\t\t<img loading=\"lazy\" class=\"anwp-pg-post-teaser__thumbnail-img d-block anwp-pg-height-180 anwp-object-cover m-0 w-100\"\n\t\t\t\talt=\"OPINION PUBLIC : Fouta Tampi\u00a0convoqu\u00e9e, Bachir Fofana et Moustapha Diakhat\u00e9 reste en prison | Par Ahmed SECK\"\n\t\t\t\tsrc=\"https:\/\/www.public.sn\/wp-content\/uploads\/2025\/07\/WhatsApp-Image-2025-07-16-at-17.13.18-1-300x300.jpeg\"\/>\n\t\t\n\t\t<div class=\"anwp-pg-post-teaser__thumbnail-bg anwp-position-cover\"><\/div>\n\n\t\t<a class=\"anwp-position-cover anwp-link-without-effects\" href=\"https:\/\/www.public.sn\/index.php\/2025\/07\/16\/opinion-public-fouta-tampi-convoquee-bachir-fofana-et-moustapha-diakhate-reste-en-prison-par-ahmed-seck\/\" aria-hidden=\"true\" ><\/a>\n\t<\/div>\n\n\t<div class=\"anwp-pg-post-teaser__content flex-grow-1 pt-1 d-flex flex-column\">\n\n\t\t<div class=\"anwp-pg-post-teaser__title anwp-font-heading mt-2\">\n\t\t\t<a class=\"anwp-link-without-effects\" href=\"https:\/\/www.public.sn\/index.php\/2025\/07\/16\/opinion-public-fouta-tampi-convoquee-bachir-fofana-et-moustapha-diakhate-reste-en-prison-par-ahmed-seck\/\" aria-hidden=\"true\" >\n\t\t\t\tOPINION PUBLIC : Fouta Tampi\u00a0convoqu\u00e9e, Bachir Fofana et Moustapha Diakhat\u00e9 reste en prison | Par Ahmed SECK\t\t\t<\/a>\n\t\t<\/div>\n\n\t\t<div class=\"anwp-pg-post-teaser__bottom-meta d-flex flex-wrap\">\n\n\t\t\t\t\t\t\t<div class=\"anwp-pg-post-teaser__bottom-meta-item d-flex align-items-center mr-3\">\n\t\t\t\t\t<svg class=\"anwp-pg-icon anwp-pg-icon--s16 mr-1\">\n\t\t\t\t\t\t<use xlink:href=\"#icon-anwp-pg-calendar\"><\/use>\n\t\t\t\t\t<\/svg>\n\t\t\t\t\t<span class=\"posted-on m-0\"><span class=\"screen-reader-text\">Posted on<\/span><time class=\"anwp-pg-published\" datetime=\"2025-07-16T17:23:56+00:00\">16 juillet 2025<\/time><time class=\"anwp-pg-updated\" datetime=\"2025-07-16T17:24:02+00:00\">16 juillet 2025<\/time><\/span>\n\t\t\t\t<\/div>\n\t\t\t\t\t\t\t\t\t<div class=\"anwp-pg-post-teaser__bottom-meta-item d-flex align-items-center mr-3\">\n\t\t\t\t\t\t<svg class=\"anwp-pg-icon anwp-pg-icon--s16 mr-1\">\n\t\t\t\t\t\t\t<use xlink:href=\"#icon-anwp-pg-comment-discussion\"><\/use>\n\t\t\t\t\t\t<\/svg>\n\t\t\t\t\t\t0\t\t\t\t\t<\/div>\n\t\t\t\t\t\n\t\t\t\t\t<\/div>\n\n\t\t\n\t\t\n\t<\/div>\n\n<\/div>\n\t\t<\/div>\n\n\t\t\t\t\t\t\t\t\t\t\t<\/div>\n<\/div>\n\t\t\t\t<\/div>\n\t\t\t\t<\/div>\n\t\t\t\t\t<\/div>\n\t\t<\/div>\n\t\t\t\t<div class=\"elementor-column elementor-col-50 elementor-top-column elementor-element elementor-element-90a601a\" data-id=\"90a601a\" data-element_type=\"column\">\n\t\t\t<div class=\"elementor-widget-wrap elementor-element-populated\">\n\t\t\t\t\t\t<div class=\"elementor-element elementor-element-1fa0af2 elementor-widget-divider--view-line_text elementor-widget-divider--element-align-center elementor-widget elementor-widget-divider\" data-id=\"1fa0af2\" data-element_type=\"widget\" data-widget_type=\"divider.default\">\n\t\t\t\t<div class=\"elementor-widget-container\">\n\t\t\t\t\t\t\t<div class=\"elementor-divider\">\n\t\t\t<span class=\"elementor-divider-separator\">\n\t\t\t\t\t\t\t<span class=\"elementor-divider__text elementor-divider__element\">\n\t\t\t\t\u00e0 la une\t\t\t\t<\/span>\n\t\t\t\t\t\t<\/span>\n\t\t<\/div>\n\t\t\t\t\t\t<\/div>\n\t\t\t\t<\/div>\n\t\t\t\t<div class=\"elementor-element elementor-element-6049140 elementor-grid-eael-col-1 elementor-hidden-tablet elementor-hidden-mobile elementor-grid-tablet-eael-col-2 elementor-grid-mobile-eael-col-1 elementor-widget elementor-widget-eael-post-grid\" data-id=\"6049140\" data-element_type=\"widget\" data-settings=\"{&quot;eael_post_grid_columns&quot;:&quot;eael-col-1&quot;,&quot;eael_post_grid_columns_tablet&quot;:&quot;eael-col-2&quot;,&quot;eael_post_grid_columns_mobile&quot;:&quot;eael-col-1&quot;}\" data-widget_type=\"eael-post-grid.default\">\n\t\t\t\t<div class=\"elementor-widget-container\">\n\t\t\t\t\t<div id=\"eael-post-grid-6049140\" class=\"eael-post-grid-container\">\n            <div class=\"eael-post-grid eael-post-appender eael-post-appender-6049140 eael-post-grid-style-two\" data-layout-mode=\"masonry\"><article class=\"eael-grid-post eael-post-grid-column\" data-id=\"38563\">\n    <div class=\"eael-grid-post-holder\">\n        <div class=\"eael-grid-post-holder-inner\"><div class=\"eael-entry-media\"><div class=\"eael-entry-overlay none\"><i class=\"fas fa-long-arrow-alt-right\" aria-hidden=\"true\"><\/i><a href=\"https:\/\/www.public.sn\/index.php\/2026\/01\/04\/grand-bal-youssou-ndour-brille-avec-une-veste-dexception-estimee-a-25-millions\/\"><\/a><\/div><div class=\"eael-entry-thumbnail eael-image-ratio\">\n                            <img decoding=\"async\" width=\"800\" height=\"450\" src=\"https:\/\/www.public.sn\/wp-content\/uploads\/2026\/01\/thumb_1260x800_695a2fe2d4b3d_VDSKcHiF6A-800x450.jpg\" class=\"attachment-ocean-thumb-ml size-ocean-thumb-ml wp-image-38564\" alt=\"\" \/>\n                            <\/div>\n                    <\/div><div class=\"eael-entry-wrapper\"><header class=\"eael-entry-header\"><h1 class=\"eael-entry-title\"><a class=\"eael-grid-post-link\" href=\"https:\/\/www.public.sn\/index.php\/2026\/01\/04\/grand-bal-youssou-ndour-brille-avec-une-veste-dexception-estimee-a-25-millions\/\" title=\"Grand Bal : Youssou Ndour brille avec une veste d\u2019exception estim\u00e9e \u00e0 2,5 millions\">Grand Bal : Youssou Ndour brille avec une veste d\u2019exception estim\u00e9e \u00e0 2,5 millions<\/a><\/h1><\/header><div class=\"eael-entry-header-after style-two\"><div class=\"eael-entry-meta\"><span class=\"eael-meta-posted-on\"><i class=\"far fa-clock\"><\/i><time datetime=\"4 janvier 2026\">4 janvier 2026<\/time><\/span><\/div><\/div><\/div><\/div>\n    <\/div>\n<\/article><\/div>\n            <div class=\"clearfix\"><\/div>\n        <\/div>            <div class=\"eael-load-more-button-wrap eael-force-hide\">\n                <button class=\"eael-load-more-button\" id=\"eael-load-more-btn-6049140\" data-widget-id=\"6049140\" data-widget=\"6049140\" data-page-id=\"12853\" data-template=\"{&quot;dir&quot;:&quot;lite&quot;,&quot;file_name&quot;:&quot;two.php&quot;,&quot;name&quot;:&quot;Post-Grid&quot;}\" data-class=\"Essential_Addons_Elementor\\Elements\\Post_Grid\" data-layout=\"masonry\" data-page=\"1\" data-args=\"orderby=date&amp;order=desc&amp;ignore_sticky_posts=1&amp;post_status=publish&amp;posts_per_page=1&amp;offset=0&amp;post_type=post&amp;tax_query%5B0%5D%5Btaxonomy%5D=category&amp;tax_query%5B0%5D%5Bfield%5D=term_id&amp;tax_query%5B0%5D%5Bterms%5D%5B0%5D=372&amp;tax_query%5Brelation%5D=AND\" data-max-page=\"2230\">\n                    <span class=\"eael-btn-loader button__loader\"><\/span>\n                    <span class=\"eael_load_more_text\">Load More<\/span>\n                <\/button>\n            <\/div>\n            \t\t\t\t<\/div>\n\t\t\t\t<\/div>\n\t\t\t\t<div class=\"elementor-element elementor-element-430c5a8 elementor-grid-eael-col-1 elementor-hidden-desktop elementor-grid-tablet-eael-col-2 elementor-grid-mobile-eael-col-1 elementor-widget elementor-widget-eael-post-grid\" data-id=\"430c5a8\" data-element_type=\"widget\" data-settings=\"{&quot;eael_post_grid_columns&quot;:&quot;eael-col-1&quot;,&quot;eael_post_grid_columns_tablet&quot;:&quot;eael-col-2&quot;,&quot;eael_post_grid_columns_mobile&quot;:&quot;eael-col-1&quot;}\" data-widget_type=\"eael-post-grid.default\">\n\t\t\t\t<div class=\"elementor-widget-container\">\n\t\t\t\t\t<div id=\"eael-post-grid-430c5a8\" class=\"eael-post-grid-container\">\n            <div class=\"eael-post-grid eael-post-appender eael-post-appender-430c5a8 eael-post-grid-style-three\" data-layout-mode=\"grid\"><article class=\"eael-grid-post eael-post-grid-column\" data-id=\"38563\">\n        <div class=\"eael-grid-post-holder\">\n            <div class=\"eael-grid-post-holder-inner\"><div class=\"eael-entry-media\"><div class=\"eael-entry-overlay none\"><i class=\"fas fa-long-arrow-alt-right\" aria-hidden=\"true\"><\/i><a href=\"https:\/\/www.public.sn\/index.php\/2026\/01\/04\/grand-bal-youssou-ndour-brille-avec-une-veste-dexception-estimee-a-25-millions\/\"><\/a><\/div><div class=\"eael-entry-thumbnail eael-image-ratio\">\n                 <img decoding=\"async\" width=\"1200\" height=\"700\" src=\"https:\/\/www.public.sn\/wp-content\/uploads\/2026\/01\/thumb_1260x800_695a2fe2d4b3d_VDSKcHiF6A-1200x700.jpg\" class=\"attachment-ocean-thumb-l size-ocean-thumb-l wp-image-38564\" alt=\"\" \/>\n             <\/div>\n        <\/div><div class=\"eael-entry-wrapper\"><header class=\"eael-entry-header\"><h1 class=\"eael-entry-title\"><a class=\"eael-grid-post-link\" href=\"https:\/\/www.public.sn\/index.php\/2026\/01\/04\/grand-bal-youssou-ndour-brille-avec-une-veste-dexception-estimee-a-25-millions\/\" title=\"Grand Bal : Youssou Ndour brille avec une veste d\u2019exception estim\u00e9e \u00e0 2,5 millions\">Grand Bal : Youssou Ndour brille avec une veste d\u2019exception estim\u00e9e \u00e0 2,5 millions<\/a><\/h1><\/header><div class=\"eael-entry-meta\"><span class=\"eael-posted-by\"><a href=\"https:\/\/www.public.sn\/index.php\/author\/editeurpsn\/\" title=\"Articles par LA REDACTION\" rel=\"author\">LA REDACTION<\/a><\/span><span class=\"eael-posted-on\"><time datetime=\"4 janvier 2026\">4 janvier 2026<\/time><\/span><\/div><\/div><\/div>\n        <\/div>\n    <\/article><\/div>\n            <div class=\"clearfix\"><\/div>\n        <\/div>            <div class=\"eael-load-more-button-wrap eael-force-hide\">\n                <button class=\"eael-load-more-button\" id=\"eael-load-more-btn-430c5a8\" data-widget-id=\"430c5a8\" data-widget=\"430c5a8\" data-page-id=\"12853\" data-template=\"{&quot;dir&quot;:&quot;lite&quot;,&quot;file_name&quot;:&quot;three.php&quot;,&quot;name&quot;:&quot;Post-Grid&quot;}\" data-class=\"Essential_Addons_Elementor\\Elements\\Post_Grid\" data-layout=\"grid\" data-page=\"1\" data-args=\"orderby=date&amp;order=desc&amp;ignore_sticky_posts=1&amp;post_status=publish&amp;posts_per_page=1&amp;offset=0&amp;post_type=post&amp;tax_query%5B0%5D%5Btaxonomy%5D=category&amp;tax_query%5B0%5D%5Bfield%5D=term_id&amp;tax_query%5B0%5D%5Bterms%5D%5B0%5D=372&amp;tax_query%5Brelation%5D=AND\" data-max-page=\"2230\">\n                    <span class=\"eael-btn-loader button__loader\"><\/span>\n                    <span class=\"eael_load_more_text\">+ D&#039;ACTUS<\/span>\n                <\/button>\n            <\/div>\n            \t\t\t\t<\/div>\n\t\t\t\t<\/div>\n\t\t\t\t\t<\/div>\n\t\t<\/div>\n\t\t\t\t<div class=\"elementor-column elementor-col-25 elementor-top-column elementor-element elementor-element-c92c056\" data-id=\"c92c056\" data-element_type=\"column\">\n\t\t\t<div class=\"elementor-widget-wrap elementor-element-populated\">\n\t\t\t\t\t\t<div class=\"elementor-element elementor-element-2fddf3e elementor-widget-divider--view-line_text elementor-widget-divider--element-align-center elementor-widget elementor-widget-divider\" data-id=\"2fddf3e\" data-element_type=\"widget\" data-widget_type=\"divider.default\">\n\t\t\t\t<div class=\"elementor-widget-container\">\n\t\t\t\t\t\t\t<div class=\"elementor-divider\">\n\t\t\t<span class=\"elementor-divider-separator\">\n\t\t\t\t\t\t\t<span class=\"elementor-divider__text elementor-divider__element\">\n\t\t\t\tflash news\t\t\t\t<\/span>\n\t\t\t\t\t\t<\/span>\n\t\t<\/div>\n\t\t\t\t\t\t<\/div>\n\t\t\t\t<\/div>\n\t\t\t\t<div class=\"elementor-element elementor-element-1737321 elementor-widget elementor-widget-elementskit-post-list\" data-id=\"1737321\" data-element_type=\"widget\" data-widget_type=\"elementskit-post-list.default\">\n\t\t\t\t<div class=\"elementor-widget-container\">\n\t\t\t\t\t<div class=\"ekit-wid-con\" >\t\t<ul class=\"elementor-icon-list-items ekit-post-list-wrapper  elementor-inline-items\">\n\t\t\t\t\t\t<li class=\"elementor-icon-list-item col-lg-12  \">\n\t\t\t\t<a href=\"https:\/\/www.public.sn\/index.php\/2026\/04\/10\/pas-de-realite-du-pouvoir-qui-vaille-ousmane-sonko-maintient-le-cap-de-la-rupture\/\" >\n\t\t\t\t\t\t\t\t\t\t\t\t\t<span class=\"elementor-icon-list-icon\">\n\t\t\t\t\t\t\t\t\t<i aria-hidden=\"true\" class=\"fas fa-circle\"><\/i>\t\t\t\t\t\t\t\t<\/span>\n\t\t\t\t\t\t\t\t\t\t\t\t<div class=\"ekit_post_list_content_wraper\">\n\t\t\t\t\t\t\n\t\t\t\t\t\t<span class=\"elementor-icon-list-text\">\u00ab Pas de r\u00e9alit\u00e9 du pouvoir qui vaille \u00bb : Ousmane Sonko maintient le cap de la rupture<\/span>\n\n\t\t\t\t\t\t\t\t\t\t\t\t\t\t\t\t\t\t<div class=\"meta-lists\">\n\t\t\t\t\t\t\t\t\t\t\t\t\t\t<span class=\"meta-date\">\n\t\t\t\t\t\t\t\t<i aria-hidden=\"true\" class=\"icon icon-calendar-page-empty\"><\/i>\t\n\n\t\t\t\t\t\t\t\t10 Avr 2026\t\t\t\t\t\t\t<\/span>\n\t\t\t\t\t\t\t\n\t\t\t\t\t\t\t\t\t\t\t\t\t<\/div>\n\t\t\t\t\t\t\t\t\t\t\t<\/div>\n\t\t\t\t<\/a>\n\t\t\t<\/li>\n\t\t\t\t\t<li class=\"elementor-icon-list-item col-lg-12  \">\n\t\t\t\t<a href=\"https:\/\/www.public.sn\/index.php\/2026\/04\/10\/kaffrine-une-video-intime-partagee-avec-une-confidente-provoque-des-consequences-inattendues\/\" >\n\t\t\t\t\t\t\t\t\t\t\t\t\t<span class=\"elementor-icon-list-icon\">\n\t\t\t\t\t\t\t\t\t<i aria-hidden=\"true\" class=\"fas fa-circle\"><\/i>\t\t\t\t\t\t\t\t<\/span>\n\t\t\t\t\t\t\t\t\t\t\t\t<div class=\"ekit_post_list_content_wraper\">\n\t\t\t\t\t\t\n\t\t\t\t\t\t<span class=\"elementor-icon-list-text\">Kaffrine : une vid\u00e9o intime partag\u00e9e avec une confidente provoque des cons\u00e9quences inattendues<\/span>\n\n\t\t\t\t\t\t\t\t\t\t\t\t\t\t\t\t\t\t<div class=\"meta-lists\">\n\t\t\t\t\t\t\t\t\t\t\t\t\t\t<span class=\"meta-date\">\n\t\t\t\t\t\t\t\t<i aria-hidden=\"true\" class=\"icon icon-calendar-page-empty\"><\/i>\t\n\n\t\t\t\t\t\t\t\t10 Avr 2026\t\t\t\t\t\t\t<\/span>\n\t\t\t\t\t\t\t\n\t\t\t\t\t\t\t\t\t\t\t\t\t<\/div>\n\t\t\t\t\t\t\t\t\t\t\t<\/div>\n\t\t\t\t<\/a>\n\t\t\t<\/li>\n\t\t\t\t\t<li class=\"elementor-icon-list-item col-lg-12  \">\n\t\t\t\t<a href=\"https:\/\/www.public.sn\/index.php\/2026\/04\/09\/guerre-en-iran-le-fmi-alerte-45-millions-de-personnes-menacees-par-la-faim\/\" >\n\t\t\t\t\t\t\t\t\t\t\t\t\t<span class=\"elementor-icon-list-icon\">\n\t\t\t\t\t\t\t\t\t<i aria-hidden=\"true\" class=\"fas fa-circle\"><\/i>\t\t\t\t\t\t\t\t<\/span>\n\t\t\t\t\t\t\t\t\t\t\t\t<div class=\"ekit_post_list_content_wraper\">\n\t\t\t\t\t\t\n\t\t\t\t\t\t<span class=\"elementor-icon-list-text\">Guerre en Iran : le FMI alerte, 45 millions de personnes menac\u00e9es par la faim<\/span>\n\n\t\t\t\t\t\t\t\t\t\t\t\t\t\t\t\t\t\t<div class=\"meta-lists\">\n\t\t\t\t\t\t\t\t\t\t\t\t\t\t<span class=\"meta-date\">\n\t\t\t\t\t\t\t\t<i aria-hidden=\"true\" class=\"icon icon-calendar-page-empty\"><\/i>\t\n\n\t\t\t\t\t\t\t\t09 Avr 2026\t\t\t\t\t\t\t<\/span>\n\t\t\t\t\t\t\t\n\t\t\t\t\t\t\t\t\t\t\t\t\t<\/div>\n\t\t\t\t\t\t\t\t\t\t\t<\/div>\n\t\t\t\t<\/a>\n\t\t\t<\/li>\n\t\t\t\t\t<li class=\"elementor-icon-list-item col-lg-12  \">\n\t\t\t\t<a href=\"https:\/\/www.public.sn\/index.php\/2026\/04\/09\/sangalkam-deux-hommes-surpris-une-affaire-explosive-eclate\/\" >\n\t\t\t\t\t\t\t\t\t\t\t\t\t<span class=\"elementor-icon-list-icon\">\n\t\t\t\t\t\t\t\t\t<i aria-hidden=\"true\" class=\"fas fa-circle\"><\/i>\t\t\t\t\t\t\t\t<\/span>\n\t\t\t\t\t\t\t\t\t\t\t\t<div class=\"ekit_post_list_content_wraper\">\n\t\t\t\t\t\t\n\t\t\t\t\t\t<span class=\"elementor-icon-list-text\">Sangalkam : deux hommes surpris, une affaire explosive \u00e9clate<\/span>\n\n\t\t\t\t\t\t\t\t\t\t\t\t\t\t\t\t\t\t<div class=\"meta-lists\">\n\t\t\t\t\t\t\t\t\t\t\t\t\t\t<span class=\"meta-date\">\n\t\t\t\t\t\t\t\t<i aria-hidden=\"true\" class=\"icon icon-calendar-page-empty\"><\/i>\t\n\n\t\t\t\t\t\t\t\t09 Avr 2026\t\t\t\t\t\t\t<\/span>\n\t\t\t\t\t\t\t\n\t\t\t\t\t\t\t\t\t\t\t\t\t<\/div>\n\t\t\t\t\t\t\t\t\t\t\t<\/div>\n\t\t\t\t<\/a>\n\t\t\t<\/li>\n\t\t\t\t\t<li class=\"elementor-icon-list-item col-lg-12  \">\n\t\t\t\t<a href=\"https:\/\/www.public.sn\/index.php\/2026\/04\/09\/eumeu-sene-a-paris-les-raisons-de-son-depart-qui-font-parler\/\" >\n\t\t\t\t\t\t\t\t\t\t\t\t\t<span class=\"elementor-icon-list-icon\">\n\t\t\t\t\t\t\t\t\t<i aria-hidden=\"true\" class=\"fas fa-circle\"><\/i>\t\t\t\t\t\t\t\t<\/span>\n\t\t\t\t\t\t\t\t\t\t\t\t<div class=\"ekit_post_list_content_wraper\">\n\t\t\t\t\t\t\n\t\t\t\t\t\t<span class=\"elementor-icon-list-text\">Eumeu S\u00e8ne\u00a0\u00e0 Paris : les raisons de son d\u00e9part qui font parler<\/span>\n\n\t\t\t\t\t\t\t\t\t\t\t\t\t\t\t\t\t\t<div class=\"meta-lists\">\n\t\t\t\t\t\t\t\t\t\t\t\t\t\t<span class=\"meta-date\">\n\t\t\t\t\t\t\t\t<i aria-hidden=\"true\" class=\"icon icon-calendar-page-empty\"><\/i>\t\n\n\t\t\t\t\t\t\t\t09 Avr 2026\t\t\t\t\t\t\t<\/span>\n\t\t\t\t\t\t\t\n\t\t\t\t\t\t\t\t\t\t\t\t\t<\/div>\n\t\t\t\t\t\t\t\t\t\t\t<\/div>\n\t\t\t\t<\/a>\n\t\t\t<\/li>\n\t\t\t\t\t<li class=\"elementor-icon-list-item col-lg-12  \">\n\t\t\t\t<a href=\"https:\/\/www.public.sn\/index.php\/2026\/04\/09\/proxenetisme-50-000-fcfa-par-jour-les-revelations-troublantes-de-trois-femmes-jugees\/\" >\n\t\t\t\t\t\t\t\t\t\t\t\t\t<span class=\"elementor-icon-list-icon\">\n\t\t\t\t\t\t\t\t\t<i aria-hidden=\"true\" class=\"fas fa-circle\"><\/i>\t\t\t\t\t\t\t\t<\/span>\n\t\t\t\t\t\t\t\t\t\t\t\t<div class=\"ekit_post_list_content_wraper\">\n\t\t\t\t\t\t\n\t\t\t\t\t\t<span class=\"elementor-icon-list-text\">Prox\u00e9n\u00e9tisme : \u201c50 000 FCFA par jour\u201d, les r\u00e9v\u00e9lations troublantes de trois femmes jug\u00e9es<\/span>\n\n\t\t\t\t\t\t\t\t\t\t\t\t\t\t\t\t\t\t<div class=\"meta-lists\">\n\t\t\t\t\t\t\t\t\t\t\t\t\t\t<span class=\"meta-date\">\n\t\t\t\t\t\t\t\t<i aria-hidden=\"true\" class=\"icon icon-calendar-page-empty\"><\/i>\t\n\n\t\t\t\t\t\t\t\t09 Avr 2026\t\t\t\t\t\t\t<\/span>\n\t\t\t\t\t\t\t\n\t\t\t\t\t\t\t\t\t\t\t\t\t<\/div>\n\t\t\t\t\t\t\t\t\t\t\t<\/div>\n\t\t\t\t<\/a>\n\t\t\t<\/li>\n\t\t\t\t<\/ul>\n\t\t<\/div>\t\t\t\t<\/div>\n\t\t\t\t<\/div>\n\t\t\t\t\t<\/div>\n\t\t<\/div>\n\t\t\t\t\t<\/div>\n\t\t<\/section>\n\t\t\t\t<section class=\"elementor-section elementor-top-section elementor-element elementor-element-f178aa1 elementor-section-full_width elementor-section-height-default elementor-section-height-default wpr-particle-no wpr-jarallax-no wpr-parallax-no wpr-sticky-section-no\" data-id=\"f178aa1\" data-element_type=\"section\">\n\t\t\t\t\t\t<div class=\"elementor-container elementor-column-gap-default\">\n\t\t\t\t\t<div class=\"elementor-column elementor-col-25 elementor-top-column elementor-element elementor-element-f33941f\" data-id=\"f33941f\" data-element_type=\"column\">\n\t\t\t<div class=\"elementor-widget-wrap elementor-element-populated\">\n\t\t\t\t\t\t<div class=\"elementor-element elementor-element-d6c2f32 elementor-widget-divider--view-line_text elementor-hidden-tablet elementor-hidden-mobile elementor-widget-divider--element-align-center elementor-widget elementor-widget-divider\" data-id=\"d6c2f32\" data-element_type=\"widget\" data-widget_type=\"divider.default\">\n\t\t\t\t<div class=\"elementor-widget-container\">\n\t\t\t\t\t\t\t<div class=\"elementor-divider\">\n\t\t\t<span class=\"elementor-divider-separator\">\n\t\t\t\t\t\t\t<span class=\"elementor-divider__text elementor-divider__element\">\n\t\t\t\tSPORTS\t\t\t\t<\/span>\n\t\t\t\t\t\t<\/span>\n\t\t<\/div>\n\t\t\t\t\t\t<\/div>\n\t\t\t\t<\/div>\n\t\t\t\t<div class=\"elementor-element elementor-element-327da1f anwp-grid_card_bg_effect-darken_only elementor-widget__width-inherit elementor-hidden-tablet elementor-hidden-mobile anwp-pg-widget-header-style--b anwp-pg-post-teaser__post-icon--size-16 anwp-pg-post-teaser__post-icon--position-center elementor-widget elementor-widget-anwp-pg-light-grid\" data-id=\"327da1f\" data-element_type=\"widget\" data-widget_type=\"anwp-pg-light-grid.default\">\n\t\t\t\t<div class=\"elementor-widget-container\">\n\t\t\t\t\t<div class=\"anwp-pg-wrap\">\n\n\t\n\t<div class=\"d-flex anwp-row flex-wrap anwp-pg-light-grid anwp-pg-posts-wrapper\">\n\t\t<div class=\"anwp-pg-post-teaser anwp-pg-post-teaser--layout-f anwp-col-lg-12 anwp-col-sm-6 anwp-col-12 anwp-pg-post-teaser--has-comments-meta d-flex position-relative\">\n\t<div class=\"anwp-pg-post-teaser__thumbnail position-relative\">\n\n\t\t\n\t\t\t\t\t<img loading=\"lazy\" class=\"anwp-pg-post-teaser__thumbnail-img d-block anwp-object-cover m-0 w-100\"\n\t\t\t\talt=\"Eumeu S\u00e8ne\u00a0\u00e0 Paris : les raisons de son d\u00e9part qui font parler\"\n\t\t\t\tsrc=\"https:\/\/www.public.sn\/wp-content\/uploads\/2026\/04\/Capture-decran-2026-04-09-a-11.41.40-300x170.png\"\/>\n\t\t\n\t\t<div class=\"anwp-pg-post-teaser__thumbnail-bg anwp-position-cover\"><\/div>\n\t<\/div>\n\n\t<div class=\"anwp-pg-post-teaser__content flex-grow-1 d-flex flex-column pt-1\">\n\t\t\n\t\t<div class=\"anwp-pg-post-teaser__title anwp-font-heading my-auto\">\n\t\t\tEumeu S\u00e8ne\u00a0\u00e0 Paris : les raisons de son d\u00e9part qui font parler\t\t<\/div>\n\n\t\t<div class=\"anwp-pg-post-teaser__bottom-meta mt-1 d-flex flex-wrap\">\n\n\t\t\t\t\t\t\t<div class=\"anwp-pg-post-teaser__bottom-meta-item d-flex align-items-center mr-3\">\n\t\t\t\t\t<svg class=\"anwp-pg-icon anwp-pg-icon--s16 mr-1\">\n\t\t\t\t\t\t<use xlink:href=\"#icon-anwp-pg-calendar\"><\/use>\n\t\t\t\t\t<\/svg>\n\t\t\t\t\t<span class=\"posted-on m-0\"><span class=\"screen-reader-text\">Posted on<\/span><time class=\"anwp-pg-published\" datetime=\"2026-04-09T11:47:49+00:00\">9 avril 2026<\/time><time class=\"anwp-pg-updated\" datetime=\"2026-04-09T11:47:49+00:00\">9 avril 2026<\/time><\/span>\n\t\t\t\t<\/div>\n\t\t\t\t\t\t\t\t\t<div class=\"anwp-pg-post-teaser__bottom-meta-item d-flex align-items-center mr-3\">\n\t\t\t\t\t\t<svg class=\"anwp-pg-icon anwp-pg-icon--s16 mr-1\">\n\t\t\t\t\t\t\t<use xlink:href=\"#icon-anwp-pg-comment-discussion\"><\/use>\n\t\t\t\t\t\t<\/svg>\n\t\t\t\t\t\t0\t\t\t\t\t<\/div>\n\t\t\t\t\t\t\t<\/div>\n\n\t<\/div>\n\n\t<a class=\"anwp-position-cover anwp-link-without-effects\" href=\"https:\/\/www.public.sn\/index.php\/2026\/04\/09\/eumeu-sene-a-paris-les-raisons-de-son-depart-qui-font-parler\/\" aria-hidden=\"true\" ><\/a>\n<\/div>\n\t<\/div>\n\t\n\t<\/div>\n\t\t\t\t<\/div>\n\t\t\t\t<\/div>\n\t\t\t\t<div class=\"elementor-element elementor-element-1b42eeb anwp-grid_card_bg_effect-darken_only elementor-widget__width-inherit elementor-hidden-tablet elementor-hidden-mobile anwp-pg-widget-header-style--b anwp-pg-post-teaser__post-icon--size-16 anwp-pg-post-teaser__post-icon--position-center elementor-widget elementor-widget-anwp-pg-light-grid\" data-id=\"1b42eeb\" data-element_type=\"widget\" data-widget_type=\"anwp-pg-light-grid.default\">\n\t\t\t\t<div class=\"elementor-widget-container\">\n\t\t\t\t\t<div class=\"anwp-pg-wrap\">\n\n\t\n\t<div class=\"d-flex anwp-row flex-wrap anwp-pg-light-grid anwp-pg-posts-wrapper\">\n\t\t<div class=\"anwp-pg-post-teaser anwp-pg-post-teaser--layout-f anwp-col-lg-12 anwp-col-sm-6 anwp-col-12 anwp-pg-post-teaser--has-comments-meta d-flex position-relative\">\n\t<div class=\"anwp-pg-post-teaser__thumbnail position-relative\">\n\n\t\t\n\t\t\t\t\t<img loading=\"lazy\" class=\"anwp-pg-post-teaser__thumbnail-img d-block anwp-object-cover m-0 w-100\"\n\t\t\t\talt=\"Le Coran sur le nguimb de Doudou San\u00e9 : la FSL sort le b\u00e2ton, le lutteur dans la tourmente\"\n\t\t\t\tsrc=\"https:\/\/www.public.sn\/wp-content\/uploads\/2026\/04\/Capture-decran-2026-04-08-a-15.22.43-300x153.png\"\/>\n\t\t\n\t\t<div class=\"anwp-pg-post-teaser__thumbnail-bg anwp-position-cover\"><\/div>\n\t<\/div>\n\n\t<div class=\"anwp-pg-post-teaser__content flex-grow-1 d-flex flex-column pt-1\">\n\t\t\n\t\t<div class=\"anwp-pg-post-teaser__title anwp-font-heading my-auto\">\n\t\t\tLe Coran sur le nguimb de Doudou San\u00e9 : la FSL sort le b\u00e2ton, le lutteur dans la tourmente\t\t<\/div>\n\n\t\t<div class=\"anwp-pg-post-teaser__bottom-meta mt-1 d-flex flex-wrap\">\n\n\t\t\t\t\t\t\t<div class=\"anwp-pg-post-teaser__bottom-meta-item d-flex align-items-center mr-3\">\n\t\t\t\t\t<svg class=\"anwp-pg-icon anwp-pg-icon--s16 mr-1\">\n\t\t\t\t\t\t<use xlink:href=\"#icon-anwp-pg-calendar\"><\/use>\n\t\t\t\t\t<\/svg>\n\t\t\t\t\t<span class=\"posted-on m-0\"><span class=\"screen-reader-text\">Posted on<\/span><time class=\"anwp-pg-published\" datetime=\"2026-04-08T15:26:54+00:00\">8 avril 2026<\/time><time class=\"anwp-pg-updated\" datetime=\"2026-04-08T15:27:00+00:00\">8 avril 2026<\/time><\/span>\n\t\t\t\t<\/div>\n\t\t\t\t\t\t\t\t\t<div class=\"anwp-pg-post-teaser__bottom-meta-item d-flex align-items-center mr-3\">\n\t\t\t\t\t\t<svg class=\"anwp-pg-icon anwp-pg-icon--s16 mr-1\">\n\t\t\t\t\t\t\t<use xlink:href=\"#icon-anwp-pg-comment-discussion\"><\/use>\n\t\t\t\t\t\t<\/svg>\n\t\t\t\t\t\t0\t\t\t\t\t<\/div>\n\t\t\t\t\t\t\t<\/div>\n\n\t<\/div>\n\n\t<a class=\"anwp-position-cover anwp-link-without-effects\" href=\"https:\/\/www.public.sn\/index.php\/2026\/04\/08\/le-coran-sur-le-nguimb-de-doudou-sane-la-fsl-sort-le-baton-le-lutteur-dans-la-tourmente\/\" aria-hidden=\"true\" ><\/a>\n<\/div>\n\t<\/div>\n\t\n\t<\/div>\n\t\t\t\t<\/div>\n\t\t\t\t<\/div>\n\t\t\t\t<div class=\"elementor-element elementor-element-4227b8f anwp-grid_card_bg_effect-darken_only elementor-widget__width-inherit elementor-hidden-tablet elementor-hidden-mobile anwp-pg-widget-header-style--b anwp-pg-post-teaser__post-icon--size-16 anwp-pg-post-teaser__post-icon--position-center elementor-widget elementor-widget-anwp-pg-light-grid\" data-id=\"4227b8f\" data-element_type=\"widget\" data-widget_type=\"anwp-pg-light-grid.default\">\n\t\t\t\t<div class=\"elementor-widget-container\">\n\t\t\t\t\t<div class=\"anwp-pg-wrap\">\n\n\t\n\t<div class=\"d-flex anwp-row flex-wrap anwp-pg-light-grid anwp-pg-posts-wrapper\">\n\t\t<div class=\"anwp-pg-post-teaser anwp-pg-post-teaser--layout-f anwp-col-lg-12 anwp-col-sm-6 anwp-col-12 anwp-pg-post-teaser--has-comments-meta d-flex position-relative\">\n\t<div class=\"anwp-pg-post-teaser__thumbnail position-relative\">\n\n\t\t\n\t\t\t\t\t<img loading=\"lazy\" class=\"anwp-pg-post-teaser__thumbnail-img d-block anwp-object-cover m-0 w-100\"\n\t\t\t\talt=\"Libye : Aliou Ciss\u00e9 quitte la t\u00eate de la s\u00e9lection nationale\"\n\t\t\t\tsrc=\"https:\/\/www.public.sn\/wp-content\/uploads\/2026\/04\/Capture-decran-2026-04-08-a-15.13.58-300x167.png\"\/>\n\t\t\n\t\t<div class=\"anwp-pg-post-teaser__thumbnail-bg anwp-position-cover\"><\/div>\n\t<\/div>\n\n\t<div class=\"anwp-pg-post-teaser__content flex-grow-1 d-flex flex-column pt-1\">\n\t\t\n\t\t<div class=\"anwp-pg-post-teaser__title anwp-font-heading my-auto\">\n\t\t\tLibye : Aliou Ciss\u00e9 quitte la t\u00eate de la s\u00e9lection nationale\t\t<\/div>\n\n\t\t<div class=\"anwp-pg-post-teaser__bottom-meta mt-1 d-flex flex-wrap\">\n\n\t\t\t\t\t\t\t<div class=\"anwp-pg-post-teaser__bottom-meta-item d-flex align-items-center mr-3\">\n\t\t\t\t\t<svg class=\"anwp-pg-icon anwp-pg-icon--s16 mr-1\">\n\t\t\t\t\t\t<use xlink:href=\"#icon-anwp-pg-calendar\"><\/use>\n\t\t\t\t\t<\/svg>\n\t\t\t\t\t<span class=\"posted-on m-0\"><span class=\"screen-reader-text\">Posted on<\/span><time class=\"anwp-pg-published\" datetime=\"2026-04-08T15:17:08+00:00\">8 avril 2026<\/time><time class=\"anwp-pg-updated\" datetime=\"2026-04-08T15:17:15+00:00\">8 avril 2026<\/time><\/span>\n\t\t\t\t<\/div>\n\t\t\t\t\t\t\t\t\t<div class=\"anwp-pg-post-teaser__bottom-meta-item d-flex align-items-center mr-3\">\n\t\t\t\t\t\t<svg class=\"anwp-pg-icon anwp-pg-icon--s16 mr-1\">\n\t\t\t\t\t\t\t<use xlink:href=\"#icon-anwp-pg-comment-discussion\"><\/use>\n\t\t\t\t\t\t<\/svg>\n\t\t\t\t\t\t0\t\t\t\t\t<\/div>\n\t\t\t\t\t\t\t<\/div>\n\n\t<\/div>\n\n\t<a class=\"anwp-position-cover anwp-link-without-effects\" href=\"https:\/\/www.public.sn\/index.php\/2026\/04\/08\/libye-aliou-cisse-quitte-la-tete-de-la-selection-nationale\/\" aria-hidden=\"true\" ><\/a>\n<\/div>\n\t<\/div>\n\t\n\t<\/div>\n\t\t\t\t<\/div>\n\t\t\t\t<\/div>\n\t\t\t\t<div class=\"elementor-element elementor-element-705df8c anwp-grid_card_bg_effect-darken_only elementor-widget__width-inherit elementor-hidden-tablet elementor-hidden-mobile anwp-pg-widget-header-style--b anwp-pg-post-teaser__post-icon--size-16 anwp-pg-post-teaser__post-icon--position-center elementor-widget elementor-widget-anwp-pg-light-grid\" data-id=\"705df8c\" data-element_type=\"widget\" data-widget_type=\"anwp-pg-light-grid.default\">\n\t\t\t\t<div class=\"elementor-widget-container\">\n\t\t\t\t\t<div class=\"anwp-pg-wrap\">\n\n\t\n\t<div class=\"d-flex anwp-row flex-wrap anwp-pg-light-grid anwp-pg-posts-wrapper\">\n\t\t<div class=\"anwp-pg-post-teaser anwp-pg-post-teaser--layout-f anwp-col-lg-12 anwp-col-sm-6 anwp-col-12 anwp-pg-post-teaser--has-comments-meta d-flex position-relative\">\n\t<div class=\"anwp-pg-post-teaser__thumbnail position-relative\">\n\n\t\t\n\t\t\t\t\t<img loading=\"lazy\" class=\"anwp-pg-post-teaser__thumbnail-img d-block anwp-object-cover m-0 w-100\"\n\t\t\t\talt=\"CAN U17 Maroc 2026 : le tirage au sort pr\u00e9vu ce mercredi au Caire\"\n\t\t\t\tsrc=\"https:\/\/www.public.sn\/wp-content\/uploads\/2026\/04\/Capture-decran-2026-04-08-a-12.08.23-300x168.png\"\/>\n\t\t\n\t\t<div class=\"anwp-pg-post-teaser__thumbnail-bg anwp-position-cover\"><\/div>\n\t<\/div>\n\n\t<div class=\"anwp-pg-post-teaser__content flex-grow-1 d-flex flex-column pt-1\">\n\t\t\n\t\t<div class=\"anwp-pg-post-teaser__title anwp-font-heading my-auto\">\n\t\t\tCAN U17 Maroc 2026 : le tirage au sort pr\u00e9vu ce mercredi au Caire\t\t<\/div>\n\n\t\t<div class=\"anwp-pg-post-teaser__bottom-meta mt-1 d-flex flex-wrap\">\n\n\t\t\t\t\t\t\t<div class=\"anwp-pg-post-teaser__bottom-meta-item d-flex align-items-center mr-3\">\n\t\t\t\t\t<svg class=\"anwp-pg-icon anwp-pg-icon--s16 mr-1\">\n\t\t\t\t\t\t<use xlink:href=\"#icon-anwp-pg-calendar\"><\/use>\n\t\t\t\t\t<\/svg>\n\t\t\t\t\t<span class=\"posted-on m-0\"><span class=\"screen-reader-text\">Posted on<\/span><time class=\"anwp-pg-published\" datetime=\"2026-04-08T12:13:34+00:00\">8 avril 2026<\/time><time class=\"anwp-pg-updated\" datetime=\"2026-04-08T12:13:39+00:00\">8 avril 2026<\/time><\/span>\n\t\t\t\t<\/div>\n\t\t\t\t\t\t\t\t\t<div class=\"anwp-pg-post-teaser__bottom-meta-item d-flex align-items-center mr-3\">\n\t\t\t\t\t\t<svg class=\"anwp-pg-icon anwp-pg-icon--s16 mr-1\">\n\t\t\t\t\t\t\t<use xlink:href=\"#icon-anwp-pg-comment-discussion\"><\/use>\n\t\t\t\t\t\t<\/svg>\n\t\t\t\t\t\t0\t\t\t\t\t<\/div>\n\t\t\t\t\t\t\t<\/div>\n\n\t<\/div>\n\n\t<a class=\"anwp-position-cover anwp-link-without-effects\" href=\"https:\/\/www.public.sn\/index.php\/2026\/04\/08\/can-u17-maroc-2026-le-tirage-au-sort-prevu-ce-mercredi-au-caire\/\" aria-hidden=\"true\" ><\/a>\n<\/div>\n\t<\/div>\n\t\n\t<\/div>\n\t\t\t\t<\/div>\n\t\t\t\t<\/div>\n\t\t\t\t<div class=\"elementor-element elementor-element-e065f08 anwp-grid_card_bg_effect-darken_only elementor-widget__width-inherit elementor-hidden-tablet elementor-hidden-mobile anwp-pg-widget-header-style--b anwp-pg-post-teaser__post-icon--size-16 anwp-pg-post-teaser__post-icon--position-center elementor-widget elementor-widget-anwp-pg-light-grid\" data-id=\"e065f08\" data-element_type=\"widget\" data-widget_type=\"anwp-pg-light-grid.default\">\n\t\t\t\t<div class=\"elementor-widget-container\">\n\t\t\t\t\t<div class=\"anwp-pg-wrap\">\n\n\t\n\t<div class=\"d-flex anwp-row flex-wrap anwp-pg-light-grid anwp-pg-posts-wrapper\">\n\t\t<div class=\"anwp-pg-post-teaser anwp-pg-post-teaser--layout-f anwp-col-lg-12 anwp-col-sm-6 anwp-col-12 anwp-pg-post-teaser--has-comments-meta d-flex position-relative\">\n\t<div class=\"anwp-pg-post-teaser__thumbnail position-relative\">\n\n\t\t\n\t\t\t\t\t<img loading=\"lazy\" class=\"anwp-pg-post-teaser__thumbnail-img d-block anwp-object-cover m-0 w-100\"\n\t\t\t\talt=\"Balla Gaye 2\u00a0l\u00e2che une bombe sur\u00a0Sa Thi\u00e8s\u00a0: l\u2019ar\u00e8ne sous le choc\"\n\t\t\t\tsrc=\"https:\/\/www.public.sn\/wp-content\/uploads\/2026\/04\/Capture-decran-2026-04-06-a-10.53.22-300x168.png\"\/>\n\t\t\n\t\t<div class=\"anwp-pg-post-teaser__thumbnail-bg anwp-position-cover\"><\/div>\n\t<\/div>\n\n\t<div class=\"anwp-pg-post-teaser__content flex-grow-1 d-flex flex-column pt-1\">\n\t\t\n\t\t<div class=\"anwp-pg-post-teaser__title anwp-font-heading my-auto\">\n\t\t\tBalla Gaye 2\u00a0l\u00e2che une bombe sur\u00a0Sa Thi\u00e8s\u00a0: l\u2019ar\u00e8ne sous le choc\t\t<\/div>\n\n\t\t<div class=\"anwp-pg-post-teaser__bottom-meta mt-1 d-flex flex-wrap\">\n\n\t\t\t\t\t\t\t<div class=\"anwp-pg-post-teaser__bottom-meta-item d-flex align-items-center mr-3\">\n\t\t\t\t\t<svg class=\"anwp-pg-icon anwp-pg-icon--s16 mr-1\">\n\t\t\t\t\t\t<use xlink:href=\"#icon-anwp-pg-calendar\"><\/use>\n\t\t\t\t\t<\/svg>\n\t\t\t\t\t<span class=\"posted-on m-0\"><span class=\"screen-reader-text\">Posted on<\/span><time class=\"anwp-pg-published\" datetime=\"2026-04-06T10:56:06+00:00\">6 avril 2026<\/time><time class=\"anwp-pg-updated\" datetime=\"2026-04-06T10:56:21+00:00\">6 avril 2026<\/time><\/span>\n\t\t\t\t<\/div>\n\t\t\t\t\t\t\t\t\t<div class=\"anwp-pg-post-teaser__bottom-meta-item d-flex align-items-center mr-3\">\n\t\t\t\t\t\t<svg class=\"anwp-pg-icon anwp-pg-icon--s16 mr-1\">\n\t\t\t\t\t\t\t<use xlink:href=\"#icon-anwp-pg-comment-discussion\"><\/use>\n\t\t\t\t\t\t<\/svg>\n\t\t\t\t\t\t0\t\t\t\t\t<\/div>\n\t\t\t\t\t\t\t<\/div>\n\n\t<\/div>\n\n\t<a class=\"anwp-position-cover anwp-link-without-effects\" href=\"https:\/\/www.public.sn\/index.php\/2026\/04\/06\/balla-gaye-2-lache-une-bombe-sur-sa-thies-larene-sous-le-choc\/\" aria-hidden=\"true\" ><\/a>\n<\/div>\n\t<\/div>\n\t\n\t<\/div>\n\t\t\t\t<\/div>\n\t\t\t\t<\/div>\n\t\t\t\t<div class=\"elementor-element elementor-element-ee2f349 anwp-grid_card_bg_effect-darken_only elementor-widget__width-inherit elementor-hidden-tablet elementor-hidden-mobile anwp-pg-widget-header-style--b anwp-pg-post-teaser__post-icon--size-16 anwp-pg-post-teaser__post-icon--position-center elementor-widget elementor-widget-anwp-pg-light-grid\" data-id=\"ee2f349\" data-element_type=\"widget\" data-widget_type=\"anwp-pg-light-grid.default\">\n\t\t\t\t<div class=\"elementor-widget-container\">\n\t\t\t\t\t<div class=\"anwp-pg-wrap\">\n\n\t\n\t<div class=\"d-flex anwp-row flex-wrap anwp-pg-light-grid anwp-pg-posts-wrapper\">\n\t\t<div class=\"anwp-pg-post-teaser anwp-pg-post-teaser--layout-f anwp-col-lg-12 anwp-col-sm-6 anwp-col-12 anwp-pg-post-teaser--has-comments-meta d-flex position-relative\">\n\t<div class=\"anwp-pg-post-teaser__thumbnail position-relative\">\n\n\t\t\n\t\t\t\t\t<img loading=\"lazy\" class=\"anwp-pg-post-teaser__thumbnail-img d-block anwp-object-cover m-0 w-100\"\n\t\t\t\talt=\"Modou L\u00f4\u00a0vs\u00a0Sa Thi\u00e8s\u00a0: qui r\u00e9gnera sur l\u2019ar\u00e8ne ?\"\n\t\t\t\tsrc=\"https:\/\/www.public.sn\/wp-content\/uploads\/2026\/04\/Capture-decran-2026-04-05-a-13.29.03-300x169.png\"\/>\n\t\t\n\t\t<div class=\"anwp-pg-post-teaser__thumbnail-bg anwp-position-cover\"><\/div>\n\t<\/div>\n\n\t<div class=\"anwp-pg-post-teaser__content flex-grow-1 d-flex flex-column pt-1\">\n\t\t\n\t\t<div class=\"anwp-pg-post-teaser__title anwp-font-heading my-auto\">\n\t\t\tModou L\u00f4\u00a0vs\u00a0Sa Thi\u00e8s\u00a0: qui r\u00e9gnera sur l\u2019ar\u00e8ne ?\t\t<\/div>\n\n\t\t<div class=\"anwp-pg-post-teaser__bottom-meta mt-1 d-flex flex-wrap\">\n\n\t\t\t\t\t\t\t<div class=\"anwp-pg-post-teaser__bottom-meta-item d-flex align-items-center mr-3\">\n\t\t\t\t\t<svg class=\"anwp-pg-icon anwp-pg-icon--s16 mr-1\">\n\t\t\t\t\t\t<use xlink:href=\"#icon-anwp-pg-calendar\"><\/use>\n\t\t\t\t\t<\/svg>\n\t\t\t\t\t<span class=\"posted-on m-0\"><span class=\"screen-reader-text\">Posted on<\/span><time class=\"anwp-pg-published\" datetime=\"2026-04-05T13:31:40+00:00\">5 avril 2026<\/time><time class=\"anwp-pg-updated\" datetime=\"2026-04-05T13:32:03+00:00\">5 avril 2026<\/time><\/span>\n\t\t\t\t<\/div>\n\t\t\t\t\t\t\t\t\t<div class=\"anwp-pg-post-teaser__bottom-meta-item d-flex align-items-center mr-3\">\n\t\t\t\t\t\t<svg class=\"anwp-pg-icon anwp-pg-icon--s16 mr-1\">\n\t\t\t\t\t\t\t<use xlink:href=\"#icon-anwp-pg-comment-discussion\"><\/use>\n\t\t\t\t\t\t<\/svg>\n\t\t\t\t\t\t0\t\t\t\t\t<\/div>\n\t\t\t\t\t\t\t<\/div>\n\n\t<\/div>\n\n\t<a class=\"anwp-position-cover anwp-link-without-effects\" href=\"https:\/\/www.public.sn\/index.php\/2026\/04\/05\/modou-lo-vs-sa-thies-qui-regnera-sur-larene\/\" aria-hidden=\"true\" ><\/a>\n<\/div>\n\t<\/div>\n\t\t\t<div class=\"w-100 anwp-pg-load-more\">\n\t\t\t<button class=\"button anwp-btn-outline-secondary anwp-pg-load-more__btn mx-auto d-block my-3 \" type=\"button\"\n\t\t\t\tdata-anwp-loaded-qty=\"6\"\n\t\t\t\tdata-anwp-posts-per-load=\"3\"\n\t\t\t\tdata-anwp-load-more=\"{&quot;posts_to_show&quot;:&quot;latest&quot;,&quot;include_ids&quot;:&quot;&quot;,&quot;exclude_ids&quot;:&quot;&quot;,&quot;exclude_by_category&quot;:&quot;&quot;,&quot;filter_by_category&quot;:&quot;7,3974&quot;,&quot;filter_by_tag&quot;:&quot;&quot;,&quot;filter_by_post_format&quot;:&quot;all&quot;,&quot;filter_by_author&quot;:&quot;&quot;,&quot;published_in_last_days&quot;:0,&quot;limit&quot;:1,&quot;offset&quot;:5,&quot;grid_cols&quot;:1,&quot;grid_cols_tablet&quot;:2,&quot;grid_cols_mobile&quot;:1,&quot;grid_thumbnail_size&quot;:&quot;large&quot;,&quot;show_category&quot;:&quot;&quot;,&quot;category_limit&quot;:&quot;&quot;,&quot;show_date&quot;:&quot;yes&quot;,&quot;show_author&quot;:&quot;yes&quot;,&quot;show_comments&quot;:&quot;yes&quot;,&quot;card_height&quot;:&quot;180&quot;,&quot;show_excerpt&quot;:&quot;yes&quot;,&quot;excerpt_num_words&quot;:&quot;&quot;,&quot;excerpt_source&quot;:&quot;&quot;,&quot;excerpt_html&quot;:&quot;&quot;,&quot;layout&quot;:&quot;f&quot;,&quot;show_read_more&quot;:&quot;&quot;,&quot;read_more_label&quot;:&quot;&quot;,&quot;read_more_class&quot;:&quot;&quot;,&quot;post_image_width&quot;:&quot;1_3&quot;,&quot;show_post_icon&quot;:&quot;yes&quot;,&quot;query_source&quot;:&quot;posts&quot;,&quot;related_posts&quot;:&quot;&quot;,&quot;related_posts_order&quot;:&quot;&quot;,&quot;card_height_mobile&quot;:&quot;&quot;,&quot;card_height_tablet&quot;:&quot;&quot;,&quot;filter_by_c_tax&quot;:&quot;&quot;,&quot;labels_by_c_tax&quot;:&quot;&quot;}\">\n\t\t\t\t<span class=\"anwp-pg-load-more__label\">+ DE SPORTS<\/span>\n\t\t\t\t<span class=\"anwp-pg-wave d-flex align-items-center\">\n\t\t\t\t\t<span class=\"anwp-pg-rect anwp-pg-rect1\"><\/span>\n\t\t\t\t\t<span class=\"anwp-pg-rect anwp-pg-rect2\"><\/span>\n\t\t\t\t\t<span class=\"anwp-pg-rect anwp-pg-rect3\"><\/span>\n\t\t\t\t\t<span class=\"anwp-pg-rect anwp-pg-rect4\"><\/span>\n\t\t\t\t\t<span class=\"anwp-pg-rect anwp-pg-rect5\"><\/span>\n\t\t\t\t<\/span>\n\t\t\t<\/button>\n\t\t<\/div>\n\t\n\t<\/div>\n\t\t\t\t<\/div>\n\t\t\t\t<\/div>\n\t\t\t\t<div class=\"elementor-element elementor-element-8d2be76 elementor-widget-divider--view-line_text elementor-hidden-tablet elementor-hidden-mobile elementor-widget-divider--element-align-center elementor-widget elementor-widget-divider\" data-id=\"8d2be76\" data-element_type=\"widget\" data-widget_type=\"divider.default\">\n\t\t\t\t<div class=\"elementor-widget-container\">\n\t\t\t\t\t\t\t<div class=\"elementor-divider\">\n\t\t\t<span class=\"elementor-divider-separator\">\n\t\t\t\t\t\t\t<span class=\"elementor-divider__text elementor-divider__element\">\n\t\t\t\tACTU PEOPLE\t\t\t\t<\/span>\n\t\t\t\t\t\t<\/span>\n\t\t<\/div>\n\t\t\t\t\t\t<\/div>\n\t\t\t\t<\/div>\n\t\t\t\t<div class=\"elementor-element elementor-element-6a2b8b0 elementor-hidden-tablet elementor-hidden-mobile elementor-widget elementor-widget-elementskit-blog-posts\" data-id=\"6a2b8b0\" data-element_type=\"widget\" data-widget_type=\"elementskit-blog-posts.default\">\n\t\t\t\t<div class=\"elementor-widget-container\">\n\t\t\t\t\t<div class=\"ekit-wid-con\" >        <div id=\"post-items--6a2b8b0\" class=\"row post-items\">\n                    <div class=\"col-lg-12 col-md-12\">\n\n                                    <div class=\"elementskit-post-image-card\">\n                        <div class=\"elementskit-entry-header\">\n                                                            <a href=\"https:\/\/www.public.sn\/index.php\/2026\/04\/10\/kaffrine-une-video-intime-partagee-avec-une-confidente-provoque-des-consequences-inattendues\/\" class=\"elementskit-entry-thumb\">\n                                    <img decoding=\"async\" src=\"https:\/\/www.public.sn\/wp-content\/uploads\/2026\/04\/Capture-decran-2026-04-10-a-11.01.42-300x300.png\" alt=\"Kaffrine : une vid\u00e9o intime partag\u00e9e avec une confidente provoque des cons\u00e9quences inattendues\">\n                                <\/a><!-- .elementskit-entry-thumb END -->\n                                                                                                    <div class=\"elementskit-meta-lists elementskit-style-tag\">\n                                        <div class=\"elementskit-single-meta triangle_left\"><span class=\"elementskit-meta-wraper\"><strong>10<\/strong>Avr<\/span><\/div>\n                                    <\/div>\n                                                                                            \n                            \n\t\t\t\t\t\t\t\t\t\t\t\t\t<\/div><!-- .elementskit-entry-header END -->\n\n\t\t\t\t\t\t<div class=\"elementskit-post-body \">\n\t\t\t\t\t\t\t\n\t\t\t\t\t\t\t\t\n\t\t\t\t\t\t\t\t\t\t\t\t\t\t\t\t\t\t\t\t\t<h2 class=\"entry-title\">\n\t\t\t\t\t<a href=\"https:\/\/www.public.sn\/index.php\/2026\/04\/10\/kaffrine-une-video-intime-partagee-avec-une-confidente-provoque-des-consequences-inattendues\/\">\n\t\t\t\t\t\tKaffrine : une vid\u00e9o intime partag\u00e9e avec une confidente provoque des cons\u00e9quences inattendues\t\t\t\t\t<\/a>\n\t\t\t\t<\/h2>\n\t\t\t\t\t\t\t\t\t\t\t\n\t\t\t\t\t\t\t\t\t\t\t\t\t\t\t\t\t\t\t\t\t\t\t\t\t\t\t\t\t\t\t\t\t\t\t\t\t\t\t\t\t\t\t\t\t\t\t\t\t<div class=\"post-meta-list\">\n\t\t\t\t\t\t\t\t\t\t\t\t\t\t\t\t\t\t\t\t\t\t\t\t<span class=\"meta-author\">\n\t\t\t\t\t\t\t\t\t\t\t\t\t\t\t\t\t\t\t\t\t<i aria-hidden=\"true\" class=\"icon icon-user\"><\/i>\t\t\t\t\t\t\t\t\t\t\t\t\t\t\t\t\t\t\t\t<a href=\"https:\/\/www.public.sn\/index.php\/author\/editeurpsn\/\" class=\"author-name\">LA REDACTION<\/a>\n\t\t\t\t\t\t\t\t\t<\/span>\n\t\t\t\t\t\t\t\t\t\t\t\t\t\t\t\t\t\t\t\t\t\t\t\t\t\t\t\t\t\t\t\t\t\t\t\t\t\t\t\t\t\t\t\t\t\t\t\t\t\t\t\t\t\t\t\t\t\t\t\t\t\t\t\t\t\t\t\t\t\t\t\t\t\t\t\t\t\t\t\t<span class=\"post-comment\">\n\t\t\t\t\t\t\t\t\t\t<i aria-hidden=\"true\" class=\"icon icon-comment\"><\/i>\t\t\t\t\t\t\t\t\t\t<a href=\"https:\/\/www.public.sn\/index.php\/2026\/04\/10\/kaffrine-une-video-intime-partagee-avec-une-confidente-provoque-des-consequences-inattendues\/#respond\">0<\/a>\n\t\t\t\t\t\t\t\t\t<\/span>\n\t\t\t\t\t\t\t\t\t\t\t\t\t\t\t\t\t\t\t\t\t<\/div>\n\t\t\t\t\t\t\t\t\t\t\t\t                                                    <\/div><!-- .elementskit-post-body END -->\n                    <\/div>\n                \n            <\/div>\n                    <div class=\"col-lg-12 col-md-12\">\n\n                                    <div class=\"elementskit-post-image-card\">\n                        <div class=\"elementskit-entry-header\">\n                                                            <a href=\"https:\/\/www.public.sn\/index.php\/2026\/04\/08\/nabou-dash-elle-explique-son-avortement-par-des-raisons-de-sante\/\" class=\"elementskit-entry-thumb\">\n                                    <img decoding=\"async\" src=\"https:\/\/www.public.sn\/wp-content\/uploads\/2026\/04\/Capture-decran-2026-04-08-a-16.30.55-300x300.png\" alt=\"Nabou Dash : elle explique son avortement par des raisons de sant\u00e9\">\n                                <\/a><!-- .elementskit-entry-thumb END -->\n                                                                                                    <div class=\"elementskit-meta-lists elementskit-style-tag\">\n                                        <div class=\"elementskit-single-meta triangle_left\"><span class=\"elementskit-meta-wraper\"><strong>08<\/strong>Avr<\/span><\/div>\n                                    <\/div>\n                                                                                            \n                            \n\t\t\t\t\t\t\t\t\t\t\t\t\t<\/div><!-- .elementskit-entry-header END -->\n\n\t\t\t\t\t\t<div class=\"elementskit-post-body \">\n\t\t\t\t\t\t\t\n\t\t\t\t\t\t\t\t\n\t\t\t\t\t\t\t\t\t\t\t\t\t\t\t\t\t\t\t\t\t<h2 class=\"entry-title\">\n\t\t\t\t\t<a href=\"https:\/\/www.public.sn\/index.php\/2026\/04\/08\/nabou-dash-elle-explique-son-avortement-par-des-raisons-de-sante\/\">\n\t\t\t\t\t\tNabou Dash : elle explique son avortement par des raisons de sant\u00e9\t\t\t\t\t<\/a>\n\t\t\t\t<\/h2>\n\t\t\t\t\t\t\t\t\t\t\t\n\t\t\t\t\t\t\t\t\t\t\t\t\t\t\t\t\t\t\t\t\t\t\t\t\t\t\t\t\t\t\t\t\t\t\t\t\t\t\t\t\t\t\t\t\t\t\t\t\t<div class=\"post-meta-list\">\n\t\t\t\t\t\t\t\t\t\t\t\t\t\t\t\t\t\t\t\t\t\t\t\t<span class=\"meta-author\">\n\t\t\t\t\t\t\t\t\t\t\t\t\t\t\t\t\t\t\t\t\t<i aria-hidden=\"true\" class=\"icon icon-user\"><\/i>\t\t\t\t\t\t\t\t\t\t\t\t\t\t\t\t\t\t\t\t<a href=\"https:\/\/www.public.sn\/index.php\/author\/editeurpsn\/\" class=\"author-name\">LA REDACTION<\/a>\n\t\t\t\t\t\t\t\t\t<\/span>\n\t\t\t\t\t\t\t\t\t\t\t\t\t\t\t\t\t\t\t\t\t\t\t\t\t\t\t\t\t\t\t\t\t\t\t\t\t\t\t\t\t\t\t\t\t\t\t\t\t\t\t\t\t\t\t\t\t\t\t\t\t\t\t\t\t\t\t\t\t\t\t\t\t\t\t\t\t\t\t\t<span class=\"post-comment\">\n\t\t\t\t\t\t\t\t\t\t<i aria-hidden=\"true\" class=\"icon icon-comment\"><\/i>\t\t\t\t\t\t\t\t\t\t<a href=\"https:\/\/www.public.sn\/index.php\/2026\/04\/08\/nabou-dash-elle-explique-son-avortement-par-des-raisons-de-sante\/#respond\">0<\/a>\n\t\t\t\t\t\t\t\t\t<\/span>\n\t\t\t\t\t\t\t\t\t\t\t\t\t\t\t\t\t\t\t\t\t<\/div>\n\t\t\t\t\t\t\t\t\t\t\t\t                                                    <\/div><!-- .elementskit-post-body END -->\n                    <\/div>\n                \n            <\/div>\n                    <div class=\"col-lg-12 col-md-12\">\n\n                                    <div class=\"elementskit-post-image-card\">\n                        <div class=\"elementskit-entry-header\">\n                            \n                            \n\t\t\t\t\t\t\t\t\t\t\t\t\t<\/div><!-- .elementskit-entry-header END -->\n\n\t\t\t\t\t\t<div class=\"elementskit-post-body \">\n\t\t\t\t\t\t\t\n\t\t\t\t\t\t\t\t\n\t\t\t\t\t\t\t\t\t\t\t\t\t\t\t\t\t\t\t\t\t<h2 class=\"entry-title\">\n\t\t\t\t\t<a href=\"https:\/\/www.public.sn\/index.php\/2026\/04\/05\/thies-une-collegienne-de-14-ans-reitere-son-amour-pour-son-presume-violeur-2\/\">\n\t\t\t\t\t\tThi\u00e8s : Une coll\u00e9gienne de 14 ans r\u00e9it\u00e8re son amour pour son pr\u00e9sum\u00e9 violeur\t\t\t\t\t<\/a>\n\t\t\t\t<\/h2>\n\t\t\t\t\t\t\t\t\t\t\t\n\t\t\t\t\t\t\t\t\t\t\t\t\t\t\t\t\t\t\t\t\t\t\t\t\t\t\t\t\t\t\t\t\t\t\t\t\t\t\t\t\t\t\t\t\t\t\t\t\t<div class=\"post-meta-list\">\n\t\t\t\t\t\t\t\t\t\t\t\t\t\t\t\t\t\t\t\t\t\t\t\t<span class=\"meta-author\">\n\t\t\t\t\t\t\t\t\t\t\t\t\t\t\t\t\t\t\t\t\t<i aria-hidden=\"true\" class=\"icon icon-user\"><\/i>\t\t\t\t\t\t\t\t\t\t\t\t\t\t\t\t\t\t\t\t<a href=\"https:\/\/www.public.sn\/index.php\/author\/editeurpsn\/\" class=\"author-name\">LA REDACTION<\/a>\n\t\t\t\t\t\t\t\t\t<\/span>\n\t\t\t\t\t\t\t\t\t\t\t\t\t\t\t\t\t\t\t\t\t\t\t\t\t\t\t\t\t\t\t\t\t\t\t\t\t\t\t\t\t\t\t\t\t\t\t\t\t\t\t\t\t\t\t\t\t\t\t\t\t\t\t\t\t\t\t\t\t\t\t\t\t\t\t\t\t\t\t\t<span class=\"post-comment\">\n\t\t\t\t\t\t\t\t\t\t<i aria-hidden=\"true\" class=\"icon icon-comment\"><\/i>\t\t\t\t\t\t\t\t\t\t<a href=\"https:\/\/www.public.sn\/index.php\/2026\/04\/05\/thies-une-collegienne-de-14-ans-reitere-son-amour-pour-son-presume-violeur-2\/#respond\">0<\/a>\n\t\t\t\t\t\t\t\t\t<\/span>\n\t\t\t\t\t\t\t\t\t\t\t\t\t\t\t\t\t\t\t\t\t<\/div>\n\t\t\t\t\t\t\t\t\t\t\t\t                                                    <\/div><!-- .elementskit-post-body END -->\n                    <\/div>\n                \n            <\/div>\n                    <div class=\"col-lg-12 col-md-12\">\n\n                                    <div class=\"elementskit-post-image-card\">\n                        <div class=\"elementskit-entry-header\">\n                                                            <a href=\"https:\/\/www.public.sn\/index.php\/2026\/04\/02\/affaire-pape-cheikh-un-tiktokeur-arrete-dans-le-cadre-de-lenquete\/\" class=\"elementskit-entry-thumb\">\n                                    <img decoding=\"async\" src=\"https:\/\/www.public.sn\/wp-content\/uploads\/2026\/04\/Capture-decran-2026-04-02-a-16.03.09-300x300.png\" alt=\"Affaire Pape Cheikh : un TikTokeur arr\u00eat\u00e9 dans le cadre de l\u2019enqu\u00eate\">\n                                <\/a><!-- .elementskit-entry-thumb END -->\n                                                                                                    <div class=\"elementskit-meta-lists elementskit-style-tag\">\n                                        <div class=\"elementskit-single-meta triangle_left\"><span class=\"elementskit-meta-wraper\"><strong>02<\/strong>Avr<\/span><\/div>\n                                    <\/div>\n                                                                                            \n                            \n\t\t\t\t\t\t\t\t\t\t\t\t\t<\/div><!-- .elementskit-entry-header END -->\n\n\t\t\t\t\t\t<div class=\"elementskit-post-body \">\n\t\t\t\t\t\t\t\n\t\t\t\t\t\t\t\t\n\t\t\t\t\t\t\t\t\t\t\t\t\t\t\t\t\t\t\t\t\t<h2 class=\"entry-title\">\n\t\t\t\t\t<a href=\"https:\/\/www.public.sn\/index.php\/2026\/04\/02\/affaire-pape-cheikh-un-tiktokeur-arrete-dans-le-cadre-de-lenquete\/\">\n\t\t\t\t\t\tAffaire Pape Cheikh : un TikTokeur arr\u00eat\u00e9 dans le cadre de l\u2019enqu\u00eate\t\t\t\t\t<\/a>\n\t\t\t\t<\/h2>\n\t\t\t\t\t\t\t\t\t\t\t\n\t\t\t\t\t\t\t\t\t\t\t\t\t\t\t\t\t\t\t\t\t\t\t\t\t\t\t\t\t\t\t\t\t\t\t\t\t\t\t\t\t\t\t\t\t\t\t\t\t<div class=\"post-meta-list\">\n\t\t\t\t\t\t\t\t\t\t\t\t\t\t\t\t\t\t\t\t\t\t\t\t<span class=\"meta-author\">\n\t\t\t\t\t\t\t\t\t\t\t\t\t\t\t\t\t\t\t\t\t<i aria-hidden=\"true\" class=\"icon icon-user\"><\/i>\t\t\t\t\t\t\t\t\t\t\t\t\t\t\t\t\t\t\t\t<a href=\"https:\/\/www.public.sn\/index.php\/author\/editeurpsn\/\" class=\"author-name\">LA REDACTION<\/a>\n\t\t\t\t\t\t\t\t\t<\/span>\n\t\t\t\t\t\t\t\t\t\t\t\t\t\t\t\t\t\t\t\t\t\t\t\t\t\t\t\t\t\t\t\t\t\t\t\t\t\t\t\t\t\t\t\t\t\t\t\t\t\t\t\t\t\t\t\t\t\t\t\t\t\t\t\t\t\t\t\t\t\t\t\t\t\t\t\t\t\t\t\t<span class=\"post-comment\">\n\t\t\t\t\t\t\t\t\t\t<i aria-hidden=\"true\" class=\"icon icon-comment\"><\/i>\t\t\t\t\t\t\t\t\t\t<a href=\"https:\/\/www.public.sn\/index.php\/2026\/04\/02\/affaire-pape-cheikh-un-tiktokeur-arrete-dans-le-cadre-de-lenquete\/#respond\">0<\/a>\n\t\t\t\t\t\t\t\t\t<\/span>\n\t\t\t\t\t\t\t\t\t\t\t\t\t\t\t\t\t\t\t\t\t<\/div>\n\t\t\t\t\t\t\t\t\t\t\t\t                                                    <\/div><!-- .elementskit-post-body END -->\n                    <\/div>\n                \n            <\/div>\n                    <div class=\"col-lg-12 col-md-12\">\n\n                                    <div class=\"elementskit-post-image-card\">\n                        <div class=\"elementskit-entry-header\">\n                                                            <a href=\"https:\/\/www.public.sn\/index.php\/2026\/04\/02\/thies-une-collegienne-de-14-ans-reitere-son-amour-pour-son-presume-violeur\/\" class=\"elementskit-entry-thumb\">\n                                    <img decoding=\"async\" src=\"https:\/\/www.public.sn\/wp-content\/uploads\/2026\/04\/Capture-decran-2026-04-02-a-15.57.02-300x300.png\" alt=\"Thi\u00e8s : Une coll\u00e9gienne de 14 ans r\u00e9it\u00e8re son amour pour son pr\u00e9sum\u00e9 violeur\">\n                                <\/a><!-- .elementskit-entry-thumb END -->\n                                                                                                    <div class=\"elementskit-meta-lists elementskit-style-tag\">\n                                        <div class=\"elementskit-single-meta triangle_left\"><span class=\"elementskit-meta-wraper\"><strong>02<\/strong>Avr<\/span><\/div>\n                                    <\/div>\n                                                                                            \n                            \n\t\t\t\t\t\t\t\t\t\t\t\t\t<\/div><!-- .elementskit-entry-header END -->\n\n\t\t\t\t\t\t<div class=\"elementskit-post-body \">\n\t\t\t\t\t\t\t\n\t\t\t\t\t\t\t\t\n\t\t\t\t\t\t\t\t\t\t\t\t\t\t\t\t\t\t\t\t\t<h2 class=\"entry-title\">\n\t\t\t\t\t<a href=\"https:\/\/www.public.sn\/index.php\/2026\/04\/02\/thies-une-collegienne-de-14-ans-reitere-son-amour-pour-son-presume-violeur\/\">\n\t\t\t\t\t\tThi\u00e8s : Une coll\u00e9gienne de 14 ans r\u00e9it\u00e8re son amour pour son pr\u00e9sum\u00e9 violeur\t\t\t\t\t<\/a>\n\t\t\t\t<\/h2>\n\t\t\t\t\t\t\t\t\t\t\t\n\t\t\t\t\t\t\t\t\t\t\t\t\t\t\t\t\t\t\t\t\t\t\t\t\t\t\t\t\t\t\t\t\t\t\t\t\t\t\t\t\t\t\t\t\t\t\t\t\t<div class=\"post-meta-list\">\n\t\t\t\t\t\t\t\t\t\t\t\t\t\t\t\t\t\t\t\t\t\t\t\t<span class=\"meta-author\">\n\t\t\t\t\t\t\t\t\t\t\t\t\t\t\t\t\t\t\t\t\t<i aria-hidden=\"true\" class=\"icon icon-user\"><\/i>\t\t\t\t\t\t\t\t\t\t\t\t\t\t\t\t\t\t\t\t<a href=\"https:\/\/www.public.sn\/index.php\/author\/editeurpsn\/\" class=\"author-name\">LA REDACTION<\/a>\n\t\t\t\t\t\t\t\t\t<\/span>\n\t\t\t\t\t\t\t\t\t\t\t\t\t\t\t\t\t\t\t\t\t\t\t\t\t\t\t\t\t\t\t\t\t\t\t\t\t\t\t\t\t\t\t\t\t\t\t\t\t\t\t\t\t\t\t\t\t\t\t\t\t\t\t\t\t\t\t\t\t\t\t\t\t\t\t\t\t\t\t\t<span class=\"post-comment\">\n\t\t\t\t\t\t\t\t\t\t<i aria-hidden=\"true\" class=\"icon icon-comment\"><\/i>\t\t\t\t\t\t\t\t\t\t<a href=\"https:\/\/www.public.sn\/index.php\/2026\/04\/02\/thies-une-collegienne-de-14-ans-reitere-son-amour-pour-son-presume-violeur\/#respond\">0<\/a>\n\t\t\t\t\t\t\t\t\t<\/span>\n\t\t\t\t\t\t\t\t\t\t\t\t\t\t\t\t\t\t\t\t\t<\/div>\n\t\t\t\t\t\t\t\t\t\t\t\t                                                    <\/div><!-- .elementskit-post-body END -->\n                    <\/div>\n                \n            <\/div>\n                <\/div>\n       <\/div>\t\t\t\t<\/div>\n\t\t\t\t<\/div>\n\t\t\t\t\t<\/div>\n\t\t<\/div>\n\t\t\t\t<div class=\"elementor-column elementor-col-50 elementor-top-column elementor-element elementor-element-f6856fe\" data-id=\"f6856fe\" data-element_type=\"column\">\n\t\t\t<div class=\"elementor-widget-wrap elementor-element-populated\">\n\t\t\t\t\t\t<div class=\"elementor-element elementor-element-a314d14 elementor-widget-divider--view-line_text elementor-widget-divider--element-align-center elementor-widget elementor-widget-divider\" data-id=\"a314d14\" data-element_type=\"widget\" data-widget_type=\"divider.default\">\n\t\t\t\t<div class=\"elementor-widget-container\">\n\t\t\t\t\t\t\t<div class=\"elementor-divider\">\n\t\t\t<span class=\"elementor-divider-separator\">\n\t\t\t\t\t\t\t<span class=\"elementor-divider__text elementor-divider__element\">\n\t\t\t\tderni\u00e8res infos\t\t\t\t<\/span>\n\t\t\t\t\t\t<\/span>\n\t\t<\/div>\n\t\t\t\t\t\t<\/div>\n\t\t\t\t<\/div>\n\t\t\t\t<div class=\"elementor-element elementor-element-5f42ced elementor-grid-eael-col-1 elementor-grid-tablet-eael-col-2 elementor-grid-mobile-eael-col-1 elementor-widget elementor-widget-eael-post-grid\" data-id=\"5f42ced\" data-element_type=\"widget\" data-settings=\"{&quot;eael_post_grid_columns&quot;:&quot;eael-col-1&quot;,&quot;eael_post_grid_columns_tablet&quot;:&quot;eael-col-2&quot;,&quot;eael_post_grid_columns_mobile&quot;:&quot;eael-col-1&quot;}\" data-widget_type=\"eael-post-grid.default\">\n\t\t\t\t<div class=\"elementor-widget-container\">\n\t\t\t\t\t<div id=\"eael-post-grid-5f42ced\" class=\"eael-post-grid-container\">\n            <div class=\"eael-post-grid eael-post-appender eael-post-appender-5f42ced eael-post-grid-style-three\" data-layout-mode=\"grid\"><article class=\"eael-grid-post eael-post-grid-column\" data-id=\"39859\">\n        <div class=\"eael-grid-post-holder\">\n            <div class=\"eael-grid-post-holder-inner\"><div class=\"eael-entry-media\"><div class=\"eael-entry-overlay none\"><i class=\"fas fa-long-arrow-alt-right\" aria-hidden=\"true\"><\/i><a href=\"https:\/\/www.public.sn\/index.php\/2026\/04\/10\/pas-de-realite-du-pouvoir-qui-vaille-ousmane-sonko-maintient-le-cap-de-la-rupture\/\"><\/a><\/div><div class=\"eael-entry-thumbnail eael-image-ratio\">\n                 <img loading=\"lazy\" decoding=\"async\" width=\"800\" height=\"450\" src=\"https:\/\/www.public.sn\/wp-content\/uploads\/2026\/04\/Capture-decran-2026-04-10-a-13.53.21-800x450.png\" class=\"attachment-ocean-thumb-ml size-ocean-thumb-ml wp-image-39860\" alt=\"\" srcset=\"https:\/\/www.public.sn\/wp-content\/uploads\/2026\/04\/Capture-decran-2026-04-10-a-13.53.21-800x450.png 800w, https:\/\/www.public.sn\/wp-content\/uploads\/2026\/04\/Capture-decran-2026-04-10-a-13.53.21-300x168.png 300w\" sizes=\"(max-width: 800px) 100vw, 800px\" \/>\n             <\/div>\n        <\/div><div class=\"eael-entry-wrapper\"><header class=\"eael-entry-header\"><h1 class=\"eael-entry-title\"><a class=\"eael-grid-post-link\" href=\"https:\/\/www.public.sn\/index.php\/2026\/04\/10\/pas-de-realite-du-pouvoir-qui-vaille-ousmane-sonko-maintient-le-cap-de-la-rupture\/\" title=\"\u00ab Pas de r\u00e9alit\u00e9 du pouvoir qui vaille \u00bb : Ousmane Sonko maintient le cap de la rupture\">\u00ab Pas de r\u00e9alit\u00e9 du pouvoir qui vaille \u00bb : Ousmane Sonko maintient le cap de la rupture<\/a><\/h1><\/header><div class=\"eael-entry-meta\"><span class=\"eael-posted-by\"><a href=\"https:\/\/www.public.sn\/index.php\/author\/editeurpsn\/\" title=\"Articles par LA REDACTION\" rel=\"author\">LA REDACTION<\/a><\/span><span class=\"eael-posted-on\"><time datetime=\"10 avril 2026\">10 avril 2026<\/time><\/span><\/div><\/div><\/div>\n        <\/div>\n    <\/article><article class=\"eael-grid-post eael-post-grid-column\" data-id=\"39855\">\n        <div class=\"eael-grid-post-holder\">\n            <div class=\"eael-grid-post-holder-inner\"><div class=\"eael-entry-media\"><div class=\"eael-entry-overlay none\"><i class=\"fas fa-long-arrow-alt-right\" aria-hidden=\"true\"><\/i><a href=\"https:\/\/www.public.sn\/index.php\/2026\/04\/10\/kaffrine-une-video-intime-partagee-avec-une-confidente-provoque-des-consequences-inattendues\/\"><\/a><\/div><div class=\"eael-entry-thumbnail eael-image-ratio\">\n                 <img loading=\"lazy\" decoding=\"async\" width=\"779\" height=\"450\" src=\"https:\/\/www.public.sn\/wp-content\/uploads\/2026\/04\/Capture-decran-2026-04-10-a-11.01.42-779x450.png\" class=\"attachment-ocean-thumb-ml size-ocean-thumb-ml wp-image-39856\" alt=\"\" \/>\n             <\/div>\n        <\/div><div class=\"eael-entry-wrapper\"><header class=\"eael-entry-header\"><h1 class=\"eael-entry-title\"><a class=\"eael-grid-post-link\" href=\"https:\/\/www.public.sn\/index.php\/2026\/04\/10\/kaffrine-une-video-intime-partagee-avec-une-confidente-provoque-des-consequences-inattendues\/\" title=\"Kaffrine : une vid\u00e9o intime partag\u00e9e avec une confidente provoque des cons\u00e9quences inattendues\">Kaffrine : une vid\u00e9o intime partag\u00e9e avec une confidente provoque des cons\u00e9quences inattendues<\/a><\/h1><\/header><div class=\"eael-entry-meta\"><span class=\"eael-posted-by\"><a href=\"https:\/\/www.public.sn\/index.php\/author\/editeurpsn\/\" title=\"Articles par LA REDACTION\" rel=\"author\">LA REDACTION<\/a><\/span><span class=\"eael-posted-on\"><time datetime=\"10 avril 2026\">10 avril 2026<\/time><\/span><\/div><\/div><\/div>\n        <\/div>\n    <\/article><\/div>\n            <div class=\"clearfix\"><\/div>\n        <\/div>            <div class=\"eael-load-more-button-wrap eael-force-hide\">\n                <button class=\"eael-load-more-button\" id=\"eael-load-more-btn-5f42ced\" data-widget-id=\"5f42ced\" data-widget=\"5f42ced\" data-page-id=\"12853\" data-template=\"{&quot;dir&quot;:&quot;lite&quot;,&quot;file_name&quot;:&quot;three.php&quot;,&quot;name&quot;:&quot;Post-Grid&quot;}\" data-class=\"Essential_Addons_Elementor\\Elements\\Post_Grid\" data-layout=\"grid\" data-page=\"1\" data-args=\"orderby=date&amp;order=desc&amp;ignore_sticky_posts=1&amp;post_status=publish&amp;posts_per_page=2&amp;offset=0&amp;post_type=post\" data-max-page=\"3649\">\n                    <span class=\"eael-btn-loader button__loader\"><\/span>\n                    <span class=\"eael_load_more_text\">+ D&#039;ACTUS<\/span>\n                <\/button>\n            <\/div>\n            \t\t\t\t<\/div>\n\t\t\t\t<\/div>\n\t\t\t\t<div class=\"elementor-element elementor-element-0a63f58 anwp-pg-widget-header-style--b anwp-pg-post-teaser__post-icon--size-16 elementor-widget elementor-widget-anwp-pg-classic-grid\" data-id=\"0a63f58\" data-element_type=\"widget\" data-widget_type=\"anwp-pg-classic-grid.default\">\n\t\t\t\t<div class=\"elementor-widget-container\">\n\t\t\t\t\t<div class=\"anwp-pg-wrap\">\n\n\t\n\t<div class=\"d-flex anwp-row flex-wrap anwp-pg-classic-grid anwp-pg-posts-wrapper\">\n\t\t<div class=\"anwp-pg-post-teaser anwp-pg-post-teaser--inner-cover-link anwp-pg-post-teaser--layout-d d-flex flex-column anwp-col-lg-6 anwp-col-sm-6 anwp-col-12 anwp-pg-post-teaser--has-comments-meta\">\n\t<div class=\"anwp-pg-post-teaser__thumbnail position-relative\">\n\n\t\t\n\t\t\n\t\t\t\t\t<img loading=\"lazy\" class=\"anwp-pg-post-teaser__thumbnail-img d-block anwp-pg-height-220 anwp-object-cover m-0 w-100\"\n\t\t\t\talt=\"Guerre en Iran : le FMI alerte, 45 millions de personnes menac\u00e9es par la faim\"\n\t\t\t\tsrc=\"https:\/\/www.public.sn\/wp-content\/uploads\/2026\/04\/Capture-decran-2026-04-09-a-16.05.10.png\"\/>\n\t\t\n\t\t<div class=\"anwp-pg-post-teaser__thumbnail-bg anwp-position-cover\"><\/div>\n\n\t\t<a class=\"anwp-position-cover anwp-link-without-effects\" href=\"https:\/\/www.public.sn\/index.php\/2026\/04\/09\/guerre-en-iran-le-fmi-alerte-45-millions-de-personnes-menacees-par-la-faim\/\" aria-hidden=\"true\" ><\/a>\n\t<\/div>\n\n\t<div class=\"anwp-pg-post-teaser__content flex-grow-1 pt-1 d-flex flex-column\">\n\n\t\t<div class=\"anwp-pg-post-teaser__title anwp-font-heading mt-2\">\n\t\t\t<a class=\"anwp-link-without-effects\" href=\"https:\/\/www.public.sn\/index.php\/2026\/04\/09\/guerre-en-iran-le-fmi-alerte-45-millions-de-personnes-menacees-par-la-faim\/\" aria-hidden=\"true\" >\n\t\t\t\tGuerre en Iran : le FMI alerte, 45 millions de personnes menac\u00e9es par la faim\t\t\t<\/a>\n\t\t<\/div>\n\n\t\t<div class=\"anwp-pg-post-teaser__bottom-meta d-flex flex-wrap\">\n\n\t\t\t\t\t\t\t<div class=\"anwp-pg-post-teaser__bottom-meta-item d-flex align-items-center mr-3\">\n\t\t\t\t\t<svg class=\"anwp-pg-icon anwp-pg-icon--s16 mr-1\">\n\t\t\t\t\t\t<use xlink:href=\"#icon-anwp-pg-calendar\"><\/use>\n\t\t\t\t\t<\/svg>\n\t\t\t\t\t<span class=\"posted-on m-0\"><span class=\"screen-reader-text\">Posted on<\/span><time class=\"anwp-pg-published\" datetime=\"2026-04-09T16:07:44+00:00\">9 avril 2026<\/time><time class=\"anwp-pg-updated\" datetime=\"2026-04-09T16:08:03+00:00\">9 avril 2026<\/time><\/span>\n\t\t\t\t<\/div>\n\t\t\t\t\t\t\t\t\t<div class=\"anwp-pg-post-teaser__bottom-meta-item d-flex align-items-center mr-3\">\n\t\t\t\t\t\t<svg class=\"anwp-pg-icon anwp-pg-icon--s16 mr-1\">\n\t\t\t\t\t\t\t<use xlink:href=\"#icon-anwp-pg-comment-discussion\"><\/use>\n\t\t\t\t\t\t<\/svg>\n\t\t\t\t\t\t0\t\t\t\t\t<\/div>\n\t\t\t\t\t\n\t\t\t\t\t\t\t<div class=\"anwp-pg-post-teaser__bottom-meta-item d-flex align-items-center\">\n\t\t\t\t\t<svg class=\"anwp-pg-icon anwp-pg-icon--s16 mr-2\">\n\t\t\t\t\t\t<use xlink:href=\"#icon-anwp-pg-person\"><\/use>\n\t\t\t\t\t<\/svg>\n\t\t\t\t\tLA REDACTION\t\t\t\t<\/div>\n\t\t\t\t\t<\/div>\n\n\t\t\n\t\t\n\t<\/div>\n\n<\/div>\n<div class=\"anwp-pg-post-teaser anwp-pg-post-teaser--inner-cover-link anwp-pg-post-teaser--layout-d d-flex flex-column anwp-col-lg-6 anwp-col-sm-6 anwp-col-12 anwp-pg-post-teaser--has-comments-meta\">\n\t<div class=\"anwp-pg-post-teaser__thumbnail position-relative\">\n\n\t\t\n\t\t\n\t\t\t\t\t<img loading=\"lazy\" class=\"anwp-pg-post-teaser__thumbnail-img d-block anwp-pg-height-220 anwp-object-cover m-0 w-100\"\n\t\t\t\talt=\"Sangalkam : deux hommes surpris, une affaire explosive \u00e9clate\"\n\t\t\t\tsrc=\"https:\/\/www.public.sn\/wp-content\/uploads\/2026\/04\/Capture-decran-2026-04-09-a-15.59.31.png\"\/>\n\t\t\n\t\t<div class=\"anwp-pg-post-teaser__thumbnail-bg anwp-position-cover\"><\/div>\n\n\t\t<a class=\"anwp-position-cover anwp-link-without-effects\" href=\"https:\/\/www.public.sn\/index.php\/2026\/04\/09\/sangalkam-deux-hommes-surpris-une-affaire-explosive-eclate\/\" aria-hidden=\"true\" ><\/a>\n\t<\/div>\n\n\t<div class=\"anwp-pg-post-teaser__content flex-grow-1 pt-1 d-flex flex-column\">\n\n\t\t<div class=\"anwp-pg-post-teaser__title anwp-font-heading mt-2\">\n\t\t\t<a class=\"anwp-link-without-effects\" href=\"https:\/\/www.public.sn\/index.php\/2026\/04\/09\/sangalkam-deux-hommes-surpris-une-affaire-explosive-eclate\/\" aria-hidden=\"true\" >\n\t\t\t\tSangalkam : deux hommes surpris, une affaire explosive \u00e9clate\t\t\t<\/a>\n\t\t<\/div>\n\n\t\t<div class=\"anwp-pg-post-teaser__bottom-meta d-flex flex-wrap\">\n\n\t\t\t\t\t\t\t<div class=\"anwp-pg-post-teaser__bottom-meta-item d-flex align-items-center mr-3\">\n\t\t\t\t\t<svg class=\"anwp-pg-icon anwp-pg-icon--s16 mr-1\">\n\t\t\t\t\t\t<use xlink:href=\"#icon-anwp-pg-calendar\"><\/use>\n\t\t\t\t\t<\/svg>\n\t\t\t\t\t<span class=\"posted-on m-0\"><span class=\"screen-reader-text\">Posted on<\/span><time class=\"anwp-pg-published\" datetime=\"2026-04-09T16:01:48+00:00\">9 avril 2026<\/time><time class=\"anwp-pg-updated\" datetime=\"2026-04-09T16:01:57+00:00\">9 avril 2026<\/time><\/span>\n\t\t\t\t<\/div>\n\t\t\t\t\t\t\t\t\t<div class=\"anwp-pg-post-teaser__bottom-meta-item d-flex align-items-center mr-3\">\n\t\t\t\t\t\t<svg class=\"anwp-pg-icon anwp-pg-icon--s16 mr-1\">\n\t\t\t\t\t\t\t<use xlink:href=\"#icon-anwp-pg-comment-discussion\"><\/use>\n\t\t\t\t\t\t<\/svg>\n\t\t\t\t\t\t0\t\t\t\t\t<\/div>\n\t\t\t\t\t\n\t\t\t\t\t\t\t<div class=\"anwp-pg-post-teaser__bottom-meta-item d-flex align-items-center\">\n\t\t\t\t\t<svg class=\"anwp-pg-icon anwp-pg-icon--s16 mr-2\">\n\t\t\t\t\t\t<use xlink:href=\"#icon-anwp-pg-person\"><\/use>\n\t\t\t\t\t<\/svg>\n\t\t\t\t\tLA REDACTION\t\t\t\t<\/div>\n\t\t\t\t\t<\/div>\n\n\t\t\n\t\t\n\t<\/div>\n\n<\/div>\n\t<\/div>\n\t\n\t<\/div>\n\t\t\t\t<\/div>\n\t\t\t\t<\/div>\n\t\t\t\t<div class=\"elementor-element elementor-element-d64c5f4 anwp-pg-widget-header-style--b anwp-pg-post-teaser__post-icon--size-16 anwp-pg-post-teaser__post-icon--position-center elementor-widget elementor-widget-anwp-pg-light-grid\" data-id=\"d64c5f4\" data-element_type=\"widget\" data-widget_type=\"anwp-pg-light-grid.default\">\n\t\t\t\t<div class=\"elementor-widget-container\">\n\t\t\t\t\t<div class=\"anwp-pg-wrap\">\n\n\t\n\t<div class=\"d-flex anwp-row flex-wrap anwp-pg-light-grid anwp-pg-posts-wrapper\">\n\t\t<div class=\"anwp-pg-post-teaser anwp-pg-post-teaser--layout-f anwp-col-lg-12 anwp-col-sm-6 anwp-col-12 anwp-pg-post-teaser--has-comments-meta d-flex position-relative\">\n\t<div class=\"anwp-pg-post-teaser__thumbnail position-relative\">\n\n\t\t\n\t\t\t\t\t<img loading=\"lazy\" class=\"anwp-pg-post-teaser__thumbnail-img d-block anwp-object-cover m-0 w-100\"\n\t\t\t\talt=\"Eumeu S\u00e8ne\u00a0\u00e0 Paris : les raisons de son d\u00e9part qui font parler\"\n\t\t\t\tsrc=\"https:\/\/www.public.sn\/wp-content\/uploads\/2026\/04\/Capture-decran-2026-04-09-a-11.41.40-300x170.png\"\/>\n\t\t\n\t\t<div class=\"anwp-pg-post-teaser__thumbnail-bg anwp-position-cover\"><\/div>\n\t<\/div>\n\n\t<div class=\"anwp-pg-post-teaser__content flex-grow-1 d-flex flex-column pt-1\">\n\t\t\n\t\t<div class=\"anwp-pg-post-teaser__title anwp-font-heading my-auto\">\n\t\t\tEumeu S\u00e8ne\u00a0\u00e0 Paris : les raisons de son d\u00e9part qui font parler\t\t<\/div>\n\n\t\t<div class=\"anwp-pg-post-teaser__bottom-meta mt-1 d-flex flex-wrap\">\n\n\t\t\t\t\t\t\t<div class=\"anwp-pg-post-teaser__bottom-meta-item d-flex align-items-center mr-3\">\n\t\t\t\t\t<svg class=\"anwp-pg-icon anwp-pg-icon--s16 mr-1\">\n\t\t\t\t\t\t<use xlink:href=\"#icon-anwp-pg-calendar\"><\/use>\n\t\t\t\t\t<\/svg>\n\t\t\t\t\t<span class=\"posted-on m-0\"><span class=\"screen-reader-text\">Posted on<\/span><time class=\"anwp-pg-published\" datetime=\"2026-04-09T11:47:49+00:00\">9 avril 2026<\/time><time class=\"anwp-pg-updated\" datetime=\"2026-04-09T11:47:49+00:00\">9 avril 2026<\/time><\/span>\n\t\t\t\t<\/div>\n\t\t\t\t\t\t\t\t\t<div class=\"anwp-pg-post-teaser__bottom-meta-item d-flex align-items-center mr-3\">\n\t\t\t\t\t\t<svg class=\"anwp-pg-icon anwp-pg-icon--s16 mr-1\">\n\t\t\t\t\t\t\t<use xlink:href=\"#icon-anwp-pg-comment-discussion\"><\/use>\n\t\t\t\t\t\t<\/svg>\n\t\t\t\t\t\t0\t\t\t\t\t<\/div>\n\t\t\t\t\t\t\t<\/div>\n\n\t<\/div>\n\n\t<a class=\"anwp-position-cover anwp-link-without-effects\" href=\"https:\/\/www.public.sn\/index.php\/2026\/04\/09\/eumeu-sene-a-paris-les-raisons-de-son-depart-qui-font-parler\/\" aria-hidden=\"true\" ><\/a>\n<\/div>\n\t<\/div>\n\t\n\t<\/div>\n\t\t\t\t<\/div>\n\t\t\t\t<\/div>\n\t\t\t\t<div class=\"elementor-element elementor-element-6229b28 anwp-pg-widget-header-style--b anwp-pg-post-teaser__post-icon--size-16 anwp-pg-post-teaser__post-icon--position-center elementor-widget elementor-widget-anwp-pg-light-grid\" data-id=\"6229b28\" data-element_type=\"widget\" data-widget_type=\"anwp-pg-light-grid.default\">\n\t\t\t\t<div class=\"elementor-widget-container\">\n\t\t\t\t\t<div class=\"anwp-pg-wrap\">\n\n\t\n\t<div class=\"d-flex anwp-row flex-wrap anwp-pg-light-grid anwp-pg-posts-wrapper\">\n\t\t<div class=\"anwp-pg-post-teaser anwp-pg-post-teaser--layout-f anwp-col-lg-12 anwp-col-sm-6 anwp-col-12 anwp-pg-post-teaser--has-comments-meta d-flex position-relative\">\n\t<div class=\"anwp-pg-post-teaser__thumbnail position-relative\">\n\n\t\t\n\t\t\t\t\t<img loading=\"lazy\" class=\"anwp-pg-post-teaser__thumbnail-img d-block anwp-object-cover m-0 w-100\"\n\t\t\t\talt=\"Prox\u00e9n\u00e9tisme : \u201c50 000 FCFA par jour\u201d, les r\u00e9v\u00e9lations troublantes de trois femmes jug\u00e9es\"\n\t\t\t\tsrc=\"https:\/\/www.public.sn\/wp-content\/uploads\/2026\/04\/Capture-decran-2026-04-09-a-11.15.20-300x170.png\"\/>\n\t\t\n\t\t<div class=\"anwp-pg-post-teaser__thumbnail-bg anwp-position-cover\"><\/div>\n\t<\/div>\n\n\t<div class=\"anwp-pg-post-teaser__content flex-grow-1 d-flex flex-column pt-1\">\n\t\t\n\t\t<div class=\"anwp-pg-post-teaser__title anwp-font-heading my-auto\">\n\t\t\tProx\u00e9n\u00e9tisme : \u201c50 000 FCFA par jour\u201d, les r\u00e9v\u00e9lations troublantes de trois femmes jug\u00e9es\t\t<\/div>\n\n\t\t<div class=\"anwp-pg-post-teaser__bottom-meta mt-1 d-flex flex-wrap\">\n\n\t\t\t\t\t\t\t<div class=\"anwp-pg-post-teaser__bottom-meta-item d-flex align-items-center mr-3\">\n\t\t\t\t\t<svg class=\"anwp-pg-icon anwp-pg-icon--s16 mr-1\">\n\t\t\t\t\t\t<use xlink:href=\"#icon-anwp-pg-calendar\"><\/use>\n\t\t\t\t\t<\/svg>\n\t\t\t\t\t<span class=\"posted-on m-0\"><span class=\"screen-reader-text\">Posted on<\/span><time class=\"anwp-pg-published\" datetime=\"2026-04-09T11:19:11+00:00\">9 avril 2026<\/time><time class=\"anwp-pg-updated\" datetime=\"2026-04-09T11:19:18+00:00\">9 avril 2026<\/time><\/span>\n\t\t\t\t<\/div>\n\t\t\t\t\t\t\t\t\t<div class=\"anwp-pg-post-teaser__bottom-meta-item d-flex align-items-center mr-3\">\n\t\t\t\t\t\t<svg class=\"anwp-pg-icon anwp-pg-icon--s16 mr-1\">\n\t\t\t\t\t\t\t<use xlink:href=\"#icon-anwp-pg-comment-discussion\"><\/use>\n\t\t\t\t\t\t<\/svg>\n\t\t\t\t\t\t0\t\t\t\t\t<\/div>\n\t\t\t\t\t\t\t<\/div>\n\n\t<\/div>\n\n\t<a class=\"anwp-position-cover anwp-link-without-effects\" href=\"https:\/\/www.public.sn\/index.php\/2026\/04\/09\/proxenetisme-50-000-fcfa-par-jour-les-revelations-troublantes-de-trois-femmes-jugees\/\" aria-hidden=\"true\" ><\/a>\n<\/div>\n\t<\/div>\n\t\n\t<\/div>\n\t\t\t\t<\/div>\n\t\t\t\t<\/div>\n\t\t\t\t<div class=\"elementor-element elementor-element-bea4915 anwp-pg-widget-header-style--b anwp-pg-post-teaser__post-icon--size-16 anwp-pg-post-teaser__post-icon--position-center elementor-widget elementor-widget-anwp-pg-light-grid\" data-id=\"bea4915\" data-element_type=\"widget\" data-widget_type=\"anwp-pg-light-grid.default\">\n\t\t\t\t<div class=\"elementor-widget-container\">\n\t\t\t\t\t<div class=\"anwp-pg-wrap\">\n\n\t\n\t<div class=\"d-flex anwp-row flex-wrap anwp-pg-light-grid anwp-pg-posts-wrapper\">\n\t\t<div class=\"anwp-pg-post-teaser anwp-pg-post-teaser--layout-f anwp-col-lg-12 anwp-col-sm-6 anwp-col-12 anwp-pg-post-teaser--has-comments-meta d-flex position-relative\">\n\t<div class=\"anwp-pg-post-teaser__thumbnail position-relative\">\n\n\t\t\n\t\t\t\t\t<img loading=\"lazy\" class=\"anwp-pg-post-teaser__thumbnail-img d-block anwp-object-cover m-0 w-100\"\n\t\t\t\talt=\"Mbour : la \u00abawo\u00bb d\u00e9figure sa co\u00e9pouse pour une simple&#8230;\"\n\t\t\t\tsrc=\"https:\/\/www.public.sn\/wp-content\/uploads\/2026\/04\/Capture-decran-2026-04-09-a-10.48.07-300x170.png\"\/>\n\t\t\n\t\t<div class=\"anwp-pg-post-teaser__thumbnail-bg anwp-position-cover\"><\/div>\n\t<\/div>\n\n\t<div class=\"anwp-pg-post-teaser__content flex-grow-1 d-flex flex-column pt-1\">\n\t\t\n\t\t<div class=\"anwp-pg-post-teaser__title anwp-font-heading my-auto\">\n\t\t\tMbour : la \u00abawo\u00bb d\u00e9figure sa co\u00e9pouse pour une simple&#8230;\t\t<\/div>\n\n\t\t<div class=\"anwp-pg-post-teaser__bottom-meta mt-1 d-flex flex-wrap\">\n\n\t\t\t\t\t\t\t<div class=\"anwp-pg-post-teaser__bottom-meta-item d-flex align-items-center mr-3\">\n\t\t\t\t\t<svg class=\"anwp-pg-icon anwp-pg-icon--s16 mr-1\">\n\t\t\t\t\t\t<use xlink:href=\"#icon-anwp-pg-calendar\"><\/use>\n\t\t\t\t\t<\/svg>\n\t\t\t\t\t<span class=\"posted-on m-0\"><span class=\"screen-reader-text\">Posted on<\/span><time class=\"anwp-pg-published\" datetime=\"2026-04-09T10:54:22+00:00\">9 avril 2026<\/time><time class=\"anwp-pg-updated\" datetime=\"2026-04-09T10:54:29+00:00\">9 avril 2026<\/time><\/span>\n\t\t\t\t<\/div>\n\t\t\t\t\t\t\t\t\t<div class=\"anwp-pg-post-teaser__bottom-meta-item d-flex align-items-center mr-3\">\n\t\t\t\t\t\t<svg class=\"anwp-pg-icon anwp-pg-icon--s16 mr-1\">\n\t\t\t\t\t\t\t<use xlink:href=\"#icon-anwp-pg-comment-discussion\"><\/use>\n\t\t\t\t\t\t<\/svg>\n\t\t\t\t\t\t0\t\t\t\t\t<\/div>\n\t\t\t\t\t\t\t<\/div>\n\n\t<\/div>\n\n\t<a class=\"anwp-position-cover anwp-link-without-effects\" href=\"https:\/\/www.public.sn\/index.php\/2026\/04\/09\/mbour-la-awo-defigure-sa-coepouse-pour-une-simple\/\" aria-hidden=\"true\" ><\/a>\n<\/div>\n\t<\/div>\n\t\n\t<\/div>\n\t\t\t\t<\/div>\n\t\t\t\t<\/div>\n\t\t\t\t<div class=\"elementor-element elementor-element-7fb4eff anwp-pg-widget-header-style--b anwp-pg-post-teaser__post-icon--size-16 elementor-widget elementor-widget-anwp-pg-classic-grid\" data-id=\"7fb4eff\" data-element_type=\"widget\" data-widget_type=\"anwp-pg-classic-grid.default\">\n\t\t\t\t<div class=\"elementor-widget-container\">\n\t\t\t\t\t<div class=\"anwp-pg-wrap\">\n\n\t\n\t<div class=\"d-flex anwp-row flex-wrap anwp-pg-classic-grid anwp-pg-posts-wrapper\">\n\t\t<div class=\"anwp-pg-post-teaser anwp-pg-post-teaser--inner-cover-link anwp-pg-post-teaser--layout-d d-flex flex-column anwp-col-lg-6 anwp-col-sm-6 anwp-col-12 anwp-pg-post-teaser--has-comments-meta\">\n\t<div class=\"anwp-pg-post-teaser__thumbnail position-relative\">\n\n\t\t\n\t\t\n\t\t\t\t\t<img loading=\"lazy\" class=\"anwp-pg-post-teaser__thumbnail-img d-block anwp-pg-height-220 anwp-object-cover m-0 w-100\"\n\t\t\t\talt=\"Fonds d\u2019aide \u00e0 la presse : le CDEPS conteste l\u2019\u00e9ligibilit\u00e9 de la RTS, de la Maison de la presse et du Soleil\"\n\t\t\t\tsrc=\"https:\/\/www.public.sn\/wp-content\/uploads\/2026\/04\/336e3f37-5a6a-4ac0-afca-464ef0cf690a-800x450.jpg\"\/>\n\t\t\n\t\t<div class=\"anwp-pg-post-teaser__thumbnail-bg anwp-position-cover\"><\/div>\n\n\t\t<a class=\"anwp-position-cover anwp-link-without-effects\" href=\"https:\/\/www.public.sn\/index.php\/2026\/04\/08\/fonds-daide-a-la-presse-le-cdeps-conteste-leligibilite-de-la-rts-de-la-maison-de-la-presse-et-du-soleil\/\" aria-hidden=\"true\" ><\/a>\n\t<\/div>\n\n\t<div class=\"anwp-pg-post-teaser__content flex-grow-1 pt-1 d-flex flex-column\">\n\n\t\t<div class=\"anwp-pg-post-teaser__title anwp-font-heading mt-2\">\n\t\t\t<a class=\"anwp-link-without-effects\" href=\"https:\/\/www.public.sn\/index.php\/2026\/04\/08\/fonds-daide-a-la-presse-le-cdeps-conteste-leligibilite-de-la-rts-de-la-maison-de-la-presse-et-du-soleil\/\" aria-hidden=\"true\" >\n\t\t\t\tFonds d\u2019aide \u00e0 la presse : le CDEPS conteste l\u2019\u00e9ligibilit\u00e9 de la RTS, de la Maison de la presse et du Soleil\t\t\t<\/a>\n\t\t<\/div>\n\n\t\t<div class=\"anwp-pg-post-teaser__bottom-meta d-flex flex-wrap\">\n\n\t\t\t\t\t\t\t<div class=\"anwp-pg-post-teaser__bottom-meta-item d-flex align-items-center mr-3\">\n\t\t\t\t\t<svg class=\"anwp-pg-icon anwp-pg-icon--s16 mr-1\">\n\t\t\t\t\t\t<use xlink:href=\"#icon-anwp-pg-calendar\"><\/use>\n\t\t\t\t\t<\/svg>\n\t\t\t\t\t<span class=\"posted-on m-0\"><span class=\"screen-reader-text\">Posted on<\/span><time class=\"anwp-pg-published\" datetime=\"2026-04-08T16:56:51+00:00\">8 avril 2026<\/time><time class=\"anwp-pg-updated\" datetime=\"2026-04-08T16:57:07+00:00\">8 avril 2026<\/time><\/span>\n\t\t\t\t<\/div>\n\t\t\t\t\t\t\t\t\t<div class=\"anwp-pg-post-teaser__bottom-meta-item d-flex align-items-center mr-3\">\n\t\t\t\t\t\t<svg class=\"anwp-pg-icon anwp-pg-icon--s16 mr-1\">\n\t\t\t\t\t\t\t<use xlink:href=\"#icon-anwp-pg-comment-discussion\"><\/use>\n\t\t\t\t\t\t<\/svg>\n\t\t\t\t\t\t0\t\t\t\t\t<\/div>\n\t\t\t\t\t\n\t\t\t\t\t\t\t<div class=\"anwp-pg-post-teaser__bottom-meta-item d-flex align-items-center\">\n\t\t\t\t\t<svg class=\"anwp-pg-icon anwp-pg-icon--s16 mr-2\">\n\t\t\t\t\t\t<use xlink:href=\"#icon-anwp-pg-person\"><\/use>\n\t\t\t\t\t<\/svg>\n\t\t\t\t\tLA REDACTION\t\t\t\t<\/div>\n\t\t\t\t\t<\/div>\n\n\t\t\n\t\t\n\t<\/div>\n\n<\/div>\n<div class=\"anwp-pg-post-teaser anwp-pg-post-teaser--inner-cover-link anwp-pg-post-teaser--layout-d d-flex flex-column anwp-col-lg-6 anwp-col-sm-6 anwp-col-12 anwp-pg-post-teaser--has-comments-meta\">\n\t<div class=\"anwp-pg-post-teaser__thumbnail position-relative\">\n\n\t\t\n\t\t\n\t\t\t\t\t<img loading=\"lazy\" class=\"anwp-pg-post-teaser__thumbnail-img d-block anwp-pg-height-220 anwp-object-cover m-0 w-100\"\n\t\t\t\talt=\"Nabou Dash : elle explique son avortement par des raisons de sant\u00e9\"\n\t\t\t\tsrc=\"https:\/\/www.public.sn\/wp-content\/uploads\/2026\/04\/Capture-decran-2026-04-08-a-16.30.55.png\"\/>\n\t\t\n\t\t<div class=\"anwp-pg-post-teaser__thumbnail-bg anwp-position-cover\"><\/div>\n\n\t\t<a class=\"anwp-position-cover anwp-link-without-effects\" href=\"https:\/\/www.public.sn\/index.php\/2026\/04\/08\/nabou-dash-elle-explique-son-avortement-par-des-raisons-de-sante\/\" aria-hidden=\"true\" ><\/a>\n\t<\/div>\n\n\t<div class=\"anwp-pg-post-teaser__content flex-grow-1 pt-1 d-flex flex-column\">\n\n\t\t<div class=\"anwp-pg-post-teaser__title anwp-font-heading mt-2\">\n\t\t\t<a class=\"anwp-link-without-effects\" href=\"https:\/\/www.public.sn\/index.php\/2026\/04\/08\/nabou-dash-elle-explique-son-avortement-par-des-raisons-de-sante\/\" aria-hidden=\"true\" >\n\t\t\t\tNabou Dash : elle explique son avortement par des raisons de sant\u00e9\t\t\t<\/a>\n\t\t<\/div>\n\n\t\t<div class=\"anwp-pg-post-teaser__bottom-meta d-flex flex-wrap\">\n\n\t\t\t\t\t\t\t<div class=\"anwp-pg-post-teaser__bottom-meta-item d-flex align-items-center mr-3\">\n\t\t\t\t\t<svg class=\"anwp-pg-icon anwp-pg-icon--s16 mr-1\">\n\t\t\t\t\t\t<use xlink:href=\"#icon-anwp-pg-calendar\"><\/use>\n\t\t\t\t\t<\/svg>\n\t\t\t\t\t<span class=\"posted-on m-0\"><span class=\"screen-reader-text\">Posted on<\/span><time class=\"anwp-pg-published\" datetime=\"2026-04-08T16:32:14+00:00\">8 avril 2026<\/time><time class=\"anwp-pg-updated\" datetime=\"2026-04-08T16:32:41+00:00\">8 avril 2026<\/time><\/span>\n\t\t\t\t<\/div>\n\t\t\t\t\t\t\t\t\t<div class=\"anwp-pg-post-teaser__bottom-meta-item d-flex align-items-center mr-3\">\n\t\t\t\t\t\t<svg class=\"anwp-pg-icon anwp-pg-icon--s16 mr-1\">\n\t\t\t\t\t\t\t<use xlink:href=\"#icon-anwp-pg-comment-discussion\"><\/use>\n\t\t\t\t\t\t<\/svg>\n\t\t\t\t\t\t0\t\t\t\t\t<\/div>\n\t\t\t\t\t\n\t\t\t\t\t\t\t<div class=\"anwp-pg-post-teaser__bottom-meta-item d-flex align-items-center\">\n\t\t\t\t\t<svg class=\"anwp-pg-icon anwp-pg-icon--s16 mr-2\">\n\t\t\t\t\t\t<use xlink:href=\"#icon-anwp-pg-person\"><\/use>\n\t\t\t\t\t<\/svg>\n\t\t\t\t\tLA REDACTION\t\t\t\t<\/div>\n\t\t\t\t\t<\/div>\n\n\t\t\n\t\t\n\t<\/div>\n\n<\/div>\n\t<\/div>\n\t\n\t<\/div>\n\t\t\t\t<\/div>\n\t\t\t\t<\/div>\n\t\t\t\t<div class=\"elementor-element elementor-element-d030979 elementor-grid-eael-col-1 elementor-grid-tablet-eael-col-2 elementor-grid-mobile-eael-col-1 elementor-widget elementor-widget-eael-post-grid\" data-id=\"d030979\" data-element_type=\"widget\" data-settings=\"{&quot;eael_post_grid_columns&quot;:&quot;eael-col-1&quot;,&quot;eael_post_grid_columns_tablet&quot;:&quot;eael-col-2&quot;,&quot;eael_post_grid_columns_mobile&quot;:&quot;eael-col-1&quot;}\" data-widget_type=\"eael-post-grid.default\">\n\t\t\t\t<div class=\"elementor-widget-container\">\n\t\t\t\t\t<div id=\"eael-post-grid-d030979\" class=\"eael-post-grid-container\">\n            <div class=\"eael-post-grid eael-post-appender eael-post-appender-d030979 eael-post-grid-style-three\" data-layout-mode=\"grid\"><article class=\"eael-grid-post eael-post-grid-column\" data-id=\"39826\">\n        <div class=\"eael-grid-post-holder\">\n            <div class=\"eael-grid-post-holder-inner\"><div class=\"eael-entry-media\"><div class=\"eael-entry-overlay none\"><i class=\"fas fa-long-arrow-alt-right\" aria-hidden=\"true\"><\/i><a href=\"https:\/\/www.public.sn\/index.php\/2026\/04\/08\/individu-percute-par-le-ter-la-senter-et-la-seter-donnent-leur-version\/\"><\/a><\/div><div class=\"eael-entry-thumbnail eael-image-ratio\">\n                 <img loading=\"lazy\" decoding=\"async\" width=\"625\" height=\"353\" src=\"https:\/\/www.public.sn\/wp-content\/uploads\/2026\/04\/Capture-decran-2026-04-08-a-15.33.02.png\" class=\"attachment-ocean-thumb-ml size-ocean-thumb-ml wp-image-39827\" alt=\"\" srcset=\"https:\/\/www.public.sn\/wp-content\/uploads\/2026\/04\/Capture-decran-2026-04-08-a-15.33.02.png 625w, https:\/\/www.public.sn\/wp-content\/uploads\/2026\/04\/Capture-decran-2026-04-08-a-15.33.02-300x169.png 300w, https:\/\/www.public.sn\/wp-content\/uploads\/2026\/04\/Capture-decran-2026-04-08-a-15.33.02-600x339.png 600w\" sizes=\"(max-width: 625px) 100vw, 625px\" \/>\n             <\/div>\n        <\/div><div class=\"eael-entry-wrapper\"><header class=\"eael-entry-header\"><h1 class=\"eael-entry-title\"><a class=\"eael-grid-post-link\" href=\"https:\/\/www.public.sn\/index.php\/2026\/04\/08\/individu-percute-par-le-ter-la-senter-et-la-seter-donnent-leur-version\/\" title=\"Individu percut\u00e9 par le TER : la Senter et la Seter donnent leur version\">Individu percut\u00e9 par le TER : la Senter et la Seter donnent leur version<\/a><\/h1><\/header><div class=\"eael-entry-meta\"><span class=\"eael-posted-by\"><a href=\"https:\/\/www.public.sn\/index.php\/author\/editeurpsn\/\" title=\"Articles par LA REDACTION\" rel=\"author\">LA REDACTION<\/a><\/span><span class=\"eael-posted-on\"><time datetime=\"8 avril 2026\">8 avril 2026<\/time><\/span><\/div><\/div><\/div>\n        <\/div>\n    <\/article><article class=\"eael-grid-post eael-post-grid-column\" data-id=\"39822\">\n        <div class=\"eael-grid-post-holder\">\n            <div class=\"eael-grid-post-holder-inner\"><div class=\"eael-entry-media\"><div class=\"eael-entry-overlay none\"><i class=\"fas fa-long-arrow-alt-right\" aria-hidden=\"true\"><\/i><a href=\"https:\/\/www.public.sn\/index.php\/2026\/04\/08\/le-coran-sur-le-nguimb-de-doudou-sane-la-fsl-sort-le-baton-le-lutteur-dans-la-tourmente\/\"><\/a><\/div><div class=\"eael-entry-thumbnail eael-image-ratio\">\n                 <img loading=\"lazy\" decoding=\"async\" width=\"800\" height=\"450\" src=\"https:\/\/www.public.sn\/wp-content\/uploads\/2026\/04\/Capture-decran-2026-04-08-a-15.22.43-800x450.png\" class=\"attachment-ocean-thumb-ml size-ocean-thumb-ml wp-image-39823\" alt=\"\" \/>\n             <\/div>\n        <\/div><div class=\"eael-entry-wrapper\"><header class=\"eael-entry-header\"><h1 class=\"eael-entry-title\"><a class=\"eael-grid-post-link\" href=\"https:\/\/www.public.sn\/index.php\/2026\/04\/08\/le-coran-sur-le-nguimb-de-doudou-sane-la-fsl-sort-le-baton-le-lutteur-dans-la-tourmente\/\" title=\"Le Coran sur le nguimb de Doudou San\u00e9 : la FSL sort le b\u00e2ton, le lutteur dans la tourmente\">Le Coran sur le nguimb de Doudou San\u00e9 : la FSL sort le b\u00e2ton, le lutteur dans la tourmente<\/a><\/h1><\/header><div class=\"eael-entry-meta\"><span class=\"eael-posted-by\"><a href=\"https:\/\/www.public.sn\/index.php\/author\/editeurpsn\/\" title=\"Articles par LA REDACTION\" rel=\"author\">LA REDACTION<\/a><\/span><span class=\"eael-posted-on\"><time datetime=\"8 avril 2026\">8 avril 2026<\/time><\/span><\/div><\/div><\/div>\n        <\/div>\n    <\/article><article class=\"eael-grid-post eael-post-grid-column\" data-id=\"39817\">\n        <div class=\"eael-grid-post-holder\">\n            <div class=\"eael-grid-post-holder-inner\"><div class=\"eael-entry-media\"><div class=\"eael-entry-overlay none\"><i class=\"fas fa-long-arrow-alt-right\" aria-hidden=\"true\"><\/i><a href=\"https:\/\/www.public.sn\/index.php\/2026\/04\/08\/libye-aliou-cisse-quitte-la-tete-de-la-selection-nationale\/\"><\/a><\/div><div class=\"eael-entry-thumbnail eael-image-ratio\">\n                 <img loading=\"lazy\" decoding=\"async\" width=\"627\" height=\"350\" src=\"https:\/\/www.public.sn\/wp-content\/uploads\/2026\/04\/Capture-decran-2026-04-08-a-15.13.58.png\" class=\"attachment-ocean-thumb-ml size-ocean-thumb-ml wp-image-39818\" alt=\"\" srcset=\"https:\/\/www.public.sn\/wp-content\/uploads\/2026\/04\/Capture-decran-2026-04-08-a-15.13.58.png 627w, https:\/\/www.public.sn\/wp-content\/uploads\/2026\/04\/Capture-decran-2026-04-08-a-15.13.58-300x167.png 300w, https:\/\/www.public.sn\/wp-content\/uploads\/2026\/04\/Capture-decran-2026-04-08-a-15.13.58-600x335.png 600w\" sizes=\"(max-width: 627px) 100vw, 627px\" \/>\n             <\/div>\n        <\/div><div class=\"eael-entry-wrapper\"><header class=\"eael-entry-header\"><h1 class=\"eael-entry-title\"><a class=\"eael-grid-post-link\" href=\"https:\/\/www.public.sn\/index.php\/2026\/04\/08\/libye-aliou-cisse-quitte-la-tete-de-la-selection-nationale\/\" title=\"Libye : Aliou Ciss\u00e9 quitte la t\u00eate de la s\u00e9lection nationale\">Libye : Aliou Ciss\u00e9 quitte la t\u00eate de la s\u00e9lection nationale<\/a><\/h1><\/header><div class=\"eael-entry-meta\"><span class=\"eael-posted-by\"><a href=\"https:\/\/www.public.sn\/index.php\/author\/editeurpsn\/\" title=\"Articles par LA REDACTION\" rel=\"author\">LA REDACTION<\/a><\/span><span class=\"eael-posted-on\"><time datetime=\"8 avril 2026\">8 avril 2026<\/time><\/span><\/div><\/div><\/div>\n        <\/div>\n    <\/article><\/div>\n            <div class=\"clearfix\"><\/div>\n        <\/div>            <div class=\"eael-load-more-button-wrap\">\n                <button class=\"eael-load-more-button\" id=\"eael-load-more-btn-d030979\" data-widget-id=\"d030979\" data-widget=\"d030979\" data-page-id=\"12853\" data-template=\"{&quot;dir&quot;:&quot;lite&quot;,&quot;file_name&quot;:&quot;three.php&quot;,&quot;name&quot;:&quot;Post-Grid&quot;}\" data-class=\"Essential_Addons_Elementor\\Elements\\Post_Grid\" data-layout=\"grid\" data-page=\"1\" data-args=\"orderby=date&amp;order=desc&amp;ignore_sticky_posts=1&amp;post_status=publish&amp;posts_per_page=3&amp;offset=9&amp;post_type=post\" data-max-page=\"2433\">\n                    <span class=\"eael-btn-loader button__loader\"><\/span>\n                    <span class=\"eael_load_more_text\">+ D&#039;ACTUS<\/span>\n                <\/button>\n            <\/div>\n            \t\t\t\t<\/div>\n\t\t\t\t<\/div>\n\t\t\t\t<div class=\"elementor-element elementor-element-84ef50e elementor-widget-divider--view-line_text elementor-hidden-desktop elementor-widget-divider--element-align-center elementor-widget elementor-widget-divider\" data-id=\"84ef50e\" data-element_type=\"widget\" data-widget_type=\"divider.default\">\n\t\t\t\t<div class=\"elementor-widget-container\">\n\t\t\t\t\t\t\t<div class=\"elementor-divider\">\n\t\t\t<span class=\"elementor-divider-separator\">\n\t\t\t\t\t\t\t<span class=\"elementor-divider__text elementor-divider__element\">\n\t\t\t\tACTU PEOPLE\t\t\t\t<\/span>\n\t\t\t\t\t\t<\/span>\n\t\t<\/div>\n\t\t\t\t\t\t<\/div>\n\t\t\t\t<\/div>\n\t\t\t\t<div class=\"elementor-element elementor-element-7b92ceb elementor-hidden-desktop elementor-widget elementor-widget-elementskit-blog-posts\" data-id=\"7b92ceb\" data-element_type=\"widget\" data-widget_type=\"elementskit-blog-posts.default\">\n\t\t\t\t<div class=\"elementor-widget-container\">\n\t\t\t\t\t<div class=\"ekit-wid-con\" >        <div id=\"post-items--7b92ceb\" class=\"row post-items\">\n                    <div class=\"col-lg-12 col-md-12\">\n\n                                    <div class=\"elementskit-post-image-card\">\n                        <div class=\"elementskit-entry-header\">\n                                                            <a href=\"https:\/\/www.public.sn\/index.php\/2026\/04\/10\/kaffrine-une-video-intime-partagee-avec-une-confidente-provoque-des-consequences-inattendues\/\" class=\"elementskit-entry-thumb\">\n                                    <img decoding=\"async\" src=\"https:\/\/www.public.sn\/wp-content\/uploads\/2026\/04\/Capture-decran-2026-04-10-a-11.01.42-300x300.png\" alt=\"Kaffrine : une vid\u00e9o intime partag\u00e9e avec une confidente provoque des cons\u00e9quences inattendues\">\n                                <\/a><!-- .elementskit-entry-thumb END -->\n                                                                                                    <div class=\"elementskit-meta-lists elementskit-style-tag\">\n                                        <div class=\"elementskit-single-meta triangle_left\"><span class=\"elementskit-meta-wraper\"><strong>10<\/strong>Avr<\/span><\/div>\n                                    <\/div>\n                                                                                            \n                            \n\t\t\t\t\t\t\t\t\t\t\t\t\t<\/div><!-- .elementskit-entry-header END -->\n\n\t\t\t\t\t\t<div class=\"elementskit-post-body \">\n\t\t\t\t\t\t\t\n\t\t\t\t\t\t\t\t\n\t\t\t\t\t\t\t\t\t\t\t\t\t\t\t\t\t\t\t\t\t<h2 class=\"entry-title\">\n\t\t\t\t\t<a href=\"https:\/\/www.public.sn\/index.php\/2026\/04\/10\/kaffrine-une-video-intime-partagee-avec-une-confidente-provoque-des-consequences-inattendues\/\">\n\t\t\t\t\t\tKaffrine : une vid\u00e9o intime partag\u00e9e avec une confidente provoque des cons\u00e9quences inattendues\t\t\t\t\t<\/a>\n\t\t\t\t<\/h2>\n\t\t\t\t\t\t\t\t\t\t\t\n\t\t\t\t\t\t\t\t\t\t\t\t\t\t\t\t\t\t\t\t\t\t\t\t\t\t\t\t\t\t\t\t\t\t\t\t\t\t\t\t\t\t\t\t\t\t\t\t\t<div class=\"post-meta-list\">\n\t\t\t\t\t\t\t\t\t\t\t\t\t\t\t\t\t\t\t\t\t\t\t\t<span class=\"meta-author\">\n\t\t\t\t\t\t\t\t\t\t\t\t\t\t\t\t\t\t\t\t\t<i aria-hidden=\"true\" class=\"icon icon-user\"><\/i>\t\t\t\t\t\t\t\t\t\t\t\t\t\t\t\t\t\t\t\t<a href=\"https:\/\/www.public.sn\/index.php\/author\/editeurpsn\/\" class=\"author-name\">LA REDACTION<\/a>\n\t\t\t\t\t\t\t\t\t<\/span>\n\t\t\t\t\t\t\t\t\t\t\t\t\t\t\t\t\t\t\t\t\t\t\t\t\t\t\t\t\t\t\t\t\t\t\t\t\t\t\t\t\t\t\t\t\t\t\t\t\t\t\t\t\t\t\t\t\t\t\t\t\t\t\t\t\t\t\t\t\t\t\t\t\t\t\t\t\t\t\t\t<span class=\"post-comment\">\n\t\t\t\t\t\t\t\t\t\t<i aria-hidden=\"true\" class=\"icon icon-comment\"><\/i>\t\t\t\t\t\t\t\t\t\t<a href=\"https:\/\/www.public.sn\/index.php\/2026\/04\/10\/kaffrine-une-video-intime-partagee-avec-une-confidente-provoque-des-consequences-inattendues\/#respond\">0<\/a>\n\t\t\t\t\t\t\t\t\t<\/span>\n\t\t\t\t\t\t\t\t\t\t\t\t\t\t\t\t\t\t\t\t\t<\/div>\n\t\t\t\t\t\t\t\t\t\t\t\t                                                    <\/div><!-- .elementskit-post-body END -->\n                    <\/div>\n                \n            <\/div>\n                    <div class=\"col-lg-12 col-md-12\">\n\n                                    <div class=\"elementskit-post-image-card\">\n                        <div class=\"elementskit-entry-header\">\n                                                            <a href=\"https:\/\/www.public.sn\/index.php\/2026\/04\/08\/nabou-dash-elle-explique-son-avortement-par-des-raisons-de-sante\/\" class=\"elementskit-entry-thumb\">\n                                    <img decoding=\"async\" src=\"https:\/\/www.public.sn\/wp-content\/uploads\/2026\/04\/Capture-decran-2026-04-08-a-16.30.55-300x300.png\" alt=\"Nabou Dash : elle explique son avortement par des raisons de sant\u00e9\">\n                                <\/a><!-- .elementskit-entry-thumb END -->\n                                                                                                    <div class=\"elementskit-meta-lists elementskit-style-tag\">\n                                        <div class=\"elementskit-single-meta triangle_left\"><span class=\"elementskit-meta-wraper\"><strong>08<\/strong>Avr<\/span><\/div>\n                                    <\/div>\n                                                                                            \n                            \n\t\t\t\t\t\t\t\t\t\t\t\t\t<\/div><!-- .elementskit-entry-header END -->\n\n\t\t\t\t\t\t<div class=\"elementskit-post-body \">\n\t\t\t\t\t\t\t\n\t\t\t\t\t\t\t\t\n\t\t\t\t\t\t\t\t\t\t\t\t\t\t\t\t\t\t\t\t\t<h2 class=\"entry-title\">\n\t\t\t\t\t<a href=\"https:\/\/www.public.sn\/index.php\/2026\/04\/08\/nabou-dash-elle-explique-son-avortement-par-des-raisons-de-sante\/\">\n\t\t\t\t\t\tNabou Dash : elle explique son avortement par des raisons de sant\u00e9\t\t\t\t\t<\/a>\n\t\t\t\t<\/h2>\n\t\t\t\t\t\t\t\t\t\t\t\n\t\t\t\t\t\t\t\t\t\t\t\t\t\t\t\t\t\t\t\t\t\t\t\t\t\t\t\t\t\t\t\t\t\t\t\t\t\t\t\t\t\t\t\t\t\t\t\t\t<div class=\"post-meta-list\">\n\t\t\t\t\t\t\t\t\t\t\t\t\t\t\t\t\t\t\t\t\t\t\t\t<span class=\"meta-author\">\n\t\t\t\t\t\t\t\t\t\t\t\t\t\t\t\t\t\t\t\t\t<i aria-hidden=\"true\" class=\"icon icon-user\"><\/i>\t\t\t\t\t\t\t\t\t\t\t\t\t\t\t\t\t\t\t\t<a href=\"https:\/\/www.public.sn\/index.php\/author\/editeurpsn\/\" class=\"author-name\">LA REDACTION<\/a>\n\t\t\t\t\t\t\t\t\t<\/span>\n\t\t\t\t\t\t\t\t\t\t\t\t\t\t\t\t\t\t\t\t\t\t\t\t\t\t\t\t\t\t\t\t\t\t\t\t\t\t\t\t\t\t\t\t\t\t\t\t\t\t\t\t\t\t\t\t\t\t\t\t\t\t\t\t\t\t\t\t\t\t\t\t\t\t\t\t\t\t\t\t<span class=\"post-comment\">\n\t\t\t\t\t\t\t\t\t\t<i aria-hidden=\"true\" class=\"icon icon-comment\"><\/i>\t\t\t\t\t\t\t\t\t\t<a href=\"https:\/\/www.public.sn\/index.php\/2026\/04\/08\/nabou-dash-elle-explique-son-avortement-par-des-raisons-de-sante\/#respond\">0<\/a>\n\t\t\t\t\t\t\t\t\t<\/span>\n\t\t\t\t\t\t\t\t\t\t\t\t\t\t\t\t\t\t\t\t\t<\/div>\n\t\t\t\t\t\t\t\t\t\t\t\t                                                    <\/div><!-- .elementskit-post-body END -->\n                    <\/div>\n                \n            <\/div>\n                    <div class=\"col-lg-12 col-md-12\">\n\n                                    <div class=\"elementskit-post-image-card\">\n                        <div class=\"elementskit-entry-header\">\n                            \n                            \n\t\t\t\t\t\t\t\t\t\t\t\t\t<\/div><!-- .elementskit-entry-header END -->\n\n\t\t\t\t\t\t<div class=\"elementskit-post-body \">\n\t\t\t\t\t\t\t\n\t\t\t\t\t\t\t\t\n\t\t\t\t\t\t\t\t\t\t\t\t\t\t\t\t\t\t\t\t\t<h2 class=\"entry-title\">\n\t\t\t\t\t<a href=\"https:\/\/www.public.sn\/index.php\/2026\/04\/05\/thies-une-collegienne-de-14-ans-reitere-son-amour-pour-son-presume-violeur-2\/\">\n\t\t\t\t\t\tThi\u00e8s : Une coll\u00e9gienne de 14 ans r\u00e9it\u00e8re son amour pour son pr\u00e9sum\u00e9 violeur\t\t\t\t\t<\/a>\n\t\t\t\t<\/h2>\n\t\t\t\t\t\t\t\t\t\t\t\n\t\t\t\t\t\t\t\t\t\t\t\t\t\t\t\t\t\t\t\t\t\t\t\t\t\t\t\t\t\t\t\t\t\t\t\t\t\t\t\t\t\t\t\t\t\t\t\t\t<div class=\"post-meta-list\">\n\t\t\t\t\t\t\t\t\t\t\t\t\t\t\t\t\t\t\t\t\t\t\t\t<span class=\"meta-author\">\n\t\t\t\t\t\t\t\t\t\t\t\t\t\t\t\t\t\t\t\t\t<i aria-hidden=\"true\" class=\"icon icon-user\"><\/i>\t\t\t\t\t\t\t\t\t\t\t\t\t\t\t\t\t\t\t\t<a href=\"https:\/\/www.public.sn\/index.php\/author\/editeurpsn\/\" class=\"author-name\">LA REDACTION<\/a>\n\t\t\t\t\t\t\t\t\t<\/span>\n\t\t\t\t\t\t\t\t\t\t\t\t\t\t\t\t\t\t\t\t\t\t\t\t\t\t\t\t\t\t\t\t\t\t\t\t\t\t\t\t\t\t\t\t\t\t\t\t\t\t\t\t\t\t\t\t\t\t\t\t\t\t\t\t\t\t\t\t\t\t\t\t\t\t\t\t\t\t\t\t<span class=\"post-comment\">\n\t\t\t\t\t\t\t\t\t\t<i aria-hidden=\"true\" class=\"icon icon-comment\"><\/i>\t\t\t\t\t\t\t\t\t\t<a href=\"https:\/\/www.public.sn\/index.php\/2026\/04\/05\/thies-une-collegienne-de-14-ans-reitere-son-amour-pour-son-presume-violeur-2\/#respond\">0<\/a>\n\t\t\t\t\t\t\t\t\t<\/span>\n\t\t\t\t\t\t\t\t\t\t\t\t\t\t\t\t\t\t\t\t\t<\/div>\n\t\t\t\t\t\t\t\t\t\t\t\t                                                    <\/div><!-- .elementskit-post-body END -->\n                    <\/div>\n                \n            <\/div>\n                    <div class=\"col-lg-12 col-md-12\">\n\n                                    <div class=\"elementskit-post-image-card\">\n                        <div class=\"elementskit-entry-header\">\n                                                            <a href=\"https:\/\/www.public.sn\/index.php\/2026\/04\/02\/affaire-pape-cheikh-un-tiktokeur-arrete-dans-le-cadre-de-lenquete\/\" class=\"elementskit-entry-thumb\">\n                                    <img decoding=\"async\" src=\"https:\/\/www.public.sn\/wp-content\/uploads\/2026\/04\/Capture-decran-2026-04-02-a-16.03.09-300x300.png\" alt=\"Affaire Pape Cheikh : un TikTokeur arr\u00eat\u00e9 dans le cadre de l\u2019enqu\u00eate\">\n                                <\/a><!-- .elementskit-entry-thumb END -->\n                                                                                                    <div class=\"elementskit-meta-lists elementskit-style-tag\">\n                                        <div class=\"elementskit-single-meta triangle_left\"><span class=\"elementskit-meta-wraper\"><strong>02<\/strong>Avr<\/span><\/div>\n                                    <\/div>\n                                                                                            \n                            \n\t\t\t\t\t\t\t\t\t\t\t\t\t<\/div><!-- .elementskit-entry-header END -->\n\n\t\t\t\t\t\t<div class=\"elementskit-post-body \">\n\t\t\t\t\t\t\t\n\t\t\t\t\t\t\t\t\n\t\t\t\t\t\t\t\t\t\t\t\t\t\t\t\t\t\t\t\t\t<h2 class=\"entry-title\">\n\t\t\t\t\t<a href=\"https:\/\/www.public.sn\/index.php\/2026\/04\/02\/affaire-pape-cheikh-un-tiktokeur-arrete-dans-le-cadre-de-lenquete\/\">\n\t\t\t\t\t\tAffaire Pape Cheikh : un TikTokeur arr\u00eat\u00e9 dans le cadre de l\u2019enqu\u00eate\t\t\t\t\t<\/a>\n\t\t\t\t<\/h2>\n\t\t\t\t\t\t\t\t\t\t\t\n\t\t\t\t\t\t\t\t\t\t\t\t\t\t\t\t\t\t\t\t\t\t\t\t\t\t\t\t\t\t\t\t\t\t\t\t\t\t\t\t\t\t\t\t\t\t\t\t\t<div class=\"post-meta-list\">\n\t\t\t\t\t\t\t\t\t\t\t\t\t\t\t\t\t\t\t\t\t\t\t\t<span class=\"meta-author\">\n\t\t\t\t\t\t\t\t\t\t\t\t\t\t\t\t\t\t\t\t\t<i aria-hidden=\"true\" class=\"icon icon-user\"><\/i>\t\t\t\t\t\t\t\t\t\t\t\t\t\t\t\t\t\t\t\t<a href=\"https:\/\/www.public.sn\/index.php\/author\/editeurpsn\/\" class=\"author-name\">LA REDACTION<\/a>\n\t\t\t\t\t\t\t\t\t<\/span>\n\t\t\t\t\t\t\t\t\t\t\t\t\t\t\t\t\t\t\t\t\t\t\t\t\t\t\t\t\t\t\t\t\t\t\t\t\t\t\t\t\t\t\t\t\t\t\t\t\t\t\t\t\t\t\t\t\t\t\t\t\t\t\t\t\t\t\t\t\t\t\t\t\t\t\t\t\t\t\t\t<span class=\"post-comment\">\n\t\t\t\t\t\t\t\t\t\t<i aria-hidden=\"true\" class=\"icon icon-comment\"><\/i>\t\t\t\t\t\t\t\t\t\t<a href=\"https:\/\/www.public.sn\/index.php\/2026\/04\/02\/affaire-pape-cheikh-un-tiktokeur-arrete-dans-le-cadre-de-lenquete\/#respond\">0<\/a>\n\t\t\t\t\t\t\t\t\t<\/span>\n\t\t\t\t\t\t\t\t\t\t\t\t\t\t\t\t\t\t\t\t\t<\/div>\n\t\t\t\t\t\t\t\t\t\t\t\t                                                    <\/div><!-- .elementskit-post-body END -->\n                    <\/div>\n                \n            <\/div>\n                    <div class=\"col-lg-12 col-md-12\">\n\n                                    <div class=\"elementskit-post-image-card\">\n                        <div class=\"elementskit-entry-header\">\n                                                            <a href=\"https:\/\/www.public.sn\/index.php\/2026\/04\/02\/thies-une-collegienne-de-14-ans-reitere-son-amour-pour-son-presume-violeur\/\" class=\"elementskit-entry-thumb\">\n                                    <img decoding=\"async\" src=\"https:\/\/www.public.sn\/wp-content\/uploads\/2026\/04\/Capture-decran-2026-04-02-a-15.57.02-300x300.png\" alt=\"Thi\u00e8s : Une coll\u00e9gienne de 14 ans r\u00e9it\u00e8re son amour pour son pr\u00e9sum\u00e9 violeur\">\n                                <\/a><!-- .elementskit-entry-thumb END -->\n                                                                                                    <div class=\"elementskit-meta-lists elementskit-style-tag\">\n                                        <div class=\"elementskit-single-meta triangle_left\"><span class=\"elementskit-meta-wraper\"><strong>02<\/strong>Avr<\/span><\/div>\n                                    <\/div>\n                                                                                            \n                            \n\t\t\t\t\t\t\t\t\t\t\t\t\t<\/div><!-- .elementskit-entry-header END -->\n\n\t\t\t\t\t\t<div class=\"elementskit-post-body \">\n\t\t\t\t\t\t\t\n\t\t\t\t\t\t\t\t\n\t\t\t\t\t\t\t\t\t\t\t\t\t\t\t\t\t\t\t\t\t<h2 class=\"entry-title\">\n\t\t\t\t\t<a href=\"https:\/\/www.public.sn\/index.php\/2026\/04\/02\/thies-une-collegienne-de-14-ans-reitere-son-amour-pour-son-presume-violeur\/\">\n\t\t\t\t\t\tThi\u00e8s : Une coll\u00e9gienne de 14 ans r\u00e9it\u00e8re son amour pour son pr\u00e9sum\u00e9 violeur\t\t\t\t\t<\/a>\n\t\t\t\t<\/h2>\n\t\t\t\t\t\t\t\t\t\t\t\n\t\t\t\t\t\t\t\t\t\t\t\t\t\t\t\t\t\t\t\t\t\t\t\t\t\t\t\t\t\t\t\t\t\t\t\t\t\t\t\t\t\t\t\t\t\t\t\t\t<div class=\"post-meta-list\">\n\t\t\t\t\t\t\t\t\t\t\t\t\t\t\t\t\t\t\t\t\t\t\t\t<span class=\"meta-author\">\n\t\t\t\t\t\t\t\t\t\t\t\t\t\t\t\t\t\t\t\t\t<i aria-hidden=\"true\" class=\"icon icon-user\"><\/i>\t\t\t\t\t\t\t\t\t\t\t\t\t\t\t\t\t\t\t\t<a href=\"https:\/\/www.public.sn\/index.php\/author\/editeurpsn\/\" class=\"author-name\">LA REDACTION<\/a>\n\t\t\t\t\t\t\t\t\t<\/span>\n\t\t\t\t\t\t\t\t\t\t\t\t\t\t\t\t\t\t\t\t\t\t\t\t\t\t\t\t\t\t\t\t\t\t\t\t\t\t\t\t\t\t\t\t\t\t\t\t\t\t\t\t\t\t\t\t\t\t\t\t\t\t\t\t\t\t\t\t\t\t\t\t\t\t\t\t\t\t\t\t<span class=\"post-comment\">\n\t\t\t\t\t\t\t\t\t\t<i aria-hidden=\"true\" class=\"icon icon-comment\"><\/i>\t\t\t\t\t\t\t\t\t\t<a href=\"https:\/\/www.public.sn\/index.php\/2026\/04\/02\/thies-une-collegienne-de-14-ans-reitere-son-amour-pour-son-presume-violeur\/#respond\">0<\/a>\n\t\t\t\t\t\t\t\t\t<\/span>\n\t\t\t\t\t\t\t\t\t\t\t\t\t\t\t\t\t\t\t\t\t<\/div>\n\t\t\t\t\t\t\t\t\t\t\t\t                                                    <\/div><!-- .elementskit-post-body END -->\n                    <\/div>\n                \n            <\/div>\n                <\/div>\n       <\/div>\t\t\t\t<\/div>\n\t\t\t\t<\/div>\n\t\t\t\t<div class=\"elementor-element elementor-element-4eb77e7 elementor-widget-divider--view-line_text elementor-hidden-desktop elementor-widget-divider--element-align-center elementor-widget elementor-widget-divider\" data-id=\"4eb77e7\" data-element_type=\"widget\" data-widget_type=\"divider.default\">\n\t\t\t\t<div class=\"elementor-widget-container\">\n\t\t\t\t\t\t\t<div class=\"elementor-divider\">\n\t\t\t<span class=\"elementor-divider-separator\">\n\t\t\t\t\t\t\t<span class=\"elementor-divider__text elementor-divider__element\">\n\t\t\t\tSPORTS\t\t\t\t<\/span>\n\t\t\t\t\t\t<\/span>\n\t\t<\/div>\n\t\t\t\t\t\t<\/div>\n\t\t\t\t<\/div>\n\t\t\t\t<div class=\"elementor-element elementor-element-ac7d5b1 anwp-grid_card_bg_effect-darken_only elementor-widget__width-inherit elementor-hidden-desktop anwp-pg-widget-header-style--b anwp-pg-post-teaser__post-icon--size-16 anwp-pg-post-teaser__post-icon--position-center elementor-widget elementor-widget-anwp-pg-light-grid\" data-id=\"ac7d5b1\" data-element_type=\"widget\" data-widget_type=\"anwp-pg-light-grid.default\">\n\t\t\t\t<div class=\"elementor-widget-container\">\n\t\t\t\t\t<div class=\"anwp-pg-wrap\">\n\n\t\n\t<div class=\"d-flex anwp-row flex-wrap anwp-pg-light-grid anwp-pg-posts-wrapper\">\n\t\t<div class=\"anwp-pg-post-teaser anwp-pg-post-teaser--layout-f anwp-col-lg-12 anwp-col-sm-6 anwp-col-12 anwp-pg-post-teaser--has-comments-meta d-flex position-relative\">\n\t<div class=\"anwp-pg-post-teaser__thumbnail position-relative\">\n\n\t\t\n\t\t\t\t\t<img loading=\"lazy\" class=\"anwp-pg-post-teaser__thumbnail-img d-block anwp-object-cover m-0 w-100\"\n\t\t\t\talt=\"Eumeu S\u00e8ne\u00a0\u00e0 Paris : les raisons de son d\u00e9part qui font parler\"\n\t\t\t\tsrc=\"https:\/\/www.public.sn\/wp-content\/uploads\/2026\/04\/Capture-decran-2026-04-09-a-11.41.40-300x170.png\"\/>\n\t\t\n\t\t<div class=\"anwp-pg-post-teaser__thumbnail-bg anwp-position-cover\"><\/div>\n\t<\/div>\n\n\t<div class=\"anwp-pg-post-teaser__content flex-grow-1 d-flex flex-column pt-1\">\n\t\t\n\t\t<div class=\"anwp-pg-post-teaser__title anwp-font-heading my-auto\">\n\t\t\tEumeu S\u00e8ne\u00a0\u00e0 Paris : les raisons de son d\u00e9part qui font parler\t\t<\/div>\n\n\t\t<div class=\"anwp-pg-post-teaser__bottom-meta mt-1 d-flex flex-wrap\">\n\n\t\t\t\t\t\t\t<div class=\"anwp-pg-post-teaser__bottom-meta-item d-flex align-items-center mr-3\">\n\t\t\t\t\t<svg class=\"anwp-pg-icon anwp-pg-icon--s16 mr-1\">\n\t\t\t\t\t\t<use xlink:href=\"#icon-anwp-pg-calendar\"><\/use>\n\t\t\t\t\t<\/svg>\n\t\t\t\t\t<span class=\"posted-on m-0\"><span class=\"screen-reader-text\">Posted on<\/span><time class=\"anwp-pg-published\" datetime=\"2026-04-09T11:47:49+00:00\">9 avril 2026<\/time><time class=\"anwp-pg-updated\" datetime=\"2026-04-09T11:47:49+00:00\">9 avril 2026<\/time><\/span>\n\t\t\t\t<\/div>\n\t\t\t\t\t\t\t\t\t<div class=\"anwp-pg-post-teaser__bottom-meta-item d-flex align-items-center mr-3\">\n\t\t\t\t\t\t<svg class=\"anwp-pg-icon anwp-pg-icon--s16 mr-1\">\n\t\t\t\t\t\t\t<use xlink:href=\"#icon-anwp-pg-comment-discussion\"><\/use>\n\t\t\t\t\t\t<\/svg>\n\t\t\t\t\t\t0\t\t\t\t\t<\/div>\n\t\t\t\t\t\t\t<\/div>\n\n\t<\/div>\n\n\t<a class=\"anwp-position-cover anwp-link-without-effects\" href=\"https:\/\/www.public.sn\/index.php\/2026\/04\/09\/eumeu-sene-a-paris-les-raisons-de-son-depart-qui-font-parler\/\" aria-hidden=\"true\" ><\/a>\n<\/div>\n\t<\/div>\n\t\n\t<\/div>\n\t\t\t\t<\/div>\n\t\t\t\t<\/div>\n\t\t\t\t<div class=\"elementor-element elementor-element-d07833e anwp-grid_card_bg_effect-darken_only elementor-widget__width-inherit elementor-hidden-desktop anwp-pg-widget-header-style--b anwp-pg-post-teaser__post-icon--size-16 anwp-pg-post-teaser__post-icon--position-center elementor-widget elementor-widget-anwp-pg-light-grid\" data-id=\"d07833e\" data-element_type=\"widget\" data-widget_type=\"anwp-pg-light-grid.default\">\n\t\t\t\t<div class=\"elementor-widget-container\">\n\t\t\t\t\t<div class=\"anwp-pg-wrap\">\n\n\t\n\t<div class=\"d-flex anwp-row flex-wrap anwp-pg-light-grid anwp-pg-posts-wrapper\">\n\t\t<div class=\"anwp-pg-post-teaser anwp-pg-post-teaser--layout-f anwp-col-lg-12 anwp-col-sm-6 anwp-col-12 anwp-pg-post-teaser--has-comments-meta d-flex position-relative\">\n\t<div class=\"anwp-pg-post-teaser__thumbnail position-relative\">\n\n\t\t\n\t\t\t\t\t<img loading=\"lazy\" class=\"anwp-pg-post-teaser__thumbnail-img d-block anwp-object-cover m-0 w-100\"\n\t\t\t\talt=\"Le Coran sur le nguimb de Doudou San\u00e9 : la FSL sort le b\u00e2ton, le lutteur dans la tourmente\"\n\t\t\t\tsrc=\"https:\/\/www.public.sn\/wp-content\/uploads\/2026\/04\/Capture-decran-2026-04-08-a-15.22.43-300x153.png\"\/>\n\t\t\n\t\t<div class=\"anwp-pg-post-teaser__thumbnail-bg anwp-position-cover\"><\/div>\n\t<\/div>\n\n\t<div class=\"anwp-pg-post-teaser__content flex-grow-1 d-flex flex-column pt-1\">\n\t\t\n\t\t<div class=\"anwp-pg-post-teaser__title anwp-font-heading my-auto\">\n\t\t\tLe Coran sur le nguimb de Doudou San\u00e9 : la FSL sort le b\u00e2ton, le lutteur dans la tourmente\t\t<\/div>\n\n\t\t<div class=\"anwp-pg-post-teaser__bottom-meta mt-1 d-flex flex-wrap\">\n\n\t\t\t\t\t\t\t<div class=\"anwp-pg-post-teaser__bottom-meta-item d-flex align-items-center mr-3\">\n\t\t\t\t\t<svg class=\"anwp-pg-icon anwp-pg-icon--s16 mr-1\">\n\t\t\t\t\t\t<use xlink:href=\"#icon-anwp-pg-calendar\"><\/use>\n\t\t\t\t\t<\/svg>\n\t\t\t\t\t<span class=\"posted-on m-0\"><span class=\"screen-reader-text\">Posted on<\/span><time class=\"anwp-pg-published\" datetime=\"2026-04-08T15:26:54+00:00\">8 avril 2026<\/time><time class=\"anwp-pg-updated\" datetime=\"2026-04-08T15:27:00+00:00\">8 avril 2026<\/time><\/span>\n\t\t\t\t<\/div>\n\t\t\t\t\t\t\t\t\t<div class=\"anwp-pg-post-teaser__bottom-meta-item d-flex align-items-center mr-3\">\n\t\t\t\t\t\t<svg class=\"anwp-pg-icon anwp-pg-icon--s16 mr-1\">\n\t\t\t\t\t\t\t<use xlink:href=\"#icon-anwp-pg-comment-discussion\"><\/use>\n\t\t\t\t\t\t<\/svg>\n\t\t\t\t\t\t0\t\t\t\t\t<\/div>\n\t\t\t\t\t\t\t<\/div>\n\n\t<\/div>\n\n\t<a class=\"anwp-position-cover anwp-link-without-effects\" href=\"https:\/\/www.public.sn\/index.php\/2026\/04\/08\/le-coran-sur-le-nguimb-de-doudou-sane-la-fsl-sort-le-baton-le-lutteur-dans-la-tourmente\/\" aria-hidden=\"true\" ><\/a>\n<\/div>\n\t<\/div>\n\t\n\t<\/div>\n\t\t\t\t<\/div>\n\t\t\t\t<\/div>\n\t\t\t\t<div class=\"elementor-element elementor-element-3d93747 anwp-grid_card_bg_effect-darken_only elementor-widget__width-inherit elementor-hidden-desktop anwp-pg-widget-header-style--b anwp-pg-post-teaser__post-icon--size-16 anwp-pg-post-teaser__post-icon--position-center elementor-widget elementor-widget-anwp-pg-light-grid\" data-id=\"3d93747\" data-element_type=\"widget\" data-widget_type=\"anwp-pg-light-grid.default\">\n\t\t\t\t<div class=\"elementor-widget-container\">\n\t\t\t\t\t<div class=\"anwp-pg-wrap\">\n\n\t\n\t<div class=\"d-flex anwp-row flex-wrap anwp-pg-light-grid anwp-pg-posts-wrapper\">\n\t\t<div class=\"anwp-pg-post-teaser anwp-pg-post-teaser--layout-f anwp-col-lg-12 anwp-col-sm-6 anwp-col-12 anwp-pg-post-teaser--has-comments-meta d-flex position-relative\">\n\t<div class=\"anwp-pg-post-teaser__thumbnail position-relative\">\n\n\t\t\n\t\t\t\t\t<img loading=\"lazy\" class=\"anwp-pg-post-teaser__thumbnail-img d-block anwp-object-cover m-0 w-100\"\n\t\t\t\talt=\"Libye : Aliou Ciss\u00e9 quitte la t\u00eate de la s\u00e9lection nationale\"\n\t\t\t\tsrc=\"https:\/\/www.public.sn\/wp-content\/uploads\/2026\/04\/Capture-decran-2026-04-08-a-15.13.58-300x167.png\"\/>\n\t\t\n\t\t<div class=\"anwp-pg-post-teaser__thumbnail-bg anwp-position-cover\"><\/div>\n\t<\/div>\n\n\t<div class=\"anwp-pg-post-teaser__content flex-grow-1 d-flex flex-column pt-1\">\n\t\t\n\t\t<div class=\"anwp-pg-post-teaser__title anwp-font-heading my-auto\">\n\t\t\tLibye : Aliou Ciss\u00e9 quitte la t\u00eate de la s\u00e9lection nationale\t\t<\/div>\n\n\t\t<div class=\"anwp-pg-post-teaser__bottom-meta mt-1 d-flex flex-wrap\">\n\n\t\t\t\t\t\t\t<div class=\"anwp-pg-post-teaser__bottom-meta-item d-flex align-items-center mr-3\">\n\t\t\t\t\t<svg class=\"anwp-pg-icon anwp-pg-icon--s16 mr-1\">\n\t\t\t\t\t\t<use xlink:href=\"#icon-anwp-pg-calendar\"><\/use>\n\t\t\t\t\t<\/svg>\n\t\t\t\t\t<span class=\"posted-on m-0\"><span class=\"screen-reader-text\">Posted on<\/span><time class=\"anwp-pg-published\" datetime=\"2026-04-08T15:17:08+00:00\">8 avril 2026<\/time><time class=\"anwp-pg-updated\" datetime=\"2026-04-08T15:17:15+00:00\">8 avril 2026<\/time><\/span>\n\t\t\t\t<\/div>\n\t\t\t\t\t\t\t\t\t<div class=\"anwp-pg-post-teaser__bottom-meta-item d-flex align-items-center mr-3\">\n\t\t\t\t\t\t<svg class=\"anwp-pg-icon anwp-pg-icon--s16 mr-1\">\n\t\t\t\t\t\t\t<use xlink:href=\"#icon-anwp-pg-comment-discussion\"><\/use>\n\t\t\t\t\t\t<\/svg>\n\t\t\t\t\t\t0\t\t\t\t\t<\/div>\n\t\t\t\t\t\t\t<\/div>\n\n\t<\/div>\n\n\t<a class=\"anwp-position-cover anwp-link-without-effects\" href=\"https:\/\/www.public.sn\/index.php\/2026\/04\/08\/libye-aliou-cisse-quitte-la-tete-de-la-selection-nationale\/\" aria-hidden=\"true\" ><\/a>\n<\/div>\n\t<\/div>\n\t\n\t<\/div>\n\t\t\t\t<\/div>\n\t\t\t\t<\/div>\n\t\t\t\t<div class=\"elementor-element elementor-element-b9998bf anwp-grid_card_bg_effect-darken_only elementor-widget__width-inherit elementor-hidden-desktop anwp-pg-widget-header-style--b anwp-pg-post-teaser__post-icon--size-16 anwp-pg-post-teaser__post-icon--position-center elementor-widget elementor-widget-anwp-pg-light-grid\" data-id=\"b9998bf\" data-element_type=\"widget\" data-widget_type=\"anwp-pg-light-grid.default\">\n\t\t\t\t<div class=\"elementor-widget-container\">\n\t\t\t\t\t<div class=\"anwp-pg-wrap\">\n\n\t\n\t<div class=\"d-flex anwp-row flex-wrap anwp-pg-light-grid anwp-pg-posts-wrapper\">\n\t\t<div class=\"anwp-pg-post-teaser anwp-pg-post-teaser--layout-f anwp-col-lg-12 anwp-col-sm-6 anwp-col-12 anwp-pg-post-teaser--has-comments-meta d-flex position-relative\">\n\t<div class=\"anwp-pg-post-teaser__thumbnail position-relative\">\n\n\t\t\n\t\t\t\t\t<img loading=\"lazy\" class=\"anwp-pg-post-teaser__thumbnail-img d-block anwp-object-cover m-0 w-100\"\n\t\t\t\talt=\"CAN U17 Maroc 2026 : le tirage au sort pr\u00e9vu ce mercredi au Caire\"\n\t\t\t\tsrc=\"https:\/\/www.public.sn\/wp-content\/uploads\/2026\/04\/Capture-decran-2026-04-08-a-12.08.23-300x168.png\"\/>\n\t\t\n\t\t<div class=\"anwp-pg-post-teaser__thumbnail-bg anwp-position-cover\"><\/div>\n\t<\/div>\n\n\t<div class=\"anwp-pg-post-teaser__content flex-grow-1 d-flex flex-column pt-1\">\n\t\t\n\t\t<div class=\"anwp-pg-post-teaser__title anwp-font-heading my-auto\">\n\t\t\tCAN U17 Maroc 2026 : le tirage au sort pr\u00e9vu ce mercredi au Caire\t\t<\/div>\n\n\t\t<div class=\"anwp-pg-post-teaser__bottom-meta mt-1 d-flex flex-wrap\">\n\n\t\t\t\t\t\t\t<div class=\"anwp-pg-post-teaser__bottom-meta-item d-flex align-items-center mr-3\">\n\t\t\t\t\t<svg class=\"anwp-pg-icon anwp-pg-icon--s16 mr-1\">\n\t\t\t\t\t\t<use xlink:href=\"#icon-anwp-pg-calendar\"><\/use>\n\t\t\t\t\t<\/svg>\n\t\t\t\t\t<span class=\"posted-on m-0\"><span class=\"screen-reader-text\">Posted on<\/span><time class=\"anwp-pg-published\" datetime=\"2026-04-08T12:13:34+00:00\">8 avril 2026<\/time><time class=\"anwp-pg-updated\" datetime=\"2026-04-08T12:13:39+00:00\">8 avril 2026<\/time><\/span>\n\t\t\t\t<\/div>\n\t\t\t\t\t\t\t\t\t<div class=\"anwp-pg-post-teaser__bottom-meta-item d-flex align-items-center mr-3\">\n\t\t\t\t\t\t<svg class=\"anwp-pg-icon anwp-pg-icon--s16 mr-1\">\n\t\t\t\t\t\t\t<use xlink:href=\"#icon-anwp-pg-comment-discussion\"><\/use>\n\t\t\t\t\t\t<\/svg>\n\t\t\t\t\t\t0\t\t\t\t\t<\/div>\n\t\t\t\t\t\t\t<\/div>\n\n\t<\/div>\n\n\t<a class=\"anwp-position-cover anwp-link-without-effects\" href=\"https:\/\/www.public.sn\/index.php\/2026\/04\/08\/can-u17-maroc-2026-le-tirage-au-sort-prevu-ce-mercredi-au-caire\/\" aria-hidden=\"true\" ><\/a>\n<\/div>\n\t<\/div>\n\t\n\t<\/div>\n\t\t\t\t<\/div>\n\t\t\t\t<\/div>\n\t\t\t\t<div class=\"elementor-element elementor-element-318783f anwp-grid_card_bg_effect-darken_only elementor-widget__width-inherit elementor-hidden-desktop anwp-pg-widget-header-style--b anwp-pg-post-teaser__post-icon--size-16 anwp-pg-post-teaser__post-icon--position-center elementor-widget elementor-widget-anwp-pg-light-grid\" data-id=\"318783f\" data-element_type=\"widget\" data-widget_type=\"anwp-pg-light-grid.default\">\n\t\t\t\t<div class=\"elementor-widget-container\">\n\t\t\t\t\t<div class=\"anwp-pg-wrap\">\n\n\t\n\t<div class=\"d-flex anwp-row flex-wrap anwp-pg-light-grid anwp-pg-posts-wrapper\">\n\t\t<div class=\"anwp-pg-post-teaser anwp-pg-post-teaser--layout-f anwp-col-lg-12 anwp-col-sm-6 anwp-col-12 anwp-pg-post-teaser--has-comments-meta d-flex position-relative\">\n\t<div class=\"anwp-pg-post-teaser__thumbnail position-relative\">\n\n\t\t\n\t\t\t\t\t<img loading=\"lazy\" class=\"anwp-pg-post-teaser__thumbnail-img d-block anwp-object-cover m-0 w-100\"\n\t\t\t\talt=\"Balla Gaye 2\u00a0l\u00e2che une bombe sur\u00a0Sa Thi\u00e8s\u00a0: l\u2019ar\u00e8ne sous le choc\"\n\t\t\t\tsrc=\"https:\/\/www.public.sn\/wp-content\/uploads\/2026\/04\/Capture-decran-2026-04-06-a-10.53.22-300x168.png\"\/>\n\t\t\n\t\t<div class=\"anwp-pg-post-teaser__thumbnail-bg anwp-position-cover\"><\/div>\n\t<\/div>\n\n\t<div class=\"anwp-pg-post-teaser__content flex-grow-1 d-flex flex-column pt-1\">\n\t\t\n\t\t<div class=\"anwp-pg-post-teaser__title anwp-font-heading my-auto\">\n\t\t\tBalla Gaye 2\u00a0l\u00e2che une bombe sur\u00a0Sa Thi\u00e8s\u00a0: l\u2019ar\u00e8ne sous le choc\t\t<\/div>\n\n\t\t<div class=\"anwp-pg-post-teaser__bottom-meta mt-1 d-flex flex-wrap\">\n\n\t\t\t\t\t\t\t<div class=\"anwp-pg-post-teaser__bottom-meta-item d-flex align-items-center mr-3\">\n\t\t\t\t\t<svg class=\"anwp-pg-icon anwp-pg-icon--s16 mr-1\">\n\t\t\t\t\t\t<use xlink:href=\"#icon-anwp-pg-calendar\"><\/use>\n\t\t\t\t\t<\/svg>\n\t\t\t\t\t<span class=\"posted-on m-0\"><span class=\"screen-reader-text\">Posted on<\/span><time class=\"anwp-pg-published\" datetime=\"2026-04-06T10:56:06+00:00\">6 avril 2026<\/time><time class=\"anwp-pg-updated\" datetime=\"2026-04-06T10:56:21+00:00\">6 avril 2026<\/time><\/span>\n\t\t\t\t<\/div>\n\t\t\t\t\t\t\t\t\t<div class=\"anwp-pg-post-teaser__bottom-meta-item d-flex align-items-center mr-3\">\n\t\t\t\t\t\t<svg class=\"anwp-pg-icon anwp-pg-icon--s16 mr-1\">\n\t\t\t\t\t\t\t<use xlink:href=\"#icon-anwp-pg-comment-discussion\"><\/use>\n\t\t\t\t\t\t<\/svg>\n\t\t\t\t\t\t0\t\t\t\t\t<\/div>\n\t\t\t\t\t\t\t<\/div>\n\n\t<\/div>\n\n\t<a class=\"anwp-position-cover anwp-link-without-effects\" href=\"https:\/\/www.public.sn\/index.php\/2026\/04\/06\/balla-gaye-2-lache-une-bombe-sur-sa-thies-larene-sous-le-choc\/\" aria-hidden=\"true\" ><\/a>\n<\/div>\n\t<\/div>\n\t\t\t<div class=\"w-100 anwp-pg-load-more\">\n\t\t\t<button class=\"button anwp-btn-outline-secondary anwp-pg-load-more__btn mx-auto d-block my-3 \" type=\"button\"\n\t\t\t\tdata-anwp-loaded-qty=\"5\"\n\t\t\t\tdata-anwp-posts-per-load=\"3\"\n\t\t\t\tdata-anwp-load-more=\"{&quot;posts_to_show&quot;:&quot;latest&quot;,&quot;include_ids&quot;:&quot;&quot;,&quot;exclude_ids&quot;:&quot;&quot;,&quot;exclude_by_category&quot;:&quot;&quot;,&quot;filter_by_category&quot;:&quot;7,3974&quot;,&quot;filter_by_tag&quot;:&quot;&quot;,&quot;filter_by_post_format&quot;:&quot;all&quot;,&quot;filter_by_author&quot;:&quot;&quot;,&quot;published_in_last_days&quot;:0,&quot;limit&quot;:1,&quot;offset&quot;:4,&quot;grid_cols&quot;:1,&quot;grid_cols_tablet&quot;:2,&quot;grid_cols_mobile&quot;:1,&quot;grid_thumbnail_size&quot;:&quot;large&quot;,&quot;show_category&quot;:&quot;&quot;,&quot;category_limit&quot;:&quot;&quot;,&quot;show_date&quot;:&quot;yes&quot;,&quot;show_author&quot;:&quot;yes&quot;,&quot;show_comments&quot;:&quot;yes&quot;,&quot;card_height&quot;:&quot;180&quot;,&quot;show_excerpt&quot;:&quot;yes&quot;,&quot;excerpt_num_words&quot;:&quot;&quot;,&quot;excerpt_source&quot;:&quot;&quot;,&quot;excerpt_html&quot;:&quot;&quot;,&quot;layout&quot;:&quot;f&quot;,&quot;show_read_more&quot;:&quot;&quot;,&quot;read_more_label&quot;:&quot;&quot;,&quot;read_more_class&quot;:&quot;&quot;,&quot;post_image_width&quot;:&quot;1_3&quot;,&quot;show_post_icon&quot;:&quot;yes&quot;,&quot;query_source&quot;:&quot;posts&quot;,&quot;related_posts&quot;:&quot;&quot;,&quot;related_posts_order&quot;:&quot;&quot;,&quot;card_height_mobile&quot;:&quot;&quot;,&quot;card_height_tablet&quot;:&quot;&quot;,&quot;filter_by_c_tax&quot;:&quot;&quot;,&quot;labels_by_c_tax&quot;:&quot;&quot;}\">\n\t\t\t\t<span class=\"anwp-pg-load-more__label\">+ DE SPORTS<\/span>\n\t\t\t\t<span class=\"anwp-pg-wave d-flex align-items-center\">\n\t\t\t\t\t<span class=\"anwp-pg-rect anwp-pg-rect1\"><\/span>\n\t\t\t\t\t<span class=\"anwp-pg-rect anwp-pg-rect2\"><\/span>\n\t\t\t\t\t<span class=\"anwp-pg-rect anwp-pg-rect3\"><\/span>\n\t\t\t\t\t<span class=\"anwp-pg-rect anwp-pg-rect4\"><\/span>\n\t\t\t\t\t<span class=\"anwp-pg-rect anwp-pg-rect5\"><\/span>\n\t\t\t\t<\/span>\n\t\t\t<\/button>\n\t\t<\/div>\n\t\n\t<\/div>\n\t\t\t\t<\/div>\n\t\t\t\t<\/div>\n\t\t\t\t\t<\/div>\n\t\t<\/div>\n\t\t\t\t<div class=\"elementor-column elementor-col-25 elementor-top-column elementor-element elementor-element-609bfba\" data-id=\"609bfba\" data-element_type=\"column\">\n\t\t\t<div class=\"elementor-widget-wrap elementor-element-populated\">\n\t\t\t\t\t\t<div class=\"elementor-element elementor-element-ff33800 elementor-widget-divider--view-line_text elementor-widget-divider--element-align-center elementor-widget elementor-widget-divider\" data-id=\"ff33800\" data-element_type=\"widget\" data-widget_type=\"divider.default\">\n\t\t\t\t<div class=\"elementor-widget-container\">\n\t\t\t\t\t\t\t<div class=\"elementor-divider\">\n\t\t\t<span class=\"elementor-divider-separator\">\n\t\t\t\t\t\t\t<span class=\"elementor-divider__text elementor-divider__element\">\n\t\t\t\tInfos du monde\t\t\t\t<\/span>\n\t\t\t\t\t\t<\/span>\n\t\t<\/div>\n\t\t\t\t\t\t<\/div>\n\t\t\t\t<\/div>\n\t\t\t\t<div class=\"elementor-element elementor-element-7ac2050 anwp-grid_card_bg_effect-darken_only elementor-widget__width-inherit anwp-pg-widget-header-style--b anwp-pg-post-teaser__post-icon--size-16 anwp-pg-post-teaser__post-icon--position-center elementor-widget elementor-widget-anwp-pg-light-grid\" data-id=\"7ac2050\" data-element_type=\"widget\" data-widget_type=\"anwp-pg-light-grid.default\">\n\t\t\t\t<div class=\"elementor-widget-container\">\n\t\t\t\t\t<div class=\"anwp-pg-wrap\">\n\n\t\n\t<div class=\"d-flex anwp-row flex-wrap anwp-pg-light-grid anwp-pg-posts-wrapper\">\n\t\t<div class=\"anwp-pg-post-teaser anwp-pg-post-teaser--layout-f anwp-col-lg-12 anwp-col-sm-6 anwp-col-12 anwp-pg-post-teaser--has-comments-meta d-flex position-relative\">\n\t<div class=\"anwp-pg-post-teaser__thumbnail position-relative\">\n\n\t\t\n\t\t\t\t\t<img loading=\"lazy\" class=\"anwp-pg-post-teaser__thumbnail-img d-block anwp-object-cover m-0 w-100\"\n\t\t\t\talt=\"Guerre en Iran : le FMI alerte, 45 millions de personnes menac\u00e9es par la faim\"\n\t\t\t\tsrc=\"https:\/\/www.public.sn\/wp-content\/uploads\/2026\/04\/Capture-decran-2026-04-09-a-16.05.10-300x168.png\"\/>\n\t\t\n\t\t<div class=\"anwp-pg-post-teaser__thumbnail-bg anwp-position-cover\"><\/div>\n\t<\/div>\n\n\t<div class=\"anwp-pg-post-teaser__content flex-grow-1 d-flex flex-column pt-1\">\n\t\t\n\t\t<div class=\"anwp-pg-post-teaser__title anwp-font-heading my-auto\">\n\t\t\tGuerre en Iran : le FMI alerte, 45 millions de personnes menac\u00e9es par la faim\t\t<\/div>\n\n\t\t<div class=\"anwp-pg-post-teaser__bottom-meta mt-1 d-flex flex-wrap\">\n\n\t\t\t\t\t\t\t<div class=\"anwp-pg-post-teaser__bottom-meta-item d-flex align-items-center mr-3\">\n\t\t\t\t\t<svg class=\"anwp-pg-icon anwp-pg-icon--s16 mr-1\">\n\t\t\t\t\t\t<use xlink:href=\"#icon-anwp-pg-calendar\"><\/use>\n\t\t\t\t\t<\/svg>\n\t\t\t\t\t<span class=\"posted-on m-0\"><span class=\"screen-reader-text\">Posted on<\/span><time class=\"anwp-pg-published\" datetime=\"2026-04-09T16:07:44+00:00\">9 avril 2026<\/time><time class=\"anwp-pg-updated\" datetime=\"2026-04-09T16:08:03+00:00\">9 avril 2026<\/time><\/span>\n\t\t\t\t<\/div>\n\t\t\t\t\t\t\t\t\t<div class=\"anwp-pg-post-teaser__bottom-meta-item d-flex align-items-center mr-3\">\n\t\t\t\t\t\t<svg class=\"anwp-pg-icon anwp-pg-icon--s16 mr-1\">\n\t\t\t\t\t\t\t<use xlink:href=\"#icon-anwp-pg-comment-discussion\"><\/use>\n\t\t\t\t\t\t<\/svg>\n\t\t\t\t\t\t0\t\t\t\t\t<\/div>\n\t\t\t\t\t\t\t<\/div>\n\n\t<\/div>\n\n\t<a class=\"anwp-position-cover anwp-link-without-effects\" href=\"https:\/\/www.public.sn\/index.php\/2026\/04\/09\/guerre-en-iran-le-fmi-alerte-45-millions-de-personnes-menacees-par-la-faim\/\" aria-hidden=\"true\" ><\/a>\n<\/div>\n\t<\/div>\n\t\n\t<\/div>\n\t\t\t\t<\/div>\n\t\t\t\t<\/div>\n\t\t\t\t<div class=\"elementor-element elementor-element-f311872 anwp-grid_card_bg_effect-darken_only elementor-widget__width-inherit anwp-pg-widget-header-style--b anwp-pg-post-teaser__post-icon--size-16 anwp-pg-post-teaser__post-icon--position-center elementor-widget elementor-widget-anwp-pg-light-grid\" data-id=\"f311872\" data-element_type=\"widget\" data-widget_type=\"anwp-pg-light-grid.default\">\n\t\t\t\t<div class=\"elementor-widget-container\">\n\t\t\t\t\t<div class=\"anwp-pg-wrap\">\n\n\t\n\t<div class=\"d-flex anwp-row flex-wrap anwp-pg-light-grid anwp-pg-posts-wrapper\">\n\t\t<div class=\"anwp-pg-post-teaser anwp-pg-post-teaser--layout-f anwp-col-lg-12 anwp-col-sm-6 anwp-col-12 anwp-pg-post-teaser--has-comments-meta d-flex position-relative\">\n\t<div class=\"anwp-pg-post-teaser__thumbnail position-relative\">\n\n\t\t\n\t\t\t\t\t<img loading=\"lazy\" class=\"anwp-pg-post-teaser__thumbnail-img d-block anwp-object-cover m-0 w-100\"\n\t\t\t\talt=\"Iran : quatre appareils am\u00e9ricains abattus lors d\u2019une mission de sauvetage\"\n\t\t\t\tsrc=\"https:\/\/www.public.sn\/wp-content\/uploads\/2026\/04\/Capture-decran-2026-04-05-a-13.08.47-300x169.png\"\/>\n\t\t\n\t\t<div class=\"anwp-pg-post-teaser__thumbnail-bg anwp-position-cover\"><\/div>\n\t<\/div>\n\n\t<div class=\"anwp-pg-post-teaser__content flex-grow-1 d-flex flex-column pt-1\">\n\t\t\n\t\t<div class=\"anwp-pg-post-teaser__title anwp-font-heading my-auto\">\n\t\t\tIran : quatre appareils am\u00e9ricains abattus lors d\u2019une mission de sauvetage\t\t<\/div>\n\n\t\t<div class=\"anwp-pg-post-teaser__bottom-meta mt-1 d-flex flex-wrap\">\n\n\t\t\t\t\t\t\t<div class=\"anwp-pg-post-teaser__bottom-meta-item d-flex align-items-center mr-3\">\n\t\t\t\t\t<svg class=\"anwp-pg-icon anwp-pg-icon--s16 mr-1\">\n\t\t\t\t\t\t<use xlink:href=\"#icon-anwp-pg-calendar\"><\/use>\n\t\t\t\t\t<\/svg>\n\t\t\t\t\t<span class=\"posted-on m-0\"><span class=\"screen-reader-text\">Posted on<\/span><time class=\"anwp-pg-published\" datetime=\"2026-04-05T13:12:47+00:00\">5 avril 2026<\/time><time class=\"anwp-pg-updated\" datetime=\"2026-04-05T13:12:59+00:00\">5 avril 2026<\/time><\/span>\n\t\t\t\t<\/div>\n\t\t\t\t\t\t\t\t\t<div class=\"anwp-pg-post-teaser__bottom-meta-item d-flex align-items-center mr-3\">\n\t\t\t\t\t\t<svg class=\"anwp-pg-icon anwp-pg-icon--s16 mr-1\">\n\t\t\t\t\t\t\t<use xlink:href=\"#icon-anwp-pg-comment-discussion\"><\/use>\n\t\t\t\t\t\t<\/svg>\n\t\t\t\t\t\t0\t\t\t\t\t<\/div>\n\t\t\t\t\t\t\t<\/div>\n\n\t<\/div>\n\n\t<a class=\"anwp-position-cover anwp-link-without-effects\" href=\"https:\/\/www.public.sn\/index.php\/2026\/04\/05\/iran-quatre-appareils-americains-abattus-lors-dune-mission-de-sauvetage\/\" aria-hidden=\"true\" ><\/a>\n<\/div>\n\t<\/div>\n\t\n\t<\/div>\n\t\t\t\t<\/div>\n\t\t\t\t<\/div>\n\t\t\t\t<div class=\"elementor-element elementor-element-1dd2560 anwp-grid_card_bg_effect-darken_only elementor-widget__width-inherit anwp-pg-widget-header-style--b anwp-pg-post-teaser__post-icon--size-16 anwp-pg-post-teaser__post-icon--position-center elementor-widget elementor-widget-anwp-pg-light-grid\" data-id=\"1dd2560\" data-element_type=\"widget\" data-widget_type=\"anwp-pg-light-grid.default\">\n\t\t\t\t<div class=\"elementor-widget-container\">\n\t\t\t\t\t<div class=\"anwp-pg-wrap\">\n\n\t\n\t<div class=\"d-flex anwp-row flex-wrap anwp-pg-light-grid anwp-pg-posts-wrapper\">\n\t\t<div class=\"anwp-pg-post-teaser anwp-pg-post-teaser--layout-f anwp-col-lg-12 anwp-col-sm-6 anwp-col-12 anwp-pg-post-teaser--has-comments-meta d-flex position-relative\">\n\t<div class=\"anwp-pg-post-teaser__thumbnail position-relative\">\n\n\t\t\n\t\t\t\t\t<img loading=\"lazy\" class=\"anwp-pg-post-teaser__thumbnail-img d-block anwp-object-cover m-0 w-100\"\n\t\t\t\talt=\"Burkina Faso : plus de 1.800 civils tu\u00e9s depuis 2023, selon HRW\"\n\t\t\t\tsrc=\"https:\/\/www.public.sn\/wp-content\/uploads\/2026\/04\/Capture-decran-2026-04-02-a-12.00.18-300x170.png\"\/>\n\t\t\n\t\t<div class=\"anwp-pg-post-teaser__thumbnail-bg anwp-position-cover\"><\/div>\n\t<\/div>\n\n\t<div class=\"anwp-pg-post-teaser__content flex-grow-1 d-flex flex-column pt-1\">\n\t\t\n\t\t<div class=\"anwp-pg-post-teaser__title anwp-font-heading my-auto\">\n\t\t\tBurkina Faso : plus de 1.800 civils tu\u00e9s depuis 2023, selon HRW\t\t<\/div>\n\n\t\t<div class=\"anwp-pg-post-teaser__bottom-meta mt-1 d-flex flex-wrap\">\n\n\t\t\t\t\t\t\t<div class=\"anwp-pg-post-teaser__bottom-meta-item d-flex align-items-center mr-3\">\n\t\t\t\t\t<svg class=\"anwp-pg-icon anwp-pg-icon--s16 mr-1\">\n\t\t\t\t\t\t<use xlink:href=\"#icon-anwp-pg-calendar\"><\/use>\n\t\t\t\t\t<\/svg>\n\t\t\t\t\t<span class=\"posted-on m-0\"><span class=\"screen-reader-text\">Posted on<\/span><time class=\"anwp-pg-published\" datetime=\"2026-04-02T12:03:57+00:00\">2 avril 2026<\/time><time class=\"anwp-pg-updated\" datetime=\"2026-04-02T12:13:35+00:00\">2 avril 2026<\/time><\/span>\n\t\t\t\t<\/div>\n\t\t\t\t\t\t\t\t\t<div class=\"anwp-pg-post-teaser__bottom-meta-item d-flex align-items-center mr-3\">\n\t\t\t\t\t\t<svg class=\"anwp-pg-icon anwp-pg-icon--s16 mr-1\">\n\t\t\t\t\t\t\t<use xlink:href=\"#icon-anwp-pg-comment-discussion\"><\/use>\n\t\t\t\t\t\t<\/svg>\n\t\t\t\t\t\t0\t\t\t\t\t<\/div>\n\t\t\t\t\t\t\t<\/div>\n\n\t<\/div>\n\n\t<a class=\"anwp-position-cover anwp-link-without-effects\" href=\"https:\/\/www.public.sn\/index.php\/2026\/04\/02\/burkina-faso-plus-de-1-800-civils-tues-depuis-2023-selon-hrw\/\" aria-hidden=\"true\" ><\/a>\n<\/div>\n\t<\/div>\n\t\n\t<\/div>\n\t\t\t\t<\/div>\n\t\t\t\t<\/div>\n\t\t\t\t<div class=\"elementor-element elementor-element-cbf2f3e anwp-grid_card_bg_effect-darken_only elementor-widget__width-inherit anwp-pg-widget-header-style--b anwp-pg-post-teaser__post-icon--size-16 anwp-pg-post-teaser__post-icon--position-center elementor-widget elementor-widget-anwp-pg-light-grid\" data-id=\"cbf2f3e\" data-element_type=\"widget\" data-widget_type=\"anwp-pg-light-grid.default\">\n\t\t\t\t<div class=\"elementor-widget-container\">\n\t\t\t\t\t<div class=\"anwp-pg-wrap\">\n\n\t\n\t<div class=\"d-flex anwp-row flex-wrap anwp-pg-light-grid anwp-pg-posts-wrapper\">\n\t\t<div class=\"anwp-pg-post-teaser anwp-pg-post-teaser--layout-f anwp-col-lg-12 anwp-col-sm-6 anwp-col-12 anwp-pg-post-teaser--has-comments-meta d-flex position-relative\">\n\t<div class=\"anwp-pg-post-teaser__thumbnail position-relative\">\n\n\t\t\n\t\t\t\t\t<img loading=\"lazy\" class=\"anwp-pg-post-teaser__thumbnail-img d-block anwp-object-cover m-0 w-100\"\n\t\t\t\talt=\"Nord-est du Nigeria : 23 morts apr\u00e8s des attaques suicides \u00e0 Maiduguri\"\n\t\t\t\tsrc=\"https:\/\/www.public.sn\/wp-content\/uploads\/2026\/03\/Capture-decran-2026-03-17-a-11.37.21-300x170.png\"\/>\n\t\t\n\t\t<div class=\"anwp-pg-post-teaser__thumbnail-bg anwp-position-cover\"><\/div>\n\t<\/div>\n\n\t<div class=\"anwp-pg-post-teaser__content flex-grow-1 d-flex flex-column pt-1\">\n\t\t\n\t\t<div class=\"anwp-pg-post-teaser__title anwp-font-heading my-auto\">\n\t\t\tNord-est du Nigeria : 23 morts apr\u00e8s des attaques suicides \u00e0 Maiduguri\t\t<\/div>\n\n\t\t<div class=\"anwp-pg-post-teaser__bottom-meta mt-1 d-flex flex-wrap\">\n\n\t\t\t\t\t\t\t<div class=\"anwp-pg-post-teaser__bottom-meta-item d-flex align-items-center mr-3\">\n\t\t\t\t\t<svg class=\"anwp-pg-icon anwp-pg-icon--s16 mr-1\">\n\t\t\t\t\t\t<use xlink:href=\"#icon-anwp-pg-calendar\"><\/use>\n\t\t\t\t\t<\/svg>\n\t\t\t\t\t<span class=\"posted-on m-0\"><span class=\"screen-reader-text\">Posted on<\/span><time class=\"anwp-pg-published\" datetime=\"2026-03-17T11:40:47+00:00\">17 mars 2026<\/time><time class=\"anwp-pg-updated\" datetime=\"2026-03-17T11:40:57+00:00\">17 mars 2026<\/time><\/span>\n\t\t\t\t<\/div>\n\t\t\t\t\t\t\t\t\t<div class=\"anwp-pg-post-teaser__bottom-meta-item d-flex align-items-center mr-3\">\n\t\t\t\t\t\t<svg class=\"anwp-pg-icon anwp-pg-icon--s16 mr-1\">\n\t\t\t\t\t\t\t<use xlink:href=\"#icon-anwp-pg-comment-discussion\"><\/use>\n\t\t\t\t\t\t<\/svg>\n\t\t\t\t\t\t0\t\t\t\t\t<\/div>\n\t\t\t\t\t\t\t<\/div>\n\n\t<\/div>\n\n\t<a class=\"anwp-position-cover anwp-link-without-effects\" href=\"https:\/\/www.public.sn\/index.php\/2026\/03\/17\/nord-est-du-nigeria-23-morts-apres-des-attaques-suicides-a-maiduguri\/\" aria-hidden=\"true\" ><\/a>\n<\/div>\n\t<\/div>\n\t\n\t<\/div>\n\t\t\t\t<\/div>\n\t\t\t\t<\/div>\n\t\t\t\t<div class=\"elementor-element elementor-element-9a256f8 anwp-grid_card_bg_effect-darken_only elementor-widget__width-inherit anwp-pg-widget-header-style--b anwp-pg-post-teaser__post-icon--size-16 anwp-pg-post-teaser__post-icon--position-center elementor-widget elementor-widget-anwp-pg-light-grid\" data-id=\"9a256f8\" data-element_type=\"widget\" data-widget_type=\"anwp-pg-light-grid.default\">\n\t\t\t\t<div class=\"elementor-widget-container\">\n\t\t\t\t\t<div class=\"anwp-pg-wrap\">\n\n\t\n\t<div class=\"d-flex anwp-row flex-wrap anwp-pg-light-grid anwp-pg-posts-wrapper\">\n\t\t<div class=\"anwp-pg-post-teaser anwp-pg-post-teaser--layout-f anwp-col-lg-12 anwp-col-sm-6 anwp-col-12 anwp-pg-post-teaser--has-comments-meta d-flex position-relative\">\n\t<div class=\"anwp-pg-post-teaser__thumbnail position-relative\">\n\n\t\t\n\t\t\t\t\t<img loading=\"lazy\" class=\"anwp-pg-post-teaser__thumbnail-img d-block anwp-object-cover m-0 w-100\"\n\t\t\t\talt=\"Mort d\u2019Ali Khamenei : Dakar exprime sa solidarit\u00e9 au peuple iranien\"\n\t\t\t\tsrc=\"https:\/\/www.public.sn\/wp-content\/uploads\/2026\/03\/Capture-decran-2026-03-06-a-16.43.28-300x168.png\"\/>\n\t\t\n\t\t<div class=\"anwp-pg-post-teaser__thumbnail-bg anwp-position-cover\"><\/div>\n\t<\/div>\n\n\t<div class=\"anwp-pg-post-teaser__content flex-grow-1 d-flex flex-column pt-1\">\n\t\t\n\t\t<div class=\"anwp-pg-post-teaser__title anwp-font-heading my-auto\">\n\t\t\tMort d\u2019Ali Khamenei : Dakar exprime sa solidarit\u00e9 au peuple iranien\t\t<\/div>\n\n\t\t<div class=\"anwp-pg-post-teaser__bottom-meta mt-1 d-flex flex-wrap\">\n\n\t\t\t\t\t\t\t<div class=\"anwp-pg-post-teaser__bottom-meta-item d-flex align-items-center mr-3\">\n\t\t\t\t\t<svg class=\"anwp-pg-icon anwp-pg-icon--s16 mr-1\">\n\t\t\t\t\t\t<use xlink:href=\"#icon-anwp-pg-calendar\"><\/use>\n\t\t\t\t\t<\/svg>\n\t\t\t\t\t<span class=\"posted-on m-0\"><span class=\"screen-reader-text\">Posted on<\/span><time class=\"anwp-pg-published\" datetime=\"2026-03-06T16:47:52+00:00\">6 mars 2026<\/time><time class=\"anwp-pg-updated\" datetime=\"2026-03-06T16:48:45+00:00\">6 mars 2026<\/time><\/span>\n\t\t\t\t<\/div>\n\t\t\t\t\t\t\t\t\t<div class=\"anwp-pg-post-teaser__bottom-meta-item d-flex align-items-center mr-3\">\n\t\t\t\t\t\t<svg class=\"anwp-pg-icon anwp-pg-icon--s16 mr-1\">\n\t\t\t\t\t\t\t<use xlink:href=\"#icon-anwp-pg-comment-discussion\"><\/use>\n\t\t\t\t\t\t<\/svg>\n\t\t\t\t\t\t0\t\t\t\t\t<\/div>\n\t\t\t\t\t\t\t<\/div>\n\n\t<\/div>\n\n\t<a class=\"anwp-position-cover anwp-link-without-effects\" href=\"https:\/\/www.public.sn\/index.php\/2026\/03\/06\/mort-dali-khamenei-dakar-exprime-sa-solidarite-au-peuple-iranien\/\" aria-hidden=\"true\" ><\/a>\n<\/div>\n\t<\/div>\n\t\n\t<\/div>\n\t\t\t\t<\/div>\n\t\t\t\t<\/div>\n\t\t\t\t<div class=\"elementor-element elementor-element-4eee96c anwp-grid_card_bg_effect-darken_only elementor-widget__width-inherit anwp-pg-widget-header-style--b anwp-pg-post-teaser__post-icon--size-16 anwp-pg-post-teaser__post-icon--position-center elementor-widget elementor-widget-anwp-pg-light-grid\" data-id=\"4eee96c\" data-element_type=\"widget\" data-widget_type=\"anwp-pg-light-grid.default\">\n\t\t\t\t<div class=\"elementor-widget-container\">\n\t\t\t\t\t<div class=\"anwp-pg-wrap\">\n\n\t\n\t<div class=\"d-flex anwp-row flex-wrap anwp-pg-light-grid anwp-pg-posts-wrapper\">\n\t\t<div class=\"anwp-pg-post-teaser anwp-pg-post-teaser--layout-f anwp-col-lg-12 anwp-col-sm-6 anwp-col-12 anwp-pg-post-teaser--has-comments-meta d-flex position-relative\">\n\t<div class=\"anwp-pg-post-teaser__thumbnail position-relative\">\n\n\t\t\n\t\t\t\t\t<img loading=\"lazy\" class=\"anwp-pg-post-teaser__thumbnail-img d-block anwp-object-cover m-0 w-100\"\n\t\t\t\talt=\"Acte contre-nature \u00bb :\u00a0Abdourahim K\u00e9b\u00e9\u00a0d\u00e9gaine une plainte contre\u00a0Moussa Diop\"\n\t\t\t\tsrc=\"https:\/\/www.public.sn\/wp-content\/uploads\/2026\/03\/thumb_1260x800_69aa934cb3a0a_QH5sxnoVHT-300x190.jpg\"\/>\n\t\t\n\t\t<div class=\"anwp-pg-post-teaser__thumbnail-bg anwp-position-cover\"><\/div>\n\t<\/div>\n\n\t<div class=\"anwp-pg-post-teaser__content flex-grow-1 d-flex flex-column pt-1\">\n\t\t\n\t\t<div class=\"anwp-pg-post-teaser__title anwp-font-heading my-auto\">\n\t\t\tActe contre-nature \u00bb :\u00a0Abdourahim K\u00e9b\u00e9\u00a0d\u00e9gaine une plainte contre\u00a0Moussa Diop\t\t<\/div>\n\n\t\t<div class=\"anwp-pg-post-teaser__bottom-meta mt-1 d-flex flex-wrap\">\n\n\t\t\t\t\t\t\t<div class=\"anwp-pg-post-teaser__bottom-meta-item d-flex align-items-center mr-3\">\n\t\t\t\t\t<svg class=\"anwp-pg-icon anwp-pg-icon--s16 mr-1\">\n\t\t\t\t\t\t<use xlink:href=\"#icon-anwp-pg-calendar\"><\/use>\n\t\t\t\t\t<\/svg>\n\t\t\t\t\t<span class=\"posted-on m-0\"><span class=\"screen-reader-text\">Posted on<\/span><time class=\"anwp-pg-published\" datetime=\"2026-03-06T11:47:20+00:00\">6 mars 2026<\/time><time class=\"anwp-pg-updated\" datetime=\"2026-03-06T11:47:41+00:00\">6 mars 2026<\/time><\/span>\n\t\t\t\t<\/div>\n\t\t\t\t\t\t\t\t\t<div class=\"anwp-pg-post-teaser__bottom-meta-item d-flex align-items-center mr-3\">\n\t\t\t\t\t\t<svg class=\"anwp-pg-icon anwp-pg-icon--s16 mr-1\">\n\t\t\t\t\t\t\t<use xlink:href=\"#icon-anwp-pg-comment-discussion\"><\/use>\n\t\t\t\t\t\t<\/svg>\n\t\t\t\t\t\t0\t\t\t\t\t<\/div>\n\t\t\t\t\t\t\t<\/div>\n\n\t<\/div>\n\n\t<a class=\"anwp-position-cover anwp-link-without-effects\" href=\"https:\/\/www.public.sn\/index.php\/2026\/03\/06\/acte-contre-nature-abdourahim-kebe-degaine-une-plainte-contre-moussa-diop\/\" aria-hidden=\"true\" ><\/a>\n<\/div>\n\t<\/div>\n\t\t\t<div class=\"w-100 anwp-pg-load-more\">\n\t\t\t<button class=\"button anwp-btn-outline-secondary anwp-pg-load-more__btn mx-auto d-block my-3 \" type=\"button\"\n\t\t\t\tdata-anwp-loaded-qty=\"6\"\n\t\t\t\tdata-anwp-posts-per-load=\"3\"\n\t\t\t\tdata-anwp-load-more=\"{&quot;posts_to_show&quot;:&quot;latest&quot;,&quot;include_ids&quot;:&quot;&quot;,&quot;exclude_ids&quot;:&quot;&quot;,&quot;exclude_by_category&quot;:&quot;&quot;,&quot;filter_by_category&quot;:&quot;550&quot;,&quot;filter_by_tag&quot;:&quot;&quot;,&quot;filter_by_post_format&quot;:&quot;all&quot;,&quot;filter_by_author&quot;:&quot;&quot;,&quot;published_in_last_days&quot;:0,&quot;limit&quot;:1,&quot;offset&quot;:5,&quot;grid_cols&quot;:1,&quot;grid_cols_tablet&quot;:2,&quot;grid_cols_mobile&quot;:1,&quot;grid_thumbnail_size&quot;:&quot;large&quot;,&quot;show_category&quot;:&quot;&quot;,&quot;category_limit&quot;:&quot;&quot;,&quot;show_date&quot;:&quot;yes&quot;,&quot;show_author&quot;:&quot;yes&quot;,&quot;show_comments&quot;:&quot;yes&quot;,&quot;card_height&quot;:&quot;180&quot;,&quot;show_excerpt&quot;:&quot;yes&quot;,&quot;excerpt_num_words&quot;:&quot;&quot;,&quot;excerpt_source&quot;:&quot;&quot;,&quot;excerpt_html&quot;:&quot;&quot;,&quot;layout&quot;:&quot;f&quot;,&quot;show_read_more&quot;:&quot;&quot;,&quot;read_more_label&quot;:&quot;&quot;,&quot;read_more_class&quot;:&quot;&quot;,&quot;post_image_width&quot;:&quot;1_3&quot;,&quot;show_post_icon&quot;:&quot;yes&quot;,&quot;query_source&quot;:&quot;posts&quot;,&quot;related_posts&quot;:&quot;&quot;,&quot;related_posts_order&quot;:&quot;&quot;,&quot;card_height_mobile&quot;:&quot;&quot;,&quot;card_height_tablet&quot;:&quot;&quot;,&quot;filter_by_c_tax&quot;:&quot;&quot;,&quot;labels_by_c_tax&quot;:&quot;&quot;}\">\n\t\t\t\t<span class=\"anwp-pg-load-more__label\">+ D&#039;INFO du monde<\/span>\n\t\t\t\t<span class=\"anwp-pg-wave d-flex align-items-center\">\n\t\t\t\t\t<span class=\"anwp-pg-rect anwp-pg-rect1\"><\/span>\n\t\t\t\t\t<span class=\"anwp-pg-rect anwp-pg-rect2\"><\/span>\n\t\t\t\t\t<span class=\"anwp-pg-rect anwp-pg-rect3\"><\/span>\n\t\t\t\t\t<span class=\"anwp-pg-rect anwp-pg-rect4\"><\/span>\n\t\t\t\t\t<span class=\"anwp-pg-rect anwp-pg-rect5\"><\/span>\n\t\t\t\t<\/span>\n\t\t\t<\/button>\n\t\t<\/div>\n\t\n\t<\/div>\n\t\t\t\t<\/div>\n\t\t\t\t<\/div>\n\t\t\t\t<div class=\"elementor-element elementor-element-6689c01 elementor-widget-divider--view-line_text elementor-widget-divider--element-align-center elementor-widget elementor-widget-divider\" data-id=\"6689c01\" data-element_type=\"widget\" data-widget_type=\"divider.default\">\n\t\t\t\t<div class=\"elementor-widget-container\">\n\t\t\t\t\t\t\t<div class=\"elementor-divider\">\n\t\t\t<span class=\"elementor-divider-separator\">\n\t\t\t\t\t\t\t<span class=\"elementor-divider__text elementor-divider__element\">\n\t\t\t\tFAITS DIVERS\t\t\t\t<\/span>\n\t\t\t\t\t\t<\/span>\n\t\t<\/div>\n\t\t\t\t\t\t<\/div>\n\t\t\t\t<\/div>\n\t\t\t\t<div class=\"elementor-element elementor-element-6ca3d99 elementor-grid-1 elementor-grid-tablet-2 elementor-grid-mobile-1 elementor-widget elementor-widget-elementor-blog-posts\" data-id=\"6ca3d99\" data-element_type=\"widget\" data-settings=\"{&quot;columns&quot;:&quot;1&quot;,&quot;columns_tablet&quot;:&quot;2&quot;,&quot;columns_mobile&quot;:&quot;1&quot;}\" data-widget_type=\"elementor-blog-posts.default\">\n\t\t\t\t<div class=\"elementor-widget-container\">\n\t\t\t\t\t\t\t<div class=\"wpcap-grid\">\n\t\t\t\t\t\t<div class=\"wpcap-grid-container elementor-grid wpcap-grid-desktop-1 wpcap-grid-tablet-2 wpcap-grid-mobile-1 grid-meta-bottom\">\n\n\t\t\t\t\n        <article id=\"post-39764\" class=\"wpcap-post post-39764 post type-post status-publish format-standard hentry category-actualites category-faits-divers category-justice category-people tag-thies entry owp-thumbs-layout-horizontal owp-btn-normal owp-tabs-layout-horizontal has-no-thumbnails has-product-nav\">\n         \n            <div class=\"post-grid-inner\">\n            \t\n            \t\n                <div class=\"post-grid-text-wrap\">\n               \t\t\t\t<h3 class=\"title\">\n\t\t\t<a href=\"https:\/\/www.public.sn\/index.php\/2026\/04\/05\/thies-une-collegienne-de-14-ans-reitere-son-amour-pour-son-presume-violeur-2\/\">Thi\u00e8s : Une coll\u00e9gienne de 14 ans r\u00e9it\u00e8re son amour pour son pr\u00e9sum\u00e9 violeur<\/a>\n\t\t<\/h3>\n\t\t\t                \t                                <\/div>\n\n                \t\t<div class=\"post-grid-meta\">\n\t\t\t\n\t\t\t\t<span class=\"post-date\"><time datetime=\"2026-04-05T13:19:15+00:00\">5 avril 2026<\/time><\/span>\n\n\t\t\t\t\n\t\t\t\t<span class=\"post-comments\">Aucun commentaire<\/span>\n\n\t\t\t\t\t\t<\/div>\n\t\t\n            <\/div><!-- .blog-inner -->\n           \n        <\/article>\n\n        \n        <article id=\"post-39747\" class=\"wpcap-post post-39747 post type-post status-publish format-standard has-post-thumbnail hentry category-actualites category-faits-divers category-people tag-pape-cheikh entry has-media owp-thumbs-layout-horizontal owp-btn-normal owp-tabs-layout-horizontal has-no-thumbnails has-product-nav\">\n         \n            <div class=\"post-grid-inner\">\n            \t\n            \t\t\t\t<div class=\"post-grid-thumbnail\">\n\t\t\t\t<a href=\"https:\/\/www.public.sn\/index.php\/2026\/04\/02\/affaire-pape-cheikh-un-tiktokeur-arrete-dans-le-cadre-de-lenquete\/\">\n\t\t\t\t\t<img loading=\"lazy\" decoding=\"async\" width=\"691\" height=\"388\" src=\"https:\/\/www.public.sn\/wp-content\/uploads\/2026\/04\/Capture-decran-2026-04-02-a-16.03.09.png\" class=\"attachment-ocean-thumb-ml size-ocean-thumb-ml wp-post-image\" alt=\"\" srcset=\"https:\/\/www.public.sn\/wp-content\/uploads\/2026\/04\/Capture-decran-2026-04-02-a-16.03.09.png 691w, https:\/\/www.public.sn\/wp-content\/uploads\/2026\/04\/Capture-decran-2026-04-02-a-16.03.09-300x168.png 300w, https:\/\/www.public.sn\/wp-content\/uploads\/2026\/04\/Capture-decran-2026-04-02-a-16.03.09-600x337.png 600w\" sizes=\"(max-width: 691px) 100vw, 691px\" \/>\t\t\t\t<\/a>\n\t\t\t<\/div>\n        \n                <div class=\"post-grid-text-wrap\">\n               \t\t\t\t<h3 class=\"title\">\n\t\t\t<a href=\"https:\/\/www.public.sn\/index.php\/2026\/04\/02\/affaire-pape-cheikh-un-tiktokeur-arrete-dans-le-cadre-de-lenquete\/\">Affaire Pape Cheikh : un TikTokeur arr\u00eat\u00e9 dans le cadre de l\u2019enqu\u00eate<\/a>\n\t\t<\/h3>\n\t\t\t                \t                                <\/div>\n\n                \t\t<div class=\"post-grid-meta\">\n\t\t\t\n\t\t\t\t<span class=\"post-date\"><time datetime=\"2026-04-02T16:22:43+00:00\">2 avril 2026<\/time><\/span>\n\n\t\t\t\t\n\t\t\t\t<span class=\"post-comments\">Aucun commentaire<\/span>\n\n\t\t\t\t\t\t<\/div>\n\t\t\n            <\/div><!-- .blog-inner -->\n           \n        <\/article>\n\n        \n        <article id=\"post-39730\" class=\"wpcap-post post-39730 post type-post status-publish format-standard has-post-thumbnail hentry category-actualites category-drame category-faits-divers tag-drame tag-thiep-ndiaye entry has-media owp-thumbs-layout-horizontal owp-btn-normal owp-tabs-layout-horizontal has-no-thumbnails has-product-nav\">\n         \n            <div class=\"post-grid-inner\">\n            \t\n            \t\t\t\t<div class=\"post-grid-thumbnail\">\n\t\t\t\t<a href=\"https:\/\/www.public.sn\/index.php\/2026\/04\/02\/drame-a-thiep-ndiaye-trois-enfants-tues-dans-leffondrement-dune-carriere-de-sable\/\">\n\t\t\t\t\t<img loading=\"lazy\" decoding=\"async\" width=\"800\" height=\"450\" src=\"https:\/\/www.public.sn\/wp-content\/uploads\/2026\/04\/Capture-decran-2026-04-02-a-11.38.33-800x450.png\" class=\"attachment-ocean-thumb-ml size-ocean-thumb-ml wp-post-image\" alt=\"\" srcset=\"https:\/\/www.public.sn\/wp-content\/uploads\/2026\/04\/Capture-decran-2026-04-02-a-11.38.33-800x450.png 800w, https:\/\/www.public.sn\/wp-content\/uploads\/2026\/04\/Capture-decran-2026-04-02-a-11.38.33-300x170.png 300w, https:\/\/www.public.sn\/wp-content\/uploads\/2026\/04\/Capture-decran-2026-04-02-a-11.38.33-600x339.png 600w\" sizes=\"(max-width: 800px) 100vw, 800px\" \/>\t\t\t\t<\/a>\n\t\t\t<\/div>\n        \n                <div class=\"post-grid-text-wrap\">\n               \t\t\t\t<h3 class=\"title\">\n\t\t\t<a href=\"https:\/\/www.public.sn\/index.php\/2026\/04\/02\/drame-a-thiep-ndiaye-trois-enfants-tues-dans-leffondrement-dune-carriere-de-sable\/\">Drame \u00e0 Thiep Ndiaye : trois enfants tu\u00e9s dans l\u2019effondrement d\u2019une carri\u00e8re de sable<\/a>\n\t\t<\/h3>\n\t\t\t                \t                                <\/div>\n\n                \t\t<div class=\"post-grid-meta\">\n\t\t\t\n\t\t\t\t<span class=\"post-date\"><time datetime=\"2026-04-02T11:43:21+00:00\">2 avril 2026<\/time><\/span>\n\n\t\t\t\t\n\t\t\t\t<span class=\"post-comments\">Aucun commentaire<\/span>\n\n\t\t\t\t\t\t<\/div>\n\t\t\n            <\/div><!-- .blog-inner -->\n           \n        <\/article>\n\n        \n        <article id=\"post-39705\" class=\"wpcap-post post-39705 post type-post status-publish format-standard has-post-thumbnail hentry category-actualites category-faits-divers category-justice category-medias tag-medias-2 tag-ousmane-kadior-cisse tag-pape-cheikh-diallo tag-pape-gaye-tall entry has-media owp-thumbs-layout-horizontal owp-btn-normal owp-tabs-layout-horizontal has-no-thumbnails has-product-nav\">\n         \n            <div class=\"post-grid-inner\">\n            \t\n            \t\t\t\t<div class=\"post-grid-thumbnail\">\n\t\t\t\t<a href=\"https:\/\/www.public.sn\/index.php\/2026\/03\/30\/affaire-pape-cheikh-diallo-un-club-dhommes-de-medias-au-coeur-du-scandale\/\">\n\t\t\t\t\t<img loading=\"lazy\" decoding=\"async\" width=\"728\" height=\"410\" src=\"https:\/\/www.public.sn\/wp-content\/uploads\/2026\/03\/Capture-decran-2026-03-30-a-11.12.34.png\" class=\"attachment-ocean-thumb-ml size-ocean-thumb-ml wp-post-image\" alt=\"\" srcset=\"https:\/\/www.public.sn\/wp-content\/uploads\/2026\/03\/Capture-decran-2026-03-30-a-11.12.34.png 728w, https:\/\/www.public.sn\/wp-content\/uploads\/2026\/03\/Capture-decran-2026-03-30-a-11.12.34-300x169.png 300w, https:\/\/www.public.sn\/wp-content\/uploads\/2026\/03\/Capture-decran-2026-03-30-a-11.12.34-600x338.png 600w\" sizes=\"(max-width: 728px) 100vw, 728px\" \/>\t\t\t\t<\/a>\n\t\t\t<\/div>\n        \n                <div class=\"post-grid-text-wrap\">\n               \t\t\t\t<h3 class=\"title\">\n\t\t\t<a href=\"https:\/\/www.public.sn\/index.php\/2026\/03\/30\/affaire-pape-cheikh-diallo-un-club-dhommes-de-medias-au-coeur-du-scandale\/\">Affaire Pape Cheikh Diallo : un \u201cclub\u201d d\u2019hommes de m\u00e9dias au c\u0153ur du scandale<\/a>\n\t\t<\/h3>\n\t\t\t                \t                                <\/div>\n\n                \t\t<div class=\"post-grid-meta\">\n\t\t\t\n\t\t\t\t<span class=\"post-date\"><time datetime=\"2026-03-30T11:15:25+00:00\">30 mars 2026<\/time><\/span>\n\n\t\t\t\t\n\t\t\t\t<span class=\"post-comments\">Aucun commentaire<\/span>\n\n\t\t\t\t\t\t<\/div>\n\t\t\n            <\/div><!-- .blog-inner -->\n           \n        <\/article>\n\n        \n        <article id=\"post-39639\" class=\"wpcap-post post-39639 post type-post status-publish format-standard has-post-thumbnail hentry category-actualites category-drame category-faits-divers entry has-media owp-thumbs-layout-horizontal owp-btn-normal owp-tabs-layout-horizontal has-no-thumbnails has-product-nav\">\n         \n            <div class=\"post-grid-inner\">\n            \t\n            \t\t\t\t<div class=\"post-grid-thumbnail\">\n\t\t\t\t<a href=\"https:\/\/www.public.sn\/index.php\/2026\/03\/23\/parcelles-assainies-demasquee-pour-vol-de-4-millions-de-fcfa-elle-se-jette-du-2e-etage-dun-immeuble\/\">\n\t\t\t\t\t<img loading=\"lazy\" decoding=\"async\" width=\"800\" height=\"450\" src=\"https:\/\/www.public.sn\/wp-content\/uploads\/2026\/03\/Capture-decran-2026-03-23-a-10.16.19-800x450.png\" class=\"attachment-ocean-thumb-ml size-ocean-thumb-ml wp-post-image\" alt=\"\" srcset=\"https:\/\/www.public.sn\/wp-content\/uploads\/2026\/03\/Capture-decran-2026-03-23-a-10.16.19-800x450.png 800w, https:\/\/www.public.sn\/wp-content\/uploads\/2026\/03\/Capture-decran-2026-03-23-a-10.16.19-300x169.png 300w, https:\/\/www.public.sn\/wp-content\/uploads\/2026\/03\/Capture-decran-2026-03-23-a-10.16.19-768x433.png 768w, https:\/\/www.public.sn\/wp-content\/uploads\/2026\/03\/Capture-decran-2026-03-23-a-10.16.19-600x338.png 600w, https:\/\/www.public.sn\/wp-content\/uploads\/2026\/03\/Capture-decran-2026-03-23-a-10.16.19.png 1099w\" sizes=\"(max-width: 800px) 100vw, 800px\" \/>\t\t\t\t<\/a>\n\t\t\t<\/div>\n        \n                <div class=\"post-grid-text-wrap\">\n               \t\t\t\t<h3 class=\"title\">\n\t\t\t<a href=\"https:\/\/www.public.sn\/index.php\/2026\/03\/23\/parcelles-assainies-demasquee-pour-vol-de-4-millions-de-fcfa-elle-se-jette-du-2e-etage-dun-immeuble\/\">Parcelles Assainies : D\u00e9masqu\u00e9e pour vol de 4 millions de FCFA, elle se jette du 2e \u00e9tage d&rsquo;un immeuble<\/a>\n\t\t<\/h3>\n\t\t\t                \t                                <\/div>\n\n                \t\t<div class=\"post-grid-meta\">\n\t\t\t\n\t\t\t\t<span class=\"post-date\"><time datetime=\"2026-03-23T10:21:56+00:00\">23 mars 2026<\/time><\/span>\n\n\t\t\t\t\n\t\t\t\t<span class=\"post-comments\">Aucun commentaire<\/span>\n\n\t\t\t\t\t\t<\/div>\n\t\t\n            <\/div><!-- .blog-inner -->\n           \n        <\/article>\n\n        \n        <article id=\"post-39547\" class=\"wpcap-post post-39547 post type-post status-publish format-standard has-post-thumbnail hentry category-actualites category-faits-divers category-justice category-people tag-bamba-cisse tag-pape-cheikh-diallo entry has-media owp-thumbs-layout-horizontal owp-btn-normal owp-tabs-layout-horizontal has-no-thumbnails has-product-nav\">\n         \n            <div class=\"post-grid-inner\">\n            \t\n            \t\t\t\t<div class=\"post-grid-thumbnail\">\n\t\t\t\t<a href=\"https:\/\/www.public.sn\/index.php\/2026\/03\/11\/cette-loi-ne-sappliquera-pas-a-pape-cheikh-diallo-et-cie-bamba-cisse-clarifie-le-texte\/\">\n\t\t\t\t\t<img loading=\"lazy\" decoding=\"async\" width=\"800\" height=\"450\" src=\"https:\/\/www.public.sn\/wp-content\/uploads\/2026\/03\/Capture-decran-2026-03-11-a-22.47.37-800x450.png\" class=\"attachment-ocean-thumb-ml size-ocean-thumb-ml wp-post-image\" alt=\"\" srcset=\"https:\/\/www.public.sn\/wp-content\/uploads\/2026\/03\/Capture-decran-2026-03-11-a-22.47.37-800x450.png 800w, https:\/\/www.public.sn\/wp-content\/uploads\/2026\/03\/Capture-decran-2026-03-11-a-22.47.37-300x169.png 300w, https:\/\/www.public.sn\/wp-content\/uploads\/2026\/03\/Capture-decran-2026-03-11-a-22.47.37-1024x577.png 1024w, https:\/\/www.public.sn\/wp-content\/uploads\/2026\/03\/Capture-decran-2026-03-11-a-22.47.37-768x433.png 768w, https:\/\/www.public.sn\/wp-content\/uploads\/2026\/03\/Capture-decran-2026-03-11-a-22.47.37-600x338.png 600w, https:\/\/www.public.sn\/wp-content\/uploads\/2026\/03\/Capture-decran-2026-03-11-a-22.47.37.png 1091w\" sizes=\"(max-width: 800px) 100vw, 800px\" \/>\t\t\t\t<\/a>\n\t\t\t<\/div>\n        \n                <div class=\"post-grid-text-wrap\">\n               \t\t\t\t<h3 class=\"title\">\n\t\t\t<a href=\"https:\/\/www.public.sn\/index.php\/2026\/03\/11\/cette-loi-ne-sappliquera-pas-a-pape-cheikh-diallo-et-cie-bamba-cisse-clarifie-le-texte\/\">\u00ab Cette loi ne s\u2019appliquera pas \u00e0 Pape Cheikh Diallo et cie \u00bb : Bamba Ciss\u00e9 clarifie le texte<\/a>\n\t\t<\/h3>\n\t\t\t                \t                                <\/div>\n\n                \t\t<div class=\"post-grid-meta\">\n\t\t\t\n\t\t\t\t<span class=\"post-date\"><time datetime=\"2026-03-11T22:48:52+00:00\">11 mars 2026<\/time><\/span>\n\n\t\t\t\t\n\t\t\t\t<span class=\"post-comments\">Aucun commentaire<\/span>\n\n\t\t\t\t\t\t<\/div>\n\t\t\n            <\/div><!-- .blog-inner -->\n           \n        <\/article>\n\n        \n\t\t\t<\/div>\n\t\t<\/div>\n\t\t\t\t\t\t<\/div>\n\t\t\t\t<\/div>\n\t\t\t\t\t<\/div>\n\t\t<\/div>\n\t\t\t\t\t<\/div>\n\t\t<\/section>\n\t\t\t\t<section class=\"elementor-section elementor-top-section elementor-element elementor-element-be52e93 elementor-section-boxed elementor-section-height-default elementor-section-height-default wpr-particle-no wpr-jarallax-no wpr-parallax-no wpr-sticky-section-no\" data-id=\"be52e93\" data-element_type=\"section\">\n\t\t\t\t\t\t<div class=\"elementor-container elementor-column-gap-default\">\n\t\t\t\t\t<div class=\"elementor-column elementor-col-100 elementor-top-column elementor-element elementor-element-3f02859\" data-id=\"3f02859\" data-element_type=\"column\">\n\t\t\t<div class=\"elementor-widget-wrap elementor-element-populated\">\n\t\t\t\t\t\t<div class=\"elementor-element elementor-element-9c84c00 elementor-widget-divider--view-line_text elementor-widget-divider--element-align-center elementor-widget elementor-widget-divider\" data-id=\"9c84c00\" data-element_type=\"widget\" data-widget_type=\"divider.default\">\n\t\t\t\t<div class=\"elementor-widget-container\">\n\t\t\t\t\t\t\t<div class=\"elementor-divider\">\n\t\t\t<span class=\"elementor-divider-separator\">\n\t\t\t\t\t\t\t<span class=\"elementor-divider__text elementor-divider__element\">\n\t\t\t\tNOS \u00c9MISSIONS\t\t\t\t<\/span>\n\t\t\t\t\t\t<\/span>\n\t\t<\/div>\n\t\t\t\t\t\t<\/div>\n\t\t\t\t<\/div>\n\t\t\t\t<div class=\"elementor-element elementor-element-f009c29 wpr-image-accordion-row wpr-image-accordion-interaction-hover wpr-acc-border-outer elementor-widget elementor-widget-wpr-image-accordion\" data-id=\"f009c29\" data-element_type=\"widget\" data-widget_type=\"wpr-image-accordion.default\">\n\t\t\t\t<div class=\"elementor-widget-container\">\n\t\t\t\t\t\n\t\t<div class=\"wpr-image-accordion-wrap \">\n\n\t\t\t\t\t\t\t<div class=\"wpr-image-accordion\">\n\t\t\t\n\t\t\t\n\t\t\t\t<div data-src=https:\/\/www.public.sn\/wp-content\/uploads\/2025\/03\/WhatsApp-Image-2025-03-23-at-20.29.20.jpeg   class=\"wpr-image-accordion-item elementor-repeater-item-ad79666 wpr-blur-in wpr-effect-size-medium\">\n\n\t\t\t\t<div class=\"wpr-accordion-background\" style=\"background-image: url(https:\/\/www.public.sn\/wp-content\/uploads\/2025\/03\/WhatsApp-Image-2025-03-23-at-20.29.20.jpeg);\"><\/div>\n\t\t\t\t\t\t\t\n\t\t\t\t\t\t\t<div class=\"wpr-img-accordion-media-hover wpr-animation-wrap\" data-settings=\"{&quot;activeItem&quot;:{&quot;activeWidth&quot;:3,&quot;defaultActive&quot;:4,&quot;interaction&quot;:&quot;hover&quot;,&quot;overlayLink&quot;:&quot;&quot;,&quot;overlayLinkTarget&quot;:&quot;_self&quot;}}\" data-src=\"https:\/\/www.public.sn\/wp-content\/uploads\/2025\/03\/WhatsApp-Image-2025-03-23-at-20.29.20.jpeg\"><div class=\"wpr-img-accordion-hover-bg  wpr-overlay-fade-in wpr-anim-size-large wpr-anim-timing-ease-default wpr-anim-transparency\"><\/div><div class=\"wpr-cv-container\"><div class=\"wpr-cv-outer\"><div class=\"wpr-cv-inner\"><div class=\"wpr-img-accordion-media-hover-middle elementor-clearfix\"><h2 class=\"wpr-img-accordion-item-title elementor-repeater-item-5999f3d wpr-img-accordion-item-display-block wpr-img-accordion-item-align-center wpr-element-fade-in wpr-anim-size-large wpr-anim-timing-ease-default wpr-anim-transparency\"><div class=\"inner-block\"><a class=\"wpr-pointer-item\">NGONALU REWMI<\/a><\/div><\/h2><div class=\"wpr-img-accordion-item-button elementor-repeater-item-ee2f795 wpr-img-accordion-item-display-block wpr-img-accordion-item-align-center wpr-element-fade-in wpr-anim-size-large wpr-anim-timing-ease-default wpr-anim-transparency\"><div class=\"inner-block\"><a href=\"https:\/\/www.public.sn\/index.php\/ngonalu-rewmi\/\" class=\"wpr-button-effect wpr-button-none\"><span>Regardez<\/span><\/a><\/div><\/div><div class=\"wpr-img-accordion-item-separator elementor-repeater-item-35be1aa wpr-img-accordion-item-display-block wpr-img-accordion-item-align-center wpr-element-fade-in wpr-anim-size-large wpr-anim-timing-ease-default wpr-anim-transparency wpr-img-accordion-sep-style-2\"><div class=\"inner-block\"><span><\/span><\/div><\/div><\/div><\/div><\/div><\/div><\/div>\t\t\t\t<\/div>\n\n\t\t\t\n\t\t\t\t<div data-src=https:\/\/www.public.sn\/wp-content\/uploads\/2025\/03\/NDACK1.jpg   class=\"wpr-image-accordion-item elementor-repeater-item-4cc9c62 wpr-blur-in wpr-effect-size-medium\">\n\n\t\t\t\t<div class=\"wpr-accordion-background\" style=\"background-image: url(https:\/\/www.public.sn\/wp-content\/uploads\/2025\/03\/NDACK1.jpg);\"><\/div>\n\t\t\t\t\t\t\t\n\t\t\t\t\t\t\t<div class=\"wpr-img-accordion-media-hover wpr-animation-wrap\" data-settings=\"{&quot;activeItem&quot;:{&quot;activeWidth&quot;:3,&quot;defaultActive&quot;:4,&quot;interaction&quot;:&quot;hover&quot;,&quot;overlayLink&quot;:&quot;&quot;,&quot;overlayLinkTarget&quot;:&quot;_self&quot;}}\" data-src=\"https:\/\/www.public.sn\/wp-content\/uploads\/2025\/03\/NDACK1.jpg\"><div class=\"wpr-img-accordion-hover-bg  wpr-overlay-fade-in wpr-anim-size-large wpr-anim-timing-ease-default wpr-anim-transparency\"><\/div><div class=\"wpr-cv-container\"><div class=\"wpr-cv-outer\"><div class=\"wpr-cv-inner\"><div class=\"wpr-img-accordion-media-hover-middle elementor-clearfix\"><h2 class=\"wpr-img-accordion-item-title elementor-repeater-item-5999f3d wpr-img-accordion-item-display-block wpr-img-accordion-item-align-center wpr-element-fade-in wpr-anim-size-large wpr-anim-timing-ease-default wpr-anim-transparency\"><div class=\"inner-block\"><a class=\"wpr-pointer-item\">ACTU PUBLIC<\/a><\/div><\/h2><div class=\"wpr-img-accordion-item-button elementor-repeater-item-ee2f795 wpr-img-accordion-item-display-block wpr-img-accordion-item-align-center wpr-element-fade-in wpr-anim-size-large wpr-anim-timing-ease-default wpr-anim-transparency\"><div class=\"inner-block\"><a href=\"https:\/\/www.public.sn\/index.php\/actu-public\/\" class=\"wpr-button-effect wpr-button-none\"><span>Regardez<\/span><\/a><\/div><\/div><div class=\"wpr-img-accordion-item-separator elementor-repeater-item-35be1aa wpr-img-accordion-item-display-block wpr-img-accordion-item-align-center wpr-element-fade-in wpr-anim-size-large wpr-anim-timing-ease-default wpr-anim-transparency wpr-img-accordion-sep-style-2\"><div class=\"inner-block\"><span><\/span><\/div><\/div><\/div><\/div><\/div><\/div><\/div>\t\t\t\t<\/div>\n\n\t\t\t\n\t\t\t\t<div data-src=https:\/\/www.public.sn\/wp-content\/uploads\/2025\/03\/ADF-4567.jpg   class=\"wpr-image-accordion-item elementor-repeater-item-fd6e623 wpr-blur-in wpr-effect-size-medium\">\n\n\t\t\t\t<div class=\"wpr-accordion-background\" style=\"background-image: url(https:\/\/www.public.sn\/wp-content\/uploads\/2025\/03\/ADF-4567.jpg);\"><\/div>\n\t\t\t\t\t\t\t\n\t\t\t\t\t\t\t<div class=\"wpr-img-accordion-media-hover wpr-animation-wrap\" data-settings=\"{&quot;activeItem&quot;:{&quot;activeWidth&quot;:3,&quot;defaultActive&quot;:4,&quot;interaction&quot;:&quot;hover&quot;,&quot;overlayLink&quot;:&quot;&quot;,&quot;overlayLinkTarget&quot;:&quot;_self&quot;}}\" data-src=\"https:\/\/www.public.sn\/wp-content\/uploads\/2025\/03\/ADF-4567.jpg\"><div class=\"wpr-img-accordion-hover-bg  wpr-overlay-fade-in wpr-anim-size-large wpr-anim-timing-ease-default wpr-anim-transparency\"><\/div><div class=\"wpr-cv-container\"><div class=\"wpr-cv-outer\"><div class=\"wpr-cv-inner\"><div class=\"wpr-img-accordion-media-hover-middle elementor-clearfix\"><h2 class=\"wpr-img-accordion-item-title elementor-repeater-item-5999f3d wpr-img-accordion-item-display-block wpr-img-accordion-item-align-center wpr-element-fade-in wpr-anim-size-large wpr-anim-timing-ease-default wpr-anim-transparency\"><div class=\"inner-block\"><a class=\"wpr-pointer-item\">WAXTAAN WAX TAAJ<\/a><\/div><\/h2><div class=\"wpr-img-accordion-item-button elementor-repeater-item-ee2f795 wpr-img-accordion-item-display-block wpr-img-accordion-item-align-center wpr-element-fade-in wpr-anim-size-large wpr-anim-timing-ease-default wpr-anim-transparency\"><div class=\"inner-block\"><a href=\"https:\/\/www.public.sn\/index.php\/waxtaan-wax-taaj\/\" class=\"wpr-button-effect wpr-button-none\"><span>Regardez<\/span><\/a><\/div><\/div><div class=\"wpr-img-accordion-item-separator elementor-repeater-item-35be1aa wpr-img-accordion-item-display-block wpr-img-accordion-item-align-center wpr-element-fade-in wpr-anim-size-large wpr-anim-timing-ease-default wpr-anim-transparency wpr-img-accordion-sep-style-2\"><div class=\"inner-block\"><span><\/span><\/div><\/div><\/div><\/div><\/div><\/div><\/div>\t\t\t\t<\/div>\n\n\t\t\t            \n\t\t\t<\/div>\n\t\t<\/div>\n\n\t\t\t\t\t\t<\/div>\n\t\t\t\t<\/div>\n\t\t\t\t<div class=\"elementor-element elementor-element-f6a7e59 wpr-image-accordion-row wpr-image-accordion-interaction-hover wpr-acc-border-outer elementor-widget elementor-widget-wpr-image-accordion\" data-id=\"f6a7e59\" data-element_type=\"widget\" data-widget_type=\"wpr-image-accordion.default\">\n\t\t\t\t<div class=\"elementor-widget-container\">\n\t\t\t\t\t\n\t\t<div class=\"wpr-image-accordion-wrap \">\n\n\t\t\t\t\t\t\t<div class=\"wpr-image-accordion\">\n\t\t\t\n\t\t\t\n\t\t\t\t<div data-src=https:\/\/www.public.sn\/wp-content\/uploads\/2024\/08\/72747165-50604700.jpg   class=\"wpr-image-accordion-item elementor-repeater-item-ad79666 wpr-blur-in wpr-effect-size-medium\">\n\n\t\t\t\t<div class=\"wpr-accordion-background\" style=\"background-image: url(https:\/\/www.public.sn\/wp-content\/uploads\/2024\/08\/72747165-50604700.jpg);\"><\/div>\n\t\t\t\t\t\t\t\n\t\t\t\t\t\t\t<div class=\"wpr-img-accordion-media-hover wpr-animation-wrap\" data-settings=\"{&quot;activeItem&quot;:{&quot;activeWidth&quot;:3,&quot;defaultActive&quot;:4,&quot;interaction&quot;:&quot;hover&quot;,&quot;overlayLink&quot;:&quot;&quot;,&quot;overlayLinkTarget&quot;:&quot;_self&quot;}}\" data-src=\"https:\/\/www.public.sn\/wp-content\/uploads\/2024\/08\/72747165-50604700.jpg\"><div class=\"wpr-img-accordion-hover-bg  wpr-overlay-fade-in wpr-anim-size-large wpr-anim-timing-ease-default wpr-anim-transparency\"><\/div><div class=\"wpr-cv-container\"><div class=\"wpr-cv-outer\"><div class=\"wpr-cv-inner\"><div class=\"wpr-img-accordion-media-hover-middle elementor-clearfix\"><h2 class=\"wpr-img-accordion-item-title elementor-repeater-item-5999f3d wpr-img-accordion-item-display-block wpr-img-accordion-item-align-center wpr-element-fade-in wpr-anim-size-large wpr-anim-timing-ease-default wpr-anim-transparency\"><div class=\"inner-block\"><a class=\"wpr-pointer-item\">PUBLIC CONFESSIONS<\/a><\/div><\/h2><div class=\"wpr-img-accordion-item-button elementor-repeater-item-ee2f795 wpr-img-accordion-item-display-block wpr-img-accordion-item-align-center wpr-element-fade-in wpr-anim-size-large wpr-anim-timing-ease-default wpr-anim-transparency\"><div class=\"inner-block\"><a href=\"https:\/\/www.public.sn\/index.php\/public-confessions\/\" class=\"wpr-button-effect wpr-button-none\"><span>Regardez<\/span><\/a><\/div><\/div><div class=\"wpr-img-accordion-item-separator elementor-repeater-item-35be1aa wpr-img-accordion-item-display-block wpr-img-accordion-item-align-center wpr-element-fade-in wpr-anim-size-large wpr-anim-timing-ease-default wpr-anim-transparency wpr-img-accordion-sep-style-2\"><div class=\"inner-block\"><span><\/span><\/div><\/div><\/div><\/div><\/div><\/div><\/div>\t\t\t\t<\/div>\n\n\t\t\t\n\t\t\t\t<div data-src=https:\/\/www.public.sn\/wp-content\/uploads\/2025\/03\/WhatsApp-Image-2025-03-23-at-20.30.06.jpeg   class=\"wpr-image-accordion-item elementor-repeater-item-4cc9c62 wpr-blur-in wpr-effect-size-medium\">\n\n\t\t\t\t<div class=\"wpr-accordion-background\" style=\"background-image: url(https:\/\/www.public.sn\/wp-content\/uploads\/2025\/03\/WhatsApp-Image-2025-03-23-at-20.30.06.jpeg);\"><\/div>\n\t\t\t\t\t\t\t\n\t\t\t\t\t\t\t<div class=\"wpr-img-accordion-media-hover wpr-animation-wrap\" data-settings=\"{&quot;activeItem&quot;:{&quot;activeWidth&quot;:3,&quot;defaultActive&quot;:4,&quot;interaction&quot;:&quot;hover&quot;,&quot;overlayLink&quot;:&quot;&quot;,&quot;overlayLinkTarget&quot;:&quot;_self&quot;}}\" data-src=\"https:\/\/www.public.sn\/wp-content\/uploads\/2025\/03\/WhatsApp-Image-2025-03-23-at-20.30.06.jpeg\"><div class=\"wpr-img-accordion-hover-bg  wpr-overlay-fade-in wpr-anim-size-large wpr-anim-timing-ease-default wpr-anim-transparency\"><\/div><div class=\"wpr-cv-container\"><div class=\"wpr-cv-outer\"><div class=\"wpr-cv-inner\"><div class=\"wpr-img-accordion-media-hover-middle elementor-clearfix\"><h2 class=\"wpr-img-accordion-item-title elementor-repeater-item-5999f3d wpr-img-accordion-item-display-block wpr-img-accordion-item-align-center wpr-element-fade-in wpr-anim-size-large wpr-anim-timing-ease-default wpr-anim-transparency\"><div class=\"inner-block\"><a class=\"wpr-pointer-item\">COULISSES DU BTP<\/a><\/div><\/h2><div class=\"wpr-img-accordion-item-button elementor-repeater-item-ee2f795 wpr-img-accordion-item-display-block wpr-img-accordion-item-align-center wpr-element-fade-in wpr-anim-size-large wpr-anim-timing-ease-default wpr-anim-transparency\"><div class=\"inner-block\"><a  class=\"wpr-button-effect wpr-button-none\"><span>Regardez<\/span><\/a><\/div><\/div><div class=\"wpr-img-accordion-item-separator elementor-repeater-item-35be1aa wpr-img-accordion-item-display-block wpr-img-accordion-item-align-center wpr-element-fade-in wpr-anim-size-large wpr-anim-timing-ease-default wpr-anim-transparency wpr-img-accordion-sep-style-2\"><div class=\"inner-block\"><span><\/span><\/div><\/div><\/div><\/div><\/div><\/div><\/div>\t\t\t\t<\/div>\n\n\t\t\t\n\t\t\t\t<div data-src=https:\/\/www.public.sn\/wp-content\/uploads\/2024\/06\/Bougane-GUEYE-Dany.jpeg   class=\"wpr-image-accordion-item elementor-repeater-item-fd6e623 wpr-blur-in wpr-effect-size-medium\">\n\n\t\t\t\t<div class=\"wpr-accordion-background\" style=\"background-image: url(https:\/\/www.public.sn\/wp-content\/uploads\/2024\/06\/Bougane-GUEYE-Dany.jpeg);\"><\/div>\n\t\t\t\t\t\t\t\n\t\t\t\t\t\t\t<div class=\"wpr-img-accordion-media-hover wpr-animation-wrap\" data-settings=\"{&quot;activeItem&quot;:{&quot;activeWidth&quot;:3,&quot;defaultActive&quot;:4,&quot;interaction&quot;:&quot;hover&quot;,&quot;overlayLink&quot;:&quot;&quot;,&quot;overlayLinkTarget&quot;:&quot;_self&quot;}}\" data-src=\"https:\/\/www.public.sn\/wp-content\/uploads\/2024\/06\/Bougane-GUEYE-Dany.jpeg\"><div class=\"wpr-img-accordion-hover-bg  wpr-overlay-fade-in wpr-anim-size-large wpr-anim-timing-ease-default wpr-anim-transparency\"><\/div><div class=\"wpr-cv-container\"><div class=\"wpr-cv-outer\"><div class=\"wpr-cv-inner\"><div class=\"wpr-img-accordion-media-hover-middle elementor-clearfix\"><h2 class=\"wpr-img-accordion-item-title elementor-repeater-item-5999f3d wpr-img-accordion-item-display-block wpr-img-accordion-item-align-center wpr-element-fade-in wpr-anim-size-large wpr-anim-timing-ease-default wpr-anim-transparency\"><div class=\"inner-block\"><a class=\"wpr-pointer-item\">ENTRETIEN SP\u00c9CIAL <\/a><\/div><\/h2><div class=\"wpr-img-accordion-item-button elementor-repeater-item-ee2f795 wpr-img-accordion-item-display-block wpr-img-accordion-item-align-center wpr-element-fade-in wpr-anim-size-large wpr-anim-timing-ease-default wpr-anim-transparency\"><div class=\"inner-block\"><a href=\"https:\/\/www.public.sn\/index.php\/entretien-special\/\" class=\"wpr-button-effect wpr-button-none\"><span>Regardez<\/span><\/a><\/div><\/div><div class=\"wpr-img-accordion-item-separator elementor-repeater-item-35be1aa wpr-img-accordion-item-display-block wpr-img-accordion-item-align-center wpr-element-fade-in wpr-anim-size-large wpr-anim-timing-ease-default wpr-anim-transparency wpr-img-accordion-sep-style-2\"><div class=\"inner-block\"><span><\/span><\/div><\/div><\/div><\/div><\/div><\/div><\/div>\t\t\t\t<\/div>\n\n\t\t\t            \n\t\t\t<\/div>\n\t\t<\/div>\n\n\t\t\t\t\t\t<\/div>\n\t\t\t\t<\/div>\n\t\t\t\t\t<\/div>\n\t\t<\/div>\n\t\t\t\t\t<\/div>\n\t\t<\/section>\n\t\t\t\t<section class=\"elementor-section elementor-top-section elementor-element elementor-element-a094cab elementor-section-boxed elementor-section-height-default elementor-section-height-default wpr-particle-no wpr-jarallax-no wpr-parallax-no wpr-sticky-section-no\" data-id=\"a094cab\" data-element_type=\"section\">\n\t\t\t\t\t\t<div class=\"elementor-container elementor-column-gap-default\">\n\t\t\t\t\t<div class=\"elementor-column elementor-col-100 elementor-top-column elementor-element elementor-element-7df0aa0\" data-id=\"7df0aa0\" data-element_type=\"column\">\n\t\t\t<div class=\"elementor-widget-wrap elementor-element-populated\">\n\t\t\t\t\t\t<div class=\"elementor-element elementor-element-952b383 elementor-widget-divider--view-line_text elementor-widget-divider--element-align-center elementor-widget elementor-widget-divider\" data-id=\"952b383\" data-element_type=\"widget\" data-widget_type=\"divider.default\">\n\t\t\t\t<div class=\"elementor-widget-container\">\n\t\t\t\t\t\t\t<div class=\"elementor-divider\">\n\t\t\t<span class=\"elementor-divider-separator\">\n\t\t\t\t\t\t\t<span class=\"elementor-divider__text elementor-divider__element\">\n\t\t\t\tREPLAY DES \u00c9MISSIONS\t\t\t\t<\/span>\n\t\t\t\t\t\t<\/span>\n\t\t<\/div>\n\t\t\t\t\t\t<\/div>\n\t\t\t\t<\/div>\n\t\t\t\t<div class=\"elementor-element elementor-element-3703fea anwp-pg-widget-header-style--b anwp-pg-post-teaser__post-icon--size-16 elementor-widget elementor-widget-anwp-pg-classic-grid\" data-id=\"3703fea\" data-element_type=\"widget\" data-widget_type=\"anwp-pg-classic-grid.default\">\n\t\t\t\t<div class=\"elementor-widget-container\">\n\t\t\t\t\t<div class=\"anwp-pg-wrap\">\n\n\t\n\t<div class=\"d-flex anwp-row flex-wrap anwp-pg-classic-grid anwp-pg-posts-wrapper\">\n\t\t<div class=\"anwp-pg-post-teaser anwp-pg-post-teaser--inner-cover-link anwp-pg-post-teaser--layout-d d-flex flex-column anwp-col-lg-3 anwp-col-sm-6 anwp-col-12\">\n\t<div class=\"anwp-pg-post-teaser__thumbnail position-relative\">\n\n\t\t\t\t\t<div class=\"anwp-pg-post-teaser__format-icon anwp-pg-post-teaser__format-icon--top d-flex align-items-center justify-content-center\">\n\t\t\t\t<svg class=\"anwp-pg-icon anwp-pg-icon--s18 anwp-pg-icon--white\">\n\t\t\t\t\t<use xlink:href=\"#icon-anwp-pg-play\"><\/use>\n\t\t\t\t<\/svg>\n\t\t\t<\/div>\n\t\t\n\t\t\n\t\t\t\t\t<img loading=\"lazy\" class=\"anwp-pg-post-teaser__thumbnail-img d-block anwp-pg-height-180 anwp-object-cover m-0 w-100\"\n\t\t\t\talt=\"NGONALU REWMI du mercredi 08 octobre 2025 |par ADF et sa team\"\n\t\t\t\tsrc=\"https:\/\/www.public.sn\/wp-content\/uploads\/2025\/10\/maxresdefault-31-768x432.jpg\"\/>\n\t\t\n\t\t<div class=\"anwp-pg-post-teaser__thumbnail-bg anwp-position-cover\"><\/div>\n\n\t\t<a class=\"anwp-position-cover anwp-link-without-effects\" href=\"https:\/\/www.public.sn\/index.php\/2025\/10\/08\/ngonalu-rewmi-du-mercredi-08-octobre-2025-par-adf-et-sa-team\/\" aria-hidden=\"true\" ><\/a>\n\t<\/div>\n\n\t<div class=\"anwp-pg-post-teaser__content flex-grow-1 pt-1 d-flex flex-column\">\n\n\t\t<div class=\"anwp-pg-post-teaser__title anwp-font-heading mt-2\">\n\t\t\t<a class=\"anwp-link-without-effects\" href=\"https:\/\/www.public.sn\/index.php\/2025\/10\/08\/ngonalu-rewmi-du-mercredi-08-octobre-2025-par-adf-et-sa-team\/\" aria-hidden=\"true\" >\n\t\t\t\tNGONALU REWMI du mercredi 08 octobre 2025 |par ADF et sa team\t\t\t<\/a>\n\t\t<\/div>\n\n\t\t<div class=\"anwp-pg-post-teaser__bottom-meta d-flex flex-wrap\">\n\n\t\t\t\t\t\t\t<div class=\"anwp-pg-post-teaser__bottom-meta-item d-flex align-items-center mr-3\">\n\t\t\t\t\t<svg class=\"anwp-pg-icon anwp-pg-icon--s16 mr-1\">\n\t\t\t\t\t\t<use xlink:href=\"#icon-anwp-pg-calendar\"><\/use>\n\t\t\t\t\t<\/svg>\n\t\t\t\t\t<span class=\"posted-on m-0\"><span class=\"screen-reader-text\">Posted on<\/span><time class=\"anwp-pg-published\" datetime=\"2025-10-08T19:25:00+00:00\">8 octobre 2025<\/time><time class=\"anwp-pg-updated\" datetime=\"2025-10-08T18:55:22+00:00\">8 octobre 2025<\/time><\/span>\n\t\t\t\t<\/div>\n\t\t\t\t\n\t\t\t\t\t\t\t<div class=\"anwp-pg-post-teaser__bottom-meta-item d-flex align-items-center\">\n\t\t\t\t\t<svg class=\"anwp-pg-icon anwp-pg-icon--s16 mr-2\">\n\t\t\t\t\t\t<use xlink:href=\"#icon-anwp-pg-person\"><\/use>\n\t\t\t\t\t<\/svg>\n\t\t\t\t\tLA REDACTION\t\t\t\t<\/div>\n\t\t\t\t\t<\/div>\n\n\t\t\n\t\t\n\t<\/div>\n\n<\/div>\n<div class=\"anwp-pg-post-teaser anwp-pg-post-teaser--inner-cover-link anwp-pg-post-teaser--layout-d d-flex flex-column anwp-col-lg-3 anwp-col-sm-6 anwp-col-12\">\n\t<div class=\"anwp-pg-post-teaser__thumbnail position-relative\">\n\n\t\t\t\t\t<div class=\"anwp-pg-post-teaser__format-icon anwp-pg-post-teaser__format-icon--top d-flex align-items-center justify-content-center\">\n\t\t\t\t<svg class=\"anwp-pg-icon anwp-pg-icon--s18 anwp-pg-icon--white\">\n\t\t\t\t\t<use xlink:href=\"#icon-anwp-pg-play\"><\/use>\n\t\t\t\t<\/svg>\n\t\t\t<\/div>\n\t\t\n\t\t\n\t\t\t\t\t<img loading=\"lazy\" class=\"anwp-pg-post-teaser__thumbnail-img d-block anwp-pg-height-180 anwp-object-cover m-0 w-100\"\n\t\t\t\talt=\"NGONALU REWMI avec Aissatou Diop Fall et sa Team (17 juillet 2025)\"\n\t\t\t\tsrc=\"https:\/\/www.public.sn\/wp-content\/uploads\/2025\/07\/WhatsApp-Image-2025-07-17-at-17.53.54-768x432.jpeg\"\/>\n\t\t\n\t\t<div class=\"anwp-pg-post-teaser__thumbnail-bg anwp-position-cover\"><\/div>\n\n\t\t<a class=\"anwp-position-cover anwp-link-without-effects\" href=\"https:\/\/www.public.sn\/index.php\/2025\/07\/17\/ngonalu-rewmi-avec-aissatou-diop-fall-et-sa-team-17-juillet-2025\/\" aria-hidden=\"true\" ><\/a>\n\t<\/div>\n\n\t<div class=\"anwp-pg-post-teaser__content flex-grow-1 pt-1 d-flex flex-column\">\n\n\t\t<div class=\"anwp-pg-post-teaser__title anwp-font-heading mt-2\">\n\t\t\t<a class=\"anwp-link-without-effects\" href=\"https:\/\/www.public.sn\/index.php\/2025\/07\/17\/ngonalu-rewmi-avec-aissatou-diop-fall-et-sa-team-17-juillet-2025\/\" aria-hidden=\"true\" >\n\t\t\t\tNGONALU REWMI avec Aissatou Diop Fall et sa Team (17 juillet 2025)\t\t\t<\/a>\n\t\t<\/div>\n\n\t\t<div class=\"anwp-pg-post-teaser__bottom-meta d-flex flex-wrap\">\n\n\t\t\t\t\t\t\t<div class=\"anwp-pg-post-teaser__bottom-meta-item d-flex align-items-center mr-3\">\n\t\t\t\t\t<svg class=\"anwp-pg-icon anwp-pg-icon--s16 mr-1\">\n\t\t\t\t\t\t<use xlink:href=\"#icon-anwp-pg-calendar\"><\/use>\n\t\t\t\t\t<\/svg>\n\t\t\t\t\t<span class=\"posted-on m-0\"><span class=\"screen-reader-text\">Posted on<\/span><time class=\"anwp-pg-published\" datetime=\"2025-07-17T18:29:36+00:00\">17 juillet 2025<\/time><time class=\"anwp-pg-updated\" datetime=\"2025-07-17T18:29:44+00:00\">17 juillet 2025<\/time><\/span>\n\t\t\t\t<\/div>\n\t\t\t\t\n\t\t\t\t\t\t\t<div class=\"anwp-pg-post-teaser__bottom-meta-item d-flex align-items-center\">\n\t\t\t\t\t<svg class=\"anwp-pg-icon anwp-pg-icon--s16 mr-2\">\n\t\t\t\t\t\t<use xlink:href=\"#icon-anwp-pg-person\"><\/use>\n\t\t\t\t\t<\/svg>\n\t\t\t\t\tLA REDACTION\t\t\t\t<\/div>\n\t\t\t\t\t<\/div>\n\n\t\t\n\t\t\n\t<\/div>\n\n<\/div>\n<div class=\"anwp-pg-post-teaser anwp-pg-post-teaser--inner-cover-link anwp-pg-post-teaser--layout-d d-flex flex-column anwp-col-lg-3 anwp-col-sm-6 anwp-col-12\">\n\t<div class=\"anwp-pg-post-teaser__thumbnail position-relative\">\n\n\t\t\t\t\t<div class=\"anwp-pg-post-teaser__format-icon anwp-pg-post-teaser__format-icon--top d-flex align-items-center justify-content-center\">\n\t\t\t\t<svg class=\"anwp-pg-icon anwp-pg-icon--s18 anwp-pg-icon--white\">\n\t\t\t\t\t<use xlink:href=\"#icon-anwp-pg-play\"><\/use>\n\t\t\t\t<\/svg>\n\t\t\t<\/div>\n\t\t\n\t\t\n\t\t\t\t\t<img loading=\"lazy\" class=\"anwp-pg-post-teaser__thumbnail-img d-block anwp-pg-height-180 anwp-object-cover m-0 w-100\"\n\t\t\t\talt=\"OPINION PUBLIC du jeudi 17 juillet 2025 | Ahmed SECK\"\n\t\t\t\tsrc=\"https:\/\/www.public.sn\/wp-content\/uploads\/2025\/07\/WhatsApp-Image-2025-07-17-at-16.55.16-768x432.jpeg\"\/>\n\t\t\n\t\t<div class=\"anwp-pg-post-teaser__thumbnail-bg anwp-position-cover\"><\/div>\n\n\t\t<a class=\"anwp-position-cover anwp-link-without-effects\" href=\"https:\/\/www.public.sn\/index.php\/2025\/07\/17\/opinion-public-du-jeudi-17-juillet-2025-ahmed-seck\/\" aria-hidden=\"true\" ><\/a>\n\t<\/div>\n\n\t<div class=\"anwp-pg-post-teaser__content flex-grow-1 pt-1 d-flex flex-column\">\n\n\t\t<div class=\"anwp-pg-post-teaser__title anwp-font-heading mt-2\">\n\t\t\t<a class=\"anwp-link-without-effects\" href=\"https:\/\/www.public.sn\/index.php\/2025\/07\/17\/opinion-public-du-jeudi-17-juillet-2025-ahmed-seck\/\" aria-hidden=\"true\" >\n\t\t\t\tOPINION PUBLIC du jeudi 17 juillet 2025 | Ahmed SECK\t\t\t<\/a>\n\t\t<\/div>\n\n\t\t<div class=\"anwp-pg-post-teaser__bottom-meta d-flex flex-wrap\">\n\n\t\t\t\t\t\t\t<div class=\"anwp-pg-post-teaser__bottom-meta-item d-flex align-items-center mr-3\">\n\t\t\t\t\t<svg class=\"anwp-pg-icon anwp-pg-icon--s16 mr-1\">\n\t\t\t\t\t\t<use xlink:href=\"#icon-anwp-pg-calendar\"><\/use>\n\t\t\t\t\t<\/svg>\n\t\t\t\t\t<span class=\"posted-on m-0\"><span class=\"screen-reader-text\">Posted on<\/span><time class=\"anwp-pg-published\" datetime=\"2025-07-17T18:22:55+00:00\">17 juillet 2025<\/time><time class=\"anwp-pg-updated\" datetime=\"2025-07-17T18:23:05+00:00\">17 juillet 2025<\/time><\/span>\n\t\t\t\t<\/div>\n\t\t\t\t\n\t\t\t\t\t\t\t<div class=\"anwp-pg-post-teaser__bottom-meta-item d-flex align-items-center\">\n\t\t\t\t\t<svg class=\"anwp-pg-icon anwp-pg-icon--s16 mr-2\">\n\t\t\t\t\t\t<use xlink:href=\"#icon-anwp-pg-person\"><\/use>\n\t\t\t\t\t<\/svg>\n\t\t\t\t\tLA REDACTION\t\t\t\t<\/div>\n\t\t\t\t\t<\/div>\n\n\t\t\n\t\t\n\t<\/div>\n\n<\/div>\n<div class=\"anwp-pg-post-teaser anwp-pg-post-teaser--inner-cover-link anwp-pg-post-teaser--layout-d d-flex flex-column anwp-col-lg-3 anwp-col-sm-6 anwp-col-12\">\n\t<div class=\"anwp-pg-post-teaser__thumbnail position-relative\">\n\n\t\t\t\t\t<div class=\"anwp-pg-post-teaser__format-icon anwp-pg-post-teaser__format-icon--top d-flex align-items-center justify-content-center\">\n\t\t\t\t<svg class=\"anwp-pg-icon anwp-pg-icon--s18 anwp-pg-icon--white\">\n\t\t\t\t\t<use xlink:href=\"#icon-anwp-pg-play\"><\/use>\n\t\t\t\t<\/svg>\n\t\t\t<\/div>\n\t\t\n\t\t\n\t\t\t\t\t<img loading=\"lazy\" class=\"anwp-pg-post-teaser__thumbnail-img d-block anwp-pg-height-180 anwp-object-cover m-0 w-100\"\n\t\t\t\talt=\"Replay Actu Public du 17 juillet 2025 | Ndack Samb\"\n\t\t\t\tsrc=\"https:\/\/www.public.sn\/wp-content\/uploads\/2025\/07\/WhatsApp-Image-2025-07-17-at-15.45.33-768x432.jpeg\"\/>\n\t\t\n\t\t<div class=\"anwp-pg-post-teaser__thumbnail-bg anwp-position-cover\"><\/div>\n\n\t\t<a class=\"anwp-position-cover anwp-link-without-effects\" href=\"https:\/\/www.public.sn\/index.php\/2025\/07\/17\/replay-actu-public-du-17-juillet-2025-ndack-samb\/\" aria-hidden=\"true\" ><\/a>\n\t<\/div>\n\n\t<div class=\"anwp-pg-post-teaser__content flex-grow-1 pt-1 d-flex flex-column\">\n\n\t\t<div class=\"anwp-pg-post-teaser__title anwp-font-heading mt-2\">\n\t\t\t<a class=\"anwp-link-without-effects\" href=\"https:\/\/www.public.sn\/index.php\/2025\/07\/17\/replay-actu-public-du-17-juillet-2025-ndack-samb\/\" aria-hidden=\"true\" >\n\t\t\t\tReplay Actu Public du 17 juillet 2025 | Ndack Samb\t\t\t<\/a>\n\t\t<\/div>\n\n\t\t<div class=\"anwp-pg-post-teaser__bottom-meta d-flex flex-wrap\">\n\n\t\t\t\t\t\t\t<div class=\"anwp-pg-post-teaser__bottom-meta-item d-flex align-items-center mr-3\">\n\t\t\t\t\t<svg class=\"anwp-pg-icon anwp-pg-icon--s16 mr-1\">\n\t\t\t\t\t\t<use xlink:href=\"#icon-anwp-pg-calendar\"><\/use>\n\t\t\t\t\t<\/svg>\n\t\t\t\t\t<span class=\"posted-on m-0\"><span class=\"screen-reader-text\">Posted on<\/span><time class=\"anwp-pg-published\" datetime=\"2025-07-17T18:15:15+00:00\">17 juillet 2025<\/time><time class=\"anwp-pg-updated\" datetime=\"2025-07-17T18:15:23+00:00\">17 juillet 2025<\/time><\/span>\n\t\t\t\t<\/div>\n\t\t\t\t\n\t\t\t\t\t\t\t<div class=\"anwp-pg-post-teaser__bottom-meta-item d-flex align-items-center\">\n\t\t\t\t\t<svg class=\"anwp-pg-icon anwp-pg-icon--s16 mr-2\">\n\t\t\t\t\t\t<use xlink:href=\"#icon-anwp-pg-person\"><\/use>\n\t\t\t\t\t<\/svg>\n\t\t\t\t\tLA REDACTION\t\t\t\t<\/div>\n\t\t\t\t\t<\/div>\n\n\t\t\n\t\t\n\t<\/div>\n\n<\/div>\n<div class=\"anwp-pg-post-teaser anwp-pg-post-teaser--inner-cover-link anwp-pg-post-teaser--layout-d d-flex flex-column anwp-col-lg-3 anwp-col-sm-6 anwp-col-12\">\n\t<div class=\"anwp-pg-post-teaser__thumbnail position-relative\">\n\n\t\t\t\t\t<div class=\"anwp-pg-post-teaser__format-icon anwp-pg-post-teaser__format-icon--top d-flex align-items-center justify-content-center\">\n\t\t\t\t<svg class=\"anwp-pg-icon anwp-pg-icon--s18 anwp-pg-icon--white\">\n\t\t\t\t\t<use xlink:href=\"#icon-anwp-pg-play\"><\/use>\n\t\t\t\t<\/svg>\n\t\t\t<\/div>\n\t\t\n\t\t\n\t\t\t\t\t<img loading=\"lazy\" class=\"anwp-pg-post-teaser__thumbnail-img d-block anwp-pg-height-180 anwp-object-cover m-0 w-100\"\n\t\t\t\talt=\"NGONALU REWMI avec Aissatou Diop Fall et sa Team&#8230;\"\n\t\t\t\tsrc=\"https:\/\/www.public.sn\/wp-content\/uploads\/2025\/07\/WhatsApp-Image-2025-07-16-at-19.14.34-768x432.jpeg\"\/>\n\t\t\n\t\t<div class=\"anwp-pg-post-teaser__thumbnail-bg anwp-position-cover\"><\/div>\n\n\t\t<a class=\"anwp-position-cover anwp-link-without-effects\" href=\"https:\/\/www.public.sn\/index.php\/2025\/07\/16\/ngonalu-rewmi-avec-aissatou-diop-fall-et-sa-team\/\" aria-hidden=\"true\" ><\/a>\n\t<\/div>\n\n\t<div class=\"anwp-pg-post-teaser__content flex-grow-1 pt-1 d-flex flex-column\">\n\n\t\t<div class=\"anwp-pg-post-teaser__title anwp-font-heading mt-2\">\n\t\t\t<a class=\"anwp-link-without-effects\" href=\"https:\/\/www.public.sn\/index.php\/2025\/07\/16\/ngonalu-rewmi-avec-aissatou-diop-fall-et-sa-team\/\" aria-hidden=\"true\" >\n\t\t\t\tNGONALU REWMI avec Aissatou Diop Fall et sa Team&#8230;\t\t\t<\/a>\n\t\t<\/div>\n\n\t\t<div class=\"anwp-pg-post-teaser__bottom-meta d-flex flex-wrap\">\n\n\t\t\t\t\t\t\t<div class=\"anwp-pg-post-teaser__bottom-meta-item d-flex align-items-center mr-3\">\n\t\t\t\t\t<svg class=\"anwp-pg-icon anwp-pg-icon--s16 mr-1\">\n\t\t\t\t\t\t<use xlink:href=\"#icon-anwp-pg-calendar\"><\/use>\n\t\t\t\t\t<\/svg>\n\t\t\t\t\t<span class=\"posted-on m-0\"><span class=\"screen-reader-text\">Posted on<\/span><time class=\"anwp-pg-published\" datetime=\"2025-07-16T19:42:05+00:00\">16 juillet 2025<\/time><time class=\"anwp-pg-updated\" datetime=\"2025-07-16T19:42:15+00:00\">16 juillet 2025<\/time><\/span>\n\t\t\t\t<\/div>\n\t\t\t\t\n\t\t\t\t\t\t\t<div class=\"anwp-pg-post-teaser__bottom-meta-item d-flex align-items-center\">\n\t\t\t\t\t<svg class=\"anwp-pg-icon anwp-pg-icon--s16 mr-2\">\n\t\t\t\t\t\t<use xlink:href=\"#icon-anwp-pg-person\"><\/use>\n\t\t\t\t\t<\/svg>\n\t\t\t\t\tLA REDACTION\t\t\t\t<\/div>\n\t\t\t\t\t<\/div>\n\n\t\t\n\t\t\n\t<\/div>\n\n<\/div>\n<div class=\"anwp-pg-post-teaser anwp-pg-post-teaser--inner-cover-link anwp-pg-post-teaser--layout-d d-flex flex-column anwp-col-lg-3 anwp-col-sm-6 anwp-col-12\">\n\t<div class=\"anwp-pg-post-teaser__thumbnail position-relative\">\n\n\t\t\t\t\t<div class=\"anwp-pg-post-teaser__format-icon anwp-pg-post-teaser__format-icon--top d-flex align-items-center justify-content-center\">\n\t\t\t\t<svg class=\"anwp-pg-icon anwp-pg-icon--s18 anwp-pg-icon--white\">\n\t\t\t\t\t<use xlink:href=\"#icon-anwp-pg-play\"><\/use>\n\t\t\t\t<\/svg>\n\t\t\t<\/div>\n\t\t\n\t\t\n\t\t\t\t\t<img loading=\"lazy\" class=\"anwp-pg-post-teaser__thumbnail-img d-block anwp-pg-height-180 anwp-object-cover m-0 w-100\"\n\t\t\t\talt=\"OPINION PUBLIC : Fouta Tampi\u00a0convoqu\u00e9e, Bachir Fofana et Moustapha Diakhat\u00e9 reste en prison | Par Ahmed SECK\"\n\t\t\t\tsrc=\"https:\/\/www.public.sn\/wp-content\/uploads\/2025\/07\/WhatsApp-Image-2025-07-16-at-17.13.18-1-768x432.jpeg\"\/>\n\t\t\n\t\t<div class=\"anwp-pg-post-teaser__thumbnail-bg anwp-position-cover\"><\/div>\n\n\t\t<a class=\"anwp-position-cover anwp-link-without-effects\" href=\"https:\/\/www.public.sn\/index.php\/2025\/07\/16\/opinion-public-fouta-tampi-convoquee-bachir-fofana-et-moustapha-diakhate-reste-en-prison-par-ahmed-seck\/\" aria-hidden=\"true\" ><\/a>\n\t<\/div>\n\n\t<div class=\"anwp-pg-post-teaser__content flex-grow-1 pt-1 d-flex flex-column\">\n\n\t\t<div class=\"anwp-pg-post-teaser__title anwp-font-heading mt-2\">\n\t\t\t<a class=\"anwp-link-without-effects\" href=\"https:\/\/www.public.sn\/index.php\/2025\/07\/16\/opinion-public-fouta-tampi-convoquee-bachir-fofana-et-moustapha-diakhate-reste-en-prison-par-ahmed-seck\/\" aria-hidden=\"true\" >\n\t\t\t\tOPINION PUBLIC : Fouta Tampi\u00a0convoqu\u00e9e, Bachir Fofana et Moustapha Diakhat\u00e9 reste en prison | Par Ahmed SECK\t\t\t<\/a>\n\t\t<\/div>\n\n\t\t<div class=\"anwp-pg-post-teaser__bottom-meta d-flex flex-wrap\">\n\n\t\t\t\t\t\t\t<div class=\"anwp-pg-post-teaser__bottom-meta-item d-flex align-items-center mr-3\">\n\t\t\t\t\t<svg class=\"anwp-pg-icon anwp-pg-icon--s16 mr-1\">\n\t\t\t\t\t\t<use xlink:href=\"#icon-anwp-pg-calendar\"><\/use>\n\t\t\t\t\t<\/svg>\n\t\t\t\t\t<span class=\"posted-on m-0\"><span class=\"screen-reader-text\">Posted on<\/span><time class=\"anwp-pg-published\" datetime=\"2025-07-16T17:23:56+00:00\">16 juillet 2025<\/time><time class=\"anwp-pg-updated\" datetime=\"2025-07-16T17:24:02+00:00\">16 juillet 2025<\/time><\/span>\n\t\t\t\t<\/div>\n\t\t\t\t\n\t\t\t\t\t\t\t<div class=\"anwp-pg-post-teaser__bottom-meta-item d-flex align-items-center\">\n\t\t\t\t\t<svg class=\"anwp-pg-icon anwp-pg-icon--s16 mr-2\">\n\t\t\t\t\t\t<use xlink:href=\"#icon-anwp-pg-person\"><\/use>\n\t\t\t\t\t<\/svg>\n\t\t\t\t\tLA REDACTION\t\t\t\t<\/div>\n\t\t\t\t\t<\/div>\n\n\t\t\n\t\t\n\t<\/div>\n\n<\/div>\n<div class=\"anwp-pg-post-teaser anwp-pg-post-teaser--inner-cover-link anwp-pg-post-teaser--layout-d d-flex flex-column anwp-col-lg-3 anwp-col-sm-6 anwp-col-12\">\n\t<div class=\"anwp-pg-post-teaser__thumbnail position-relative\">\n\n\t\t\t\t\t<div class=\"anwp-pg-post-teaser__format-icon anwp-pg-post-teaser__format-icon--top d-flex align-items-center justify-content-center\">\n\t\t\t\t<svg class=\"anwp-pg-icon anwp-pg-icon--s18 anwp-pg-icon--white\">\n\t\t\t\t\t<use xlink:href=\"#icon-anwp-pg-play\"><\/use>\n\t\t\t\t<\/svg>\n\t\t\t<\/div>\n\t\t\n\t\t\n\t\t\t\t\t<img loading=\"lazy\" class=\"anwp-pg-post-teaser__thumbnail-img d-block anwp-pg-height-180 anwp-object-cover m-0 w-100\"\n\t\t\t\talt=\"Waxtaan Wax Taaj avec A\u00efssatou Diop Fall et Abdou Karim Gueye Xrum Xakk&#8230;\"\n\t\t\t\tsrc=\"https:\/\/www.public.sn\/wp-content\/uploads\/2025\/07\/WhatsApp-Image-2025-07-16-at-15.53.28-768x432.jpeg\"\/>\n\t\t\n\t\t<div class=\"anwp-pg-post-teaser__thumbnail-bg anwp-position-cover\"><\/div>\n\n\t\t<a class=\"anwp-position-cover anwp-link-without-effects\" href=\"https:\/\/www.public.sn\/index.php\/2025\/07\/16\/waxtaan-wax-taaj-avec-aissatou-diop-fall-et-abdou-karim-gueye-xrum-xakk\/\" aria-hidden=\"true\" ><\/a>\n\t<\/div>\n\n\t<div class=\"anwp-pg-post-teaser__content flex-grow-1 pt-1 d-flex flex-column\">\n\n\t\t<div class=\"anwp-pg-post-teaser__title anwp-font-heading mt-2\">\n\t\t\t<a class=\"anwp-link-without-effects\" href=\"https:\/\/www.public.sn\/index.php\/2025\/07\/16\/waxtaan-wax-taaj-avec-aissatou-diop-fall-et-abdou-karim-gueye-xrum-xakk\/\" aria-hidden=\"true\" >\n\t\t\t\tWaxtaan Wax Taaj avec A\u00efssatou Diop Fall et Abdou Karim Gueye Xrum Xakk&#8230;\t\t\t<\/a>\n\t\t<\/div>\n\n\t\t<div class=\"anwp-pg-post-teaser__bottom-meta d-flex flex-wrap\">\n\n\t\t\t\t\t\t\t<div class=\"anwp-pg-post-teaser__bottom-meta-item d-flex align-items-center mr-3\">\n\t\t\t\t\t<svg class=\"anwp-pg-icon anwp-pg-icon--s16 mr-1\">\n\t\t\t\t\t\t<use xlink:href=\"#icon-anwp-pg-calendar\"><\/use>\n\t\t\t\t\t<\/svg>\n\t\t\t\t\t<span class=\"posted-on m-0\"><span class=\"screen-reader-text\">Posted on<\/span><time class=\"anwp-pg-published\" datetime=\"2025-07-16T15:54:37+00:00\">16 juillet 2025<\/time><time class=\"anwp-pg-updated\" datetime=\"2025-07-16T15:54:45+00:00\">16 juillet 2025<\/time><\/span>\n\t\t\t\t<\/div>\n\t\t\t\t\n\t\t\t\t\t\t\t<div class=\"anwp-pg-post-teaser__bottom-meta-item d-flex align-items-center\">\n\t\t\t\t\t<svg class=\"anwp-pg-icon anwp-pg-icon--s16 mr-2\">\n\t\t\t\t\t\t<use xlink:href=\"#icon-anwp-pg-person\"><\/use>\n\t\t\t\t\t<\/svg>\n\t\t\t\t\tLA REDACTION\t\t\t\t<\/div>\n\t\t\t\t\t<\/div>\n\n\t\t\n\t\t\n\t<\/div>\n\n<\/div>\n<div class=\"anwp-pg-post-teaser anwp-pg-post-teaser--inner-cover-link anwp-pg-post-teaser--layout-d d-flex flex-column anwp-col-lg-3 anwp-col-sm-6 anwp-col-12\">\n\t<div class=\"anwp-pg-post-teaser__thumbnail position-relative\">\n\n\t\t\t\t\t<div class=\"anwp-pg-post-teaser__format-icon anwp-pg-post-teaser__format-icon--top d-flex align-items-center justify-content-center\">\n\t\t\t\t<svg class=\"anwp-pg-icon anwp-pg-icon--s18 anwp-pg-icon--white\">\n\t\t\t\t\t<use xlink:href=\"#icon-anwp-pg-play\"><\/use>\n\t\t\t\t<\/svg>\n\t\t\t<\/div>\n\t\t\n\t\t\n\t\t\t\t\t<img loading=\"lazy\" class=\"anwp-pg-post-teaser__thumbnail-img d-block anwp-pg-height-180 anwp-object-cover m-0 w-100\"\n\t\t\t\talt=\"Actu Public (16 &#8211; 04 &#8211; 2025) : Ndack Samb et ses invit\u00e9s comment l&rsquo;actu du jour\"\n\t\t\t\tsrc=\"https:\/\/www.public.sn\/wp-content\/uploads\/2025\/04\/image-16.png\"\/>\n\t\t\n\t\t<div class=\"anwp-pg-post-teaser__thumbnail-bg anwp-position-cover\"><\/div>\n\n\t\t<a class=\"anwp-position-cover anwp-link-without-effects\" href=\"https:\/\/www.public.sn\/index.php\/2025\/04\/16\/actu-public-16-04-2025-ndack-samb-et-ses-invites-comment-lactu-du-jour\/\" aria-hidden=\"true\" ><\/a>\n\t<\/div>\n\n\t<div class=\"anwp-pg-post-teaser__content flex-grow-1 pt-1 d-flex flex-column\">\n\n\t\t<div class=\"anwp-pg-post-teaser__title anwp-font-heading mt-2\">\n\t\t\t<a class=\"anwp-link-without-effects\" href=\"https:\/\/www.public.sn\/index.php\/2025\/04\/16\/actu-public-16-04-2025-ndack-samb-et-ses-invites-comment-lactu-du-jour\/\" aria-hidden=\"true\" >\n\t\t\t\tActu Public (16 &#8211; 04 &#8211; 2025) : Ndack Samb et ses invit\u00e9s comment l&rsquo;actu du jour\t\t\t<\/a>\n\t\t<\/div>\n\n\t\t<div class=\"anwp-pg-post-teaser__bottom-meta d-flex flex-wrap\">\n\n\t\t\t\t\t\t\t<div class=\"anwp-pg-post-teaser__bottom-meta-item d-flex align-items-center mr-3\">\n\t\t\t\t\t<svg class=\"anwp-pg-icon anwp-pg-icon--s16 mr-1\">\n\t\t\t\t\t\t<use xlink:href=\"#icon-anwp-pg-calendar\"><\/use>\n\t\t\t\t\t<\/svg>\n\t\t\t\t\t<span class=\"posted-on m-0\"><span class=\"screen-reader-text\">Posted on<\/span><time class=\"anwp-pg-published\" datetime=\"2025-04-16T17:15:48+00:00\">16 avril 2025<\/time><time class=\"anwp-pg-updated\" datetime=\"2025-04-16T17:15:52+00:00\">16 avril 2025<\/time><\/span>\n\t\t\t\t<\/div>\n\t\t\t\t\n\t\t\t\t\t\t\t<div class=\"anwp-pg-post-teaser__bottom-meta-item d-flex align-items-center\">\n\t\t\t\t\t<svg class=\"anwp-pg-icon anwp-pg-icon--s16 mr-2\">\n\t\t\t\t\t\t<use xlink:href=\"#icon-anwp-pg-person\"><\/use>\n\t\t\t\t\t<\/svg>\n\t\t\t\t\tLA REDACTION\t\t\t\t<\/div>\n\t\t\t\t\t<\/div>\n\n\t\t\n\t\t\n\t<\/div>\n\n<\/div>\n<div class=\"anwp-pg-post-teaser anwp-pg-post-teaser--inner-cover-link anwp-pg-post-teaser--layout-d d-flex flex-column anwp-col-lg-3 anwp-col-sm-6 anwp-col-12\">\n\t<div class=\"anwp-pg-post-teaser__thumbnail position-relative\">\n\n\t\t\t\t\t<div class=\"anwp-pg-post-teaser__format-icon anwp-pg-post-teaser__format-icon--top d-flex align-items-center justify-content-center\">\n\t\t\t\t<svg class=\"anwp-pg-icon anwp-pg-icon--s18 anwp-pg-icon--white\">\n\t\t\t\t\t<use xlink:href=\"#icon-anwp-pg-play\"><\/use>\n\t\t\t\t<\/svg>\n\t\t\t<\/div>\n\t\t\n\t\t\n\t\t\t\t\t<img loading=\"lazy\" class=\"anwp-pg-post-teaser__thumbnail-img d-block anwp-pg-height-180 anwp-object-cover m-0 w-100\"\n\t\t\t\talt=\"Waxtaan Waxtaaj avec A\u00efssatou Diop Fall\/ Invit\u00e9 Abdou Karim Gueye\"\n\t\t\t\tsrc=\"https:\/\/www.public.sn\/wp-content\/uploads\/2025\/04\/image-15.png\"\/>\n\t\t\n\t\t<div class=\"anwp-pg-post-teaser__thumbnail-bg anwp-position-cover\"><\/div>\n\n\t\t<a class=\"anwp-position-cover anwp-link-without-effects\" href=\"https:\/\/www.public.sn\/index.php\/2025\/04\/16\/waxtaan-waxtaaj-avec-aissatou-diop-fall-invite-abdou-karim-gueye\/\" aria-hidden=\"true\" ><\/a>\n\t<\/div>\n\n\t<div class=\"anwp-pg-post-teaser__content flex-grow-1 pt-1 d-flex flex-column\">\n\n\t\t<div class=\"anwp-pg-post-teaser__title anwp-font-heading mt-2\">\n\t\t\t<a class=\"anwp-link-without-effects\" href=\"https:\/\/www.public.sn\/index.php\/2025\/04\/16\/waxtaan-waxtaaj-avec-aissatou-diop-fall-invite-abdou-karim-gueye\/\" aria-hidden=\"true\" >\n\t\t\t\tWaxtaan Waxtaaj avec A\u00efssatou Diop Fall\/ Invit\u00e9 Abdou Karim Gueye\t\t\t<\/a>\n\t\t<\/div>\n\n\t\t<div class=\"anwp-pg-post-teaser__bottom-meta d-flex flex-wrap\">\n\n\t\t\t\t\t\t\t<div class=\"anwp-pg-post-teaser__bottom-meta-item d-flex align-items-center mr-3\">\n\t\t\t\t\t<svg class=\"anwp-pg-icon anwp-pg-icon--s16 mr-1\">\n\t\t\t\t\t\t<use xlink:href=\"#icon-anwp-pg-calendar\"><\/use>\n\t\t\t\t\t<\/svg>\n\t\t\t\t\t<span class=\"posted-on m-0\"><span class=\"screen-reader-text\">Posted on<\/span><time class=\"anwp-pg-published\" datetime=\"2025-04-16T14:34:24+00:00\">16 avril 2025<\/time><time class=\"anwp-pg-updated\" datetime=\"2025-04-16T14:36:37+00:00\">16 avril 2025<\/time><\/span>\n\t\t\t\t<\/div>\n\t\t\t\t\n\t\t\t\t\t\t\t<div class=\"anwp-pg-post-teaser__bottom-meta-item d-flex align-items-center\">\n\t\t\t\t\t<svg class=\"anwp-pg-icon anwp-pg-icon--s16 mr-2\">\n\t\t\t\t\t\t<use xlink:href=\"#icon-anwp-pg-person\"><\/use>\n\t\t\t\t\t<\/svg>\n\t\t\t\t\tLA REDACTION\t\t\t\t<\/div>\n\t\t\t\t\t<\/div>\n\n\t\t\n\t\t\n\t<\/div>\n\n<\/div>\n<div class=\"anwp-pg-post-teaser anwp-pg-post-teaser--inner-cover-link anwp-pg-post-teaser--layout-d d-flex flex-column anwp-col-lg-3 anwp-col-sm-6 anwp-col-12\">\n\t<div class=\"anwp-pg-post-teaser__thumbnail position-relative\">\n\n\t\t\t\t\t<div class=\"anwp-pg-post-teaser__format-icon anwp-pg-post-teaser__format-icon--top d-flex align-items-center justify-content-center\">\n\t\t\t\t<svg class=\"anwp-pg-icon anwp-pg-icon--s18 anwp-pg-icon--white\">\n\t\t\t\t\t<use xlink:href=\"#icon-anwp-pg-play\"><\/use>\n\t\t\t\t<\/svg>\n\t\t\t<\/div>\n\t\t\n\t\t\n\t\t\t\t\t<img loading=\"lazy\" class=\"anwp-pg-post-teaser__thumbnail-img d-block anwp-pg-height-180 anwp-object-cover m-0 w-100\"\n\t\t\t\talt=\"Ngonalu Rewmi (15- 04 &#8211; 2025)| Aissatou Diop Fall et sa Team\"\n\t\t\t\tsrc=\"https:\/\/www.public.sn\/wp-content\/uploads\/2025\/04\/image-14.png\"\/>\n\t\t\n\t\t<div class=\"anwp-pg-post-teaser__thumbnail-bg anwp-position-cover\"><\/div>\n\n\t\t<a class=\"anwp-position-cover anwp-link-without-effects\" href=\"https:\/\/www.public.sn\/index.php\/2025\/04\/15\/ngonalu-rewmi-15-04-2025-aissatou-diop-fall-et-sa-team\/\" aria-hidden=\"true\" ><\/a>\n\t<\/div>\n\n\t<div class=\"anwp-pg-post-teaser__content flex-grow-1 pt-1 d-flex flex-column\">\n\n\t\t<div class=\"anwp-pg-post-teaser__title anwp-font-heading mt-2\">\n\t\t\t<a class=\"anwp-link-without-effects\" href=\"https:\/\/www.public.sn\/index.php\/2025\/04\/15\/ngonalu-rewmi-15-04-2025-aissatou-diop-fall-et-sa-team\/\" aria-hidden=\"true\" >\n\t\t\t\tNgonalu Rewmi (15- 04 &#8211; 2025)| Aissatou Diop Fall et sa Team\t\t\t<\/a>\n\t\t<\/div>\n\n\t\t<div class=\"anwp-pg-post-teaser__bottom-meta d-flex flex-wrap\">\n\n\t\t\t\t\t\t\t<div class=\"anwp-pg-post-teaser__bottom-meta-item d-flex align-items-center mr-3\">\n\t\t\t\t\t<svg class=\"anwp-pg-icon anwp-pg-icon--s16 mr-1\">\n\t\t\t\t\t\t<use xlink:href=\"#icon-anwp-pg-calendar\"><\/use>\n\t\t\t\t\t<\/svg>\n\t\t\t\t\t<span class=\"posted-on m-0\"><span class=\"screen-reader-text\">Posted on<\/span><time class=\"anwp-pg-published\" datetime=\"2025-04-15T20:03:40+00:00\">15 avril 2025<\/time><time class=\"anwp-pg-updated\" datetime=\"2025-04-15T20:03:42+00:00\">15 avril 2025<\/time><\/span>\n\t\t\t\t<\/div>\n\t\t\t\t\n\t\t\t\t\t\t\t<div class=\"anwp-pg-post-teaser__bottom-meta-item d-flex align-items-center\">\n\t\t\t\t\t<svg class=\"anwp-pg-icon anwp-pg-icon--s16 mr-2\">\n\t\t\t\t\t\t<use xlink:href=\"#icon-anwp-pg-person\"><\/use>\n\t\t\t\t\t<\/svg>\n\t\t\t\t\tLA REDACTION\t\t\t\t<\/div>\n\t\t\t\t\t<\/div>\n\n\t\t\n\t\t\n\t<\/div>\n\n<\/div>\n<div class=\"anwp-pg-post-teaser anwp-pg-post-teaser--inner-cover-link anwp-pg-post-teaser--layout-d d-flex flex-column anwp-col-lg-3 anwp-col-sm-6 anwp-col-12\">\n\t<div class=\"anwp-pg-post-teaser__thumbnail position-relative\">\n\n\t\t\t\t\t<div class=\"anwp-pg-post-teaser__format-icon anwp-pg-post-teaser__format-icon--top d-flex align-items-center justify-content-center\">\n\t\t\t\t<svg class=\"anwp-pg-icon anwp-pg-icon--s18 anwp-pg-icon--white\">\n\t\t\t\t\t<use xlink:href=\"#icon-anwp-pg-play\"><\/use>\n\t\t\t\t<\/svg>\n\t\t\t<\/div>\n\t\t\n\t\t\n\t\t\t\t\t<img loading=\"lazy\" class=\"anwp-pg-post-teaser__thumbnail-img d-block anwp-pg-height-180 anwp-object-cover m-0 w-100\"\n\t\t\t\talt=\"Actu Public (15-04-2025) : Ndack Samb et son invit\u00e9 reviennent sur les faits saillants du jour\"\n\t\t\t\tsrc=\"https:\/\/www.public.sn\/wp-content\/uploads\/2025\/04\/image-13.png\"\/>\n\t\t\n\t\t<div class=\"anwp-pg-post-teaser__thumbnail-bg anwp-position-cover\"><\/div>\n\n\t\t<a class=\"anwp-position-cover anwp-link-without-effects\" href=\"https:\/\/www.public.sn\/index.php\/2025\/04\/15\/actu-public-15-04-2025-ndack-samb-et-son-invite-reviennent-sur-les-faits-saillants-du-jour\/\" aria-hidden=\"true\" ><\/a>\n\t<\/div>\n\n\t<div class=\"anwp-pg-post-teaser__content flex-grow-1 pt-1 d-flex flex-column\">\n\n\t\t<div class=\"anwp-pg-post-teaser__title anwp-font-heading mt-2\">\n\t\t\t<a class=\"anwp-link-without-effects\" href=\"https:\/\/www.public.sn\/index.php\/2025\/04\/15\/actu-public-15-04-2025-ndack-samb-et-son-invite-reviennent-sur-les-faits-saillants-du-jour\/\" aria-hidden=\"true\" >\n\t\t\t\tActu Public (15-04-2025) : Ndack Samb et son invit\u00e9 reviennent sur les faits saillants du jour\t\t\t<\/a>\n\t\t<\/div>\n\n\t\t<div class=\"anwp-pg-post-teaser__bottom-meta d-flex flex-wrap\">\n\n\t\t\t\t\t\t\t<div class=\"anwp-pg-post-teaser__bottom-meta-item d-flex align-items-center mr-3\">\n\t\t\t\t\t<svg class=\"anwp-pg-icon anwp-pg-icon--s16 mr-1\">\n\t\t\t\t\t\t<use xlink:href=\"#icon-anwp-pg-calendar\"><\/use>\n\t\t\t\t\t<\/svg>\n\t\t\t\t\t<span class=\"posted-on m-0\"><span class=\"screen-reader-text\">Posted on<\/span><time class=\"anwp-pg-published\" datetime=\"2025-04-15T18:38:24+00:00\">15 avril 2025<\/time><time class=\"anwp-pg-updated\" datetime=\"2025-04-15T18:39:58+00:00\">15 avril 2025<\/time><\/span>\n\t\t\t\t<\/div>\n\t\t\t\t\n\t\t\t\t\t\t\t<div class=\"anwp-pg-post-teaser__bottom-meta-item d-flex align-items-center\">\n\t\t\t\t\t<svg class=\"anwp-pg-icon anwp-pg-icon--s16 mr-2\">\n\t\t\t\t\t\t<use xlink:href=\"#icon-anwp-pg-person\"><\/use>\n\t\t\t\t\t<\/svg>\n\t\t\t\t\tLA REDACTION\t\t\t\t<\/div>\n\t\t\t\t\t<\/div>\n\n\t\t\n\t\t\n\t<\/div>\n\n<\/div>\n<div class=\"anwp-pg-post-teaser anwp-pg-post-teaser--inner-cover-link anwp-pg-post-teaser--layout-d d-flex flex-column anwp-col-lg-3 anwp-col-sm-6 anwp-col-12\">\n\t<div class=\"anwp-pg-post-teaser__thumbnail position-relative\">\n\n\t\t\t\t\t<div class=\"anwp-pg-post-teaser__format-icon anwp-pg-post-teaser__format-icon--top d-flex align-items-center justify-content-center\">\n\t\t\t\t<svg class=\"anwp-pg-icon anwp-pg-icon--s18 anwp-pg-icon--white\">\n\t\t\t\t\t<use xlink:href=\"#icon-anwp-pg-play\"><\/use>\n\t\t\t\t<\/svg>\n\t\t\t<\/div>\n\t\t\n\t\t\n\t\t\t\t\t<img loading=\"lazy\" class=\"anwp-pg-post-teaser__thumbnail-img d-block anwp-pg-height-180 anwp-object-cover m-0 w-100\"\n\t\t\t\talt=\"Waxtaan Wax Taaj (15\/04\/2025) : ADF et Moustapha Diakhat\u00e9 passent en revue les actualit\u00e9s de la semaine\"\n\t\t\t\tsrc=\"https:\/\/www.public.sn\/wp-content\/uploads\/2025\/04\/Aissatou-Diop-Fall-Moustapha-Diakhate.png\"\/>\n\t\t\n\t\t<div class=\"anwp-pg-post-teaser__thumbnail-bg anwp-position-cover\"><\/div>\n\n\t\t<a class=\"anwp-position-cover anwp-link-without-effects\" href=\"https:\/\/www.public.sn\/index.php\/2025\/04\/15\/waxtaan-wax-taaj-15-04-2025-adf-et-moustapha-diakhate-passent-en-revue-les-actualites-de-la-semaine\/\" aria-hidden=\"true\" ><\/a>\n\t<\/div>\n\n\t<div class=\"anwp-pg-post-teaser__content flex-grow-1 pt-1 d-flex flex-column\">\n\n\t\t<div class=\"anwp-pg-post-teaser__title anwp-font-heading mt-2\">\n\t\t\t<a class=\"anwp-link-without-effects\" href=\"https:\/\/www.public.sn\/index.php\/2025\/04\/15\/waxtaan-wax-taaj-15-04-2025-adf-et-moustapha-diakhate-passent-en-revue-les-actualites-de-la-semaine\/\" aria-hidden=\"true\" >\n\t\t\t\tWaxtaan Wax Taaj (15\/04\/2025) : ADF et Moustapha Diakhat\u00e9 passent en revue les actualit\u00e9s de la semaine\t\t\t<\/a>\n\t\t<\/div>\n\n\t\t<div class=\"anwp-pg-post-teaser__bottom-meta d-flex flex-wrap\">\n\n\t\t\t\t\t\t\t<div class=\"anwp-pg-post-teaser__bottom-meta-item d-flex align-items-center mr-3\">\n\t\t\t\t\t<svg class=\"anwp-pg-icon anwp-pg-icon--s16 mr-1\">\n\t\t\t\t\t\t<use xlink:href=\"#icon-anwp-pg-calendar\"><\/use>\n\t\t\t\t\t<\/svg>\n\t\t\t\t\t<span class=\"posted-on m-0\"><span class=\"screen-reader-text\">Posted on<\/span><time class=\"anwp-pg-published\" datetime=\"2025-04-15T13:35:11+00:00\">15 avril 2025<\/time><time class=\"anwp-pg-updated\" datetime=\"2025-04-15T13:35:25+00:00\">15 avril 2025<\/time><\/span>\n\t\t\t\t<\/div>\n\t\t\t\t\n\t\t\t\t\t\t\t<div class=\"anwp-pg-post-teaser__bottom-meta-item d-flex align-items-center\">\n\t\t\t\t\t<svg class=\"anwp-pg-icon anwp-pg-icon--s16 mr-2\">\n\t\t\t\t\t\t<use xlink:href=\"#icon-anwp-pg-person\"><\/use>\n\t\t\t\t\t<\/svg>\n\t\t\t\t\tLA REDACTION\t\t\t\t<\/div>\n\t\t\t\t\t<\/div>\n\n\t\t\n\t\t\n\t<\/div>\n\n<\/div>\n\t<\/div>\n\t\t\t<div class=\"w-100 anwp-pg-load-more\">\n\t\t\t<button class=\"button anwp-btn-outline-secondary anwp-pg-load-more__btn mx-auto d-block my-3 \" type=\"button\"\n\t\t\t\tdata-anwp-loaded-qty=\"12\"\n\t\t\t\tdata-anwp-posts-per-load=\"4\"\n\t\t\t\tdata-anwp-load-more=\"{&quot;posts_to_show&quot;:&quot;latest&quot;,&quot;include_ids&quot;:&quot;&quot;,&quot;exclude_ids&quot;:&quot;&quot;,&quot;exclude_by_category&quot;:&quot;&quot;,&quot;filter_by_category&quot;:&quot;7387&quot;,&quot;filter_by_tag&quot;:&quot;&quot;,&quot;filter_by_post_format&quot;:&quot;video&quot;,&quot;filter_by_author&quot;:&quot;&quot;,&quot;published_in_last_days&quot;:0,&quot;limit&quot;:12,&quot;offset&quot;:0,&quot;grid_cols&quot;:4,&quot;grid_cols_tablet&quot;:2,&quot;grid_cols_mobile&quot;:1,&quot;grid_thumbnail_size&quot;:&quot;medium_large&quot;,&quot;show_category&quot;:&quot;&quot;,&quot;category_limit&quot;:&quot;&quot;,&quot;show_date&quot;:&quot;yes&quot;,&quot;show_author&quot;:&quot;yes&quot;,&quot;show_comments&quot;:&quot;&quot;,&quot;card_height&quot;:{&quot;unit&quot;:&quot;px&quot;,&quot;size&quot;:180,&quot;sizes&quot;:[]},&quot;show_excerpt&quot;:&quot;&quot;,&quot;excerpt_num_words&quot;:30,&quot;excerpt_source&quot;:&quot;&quot;,&quot;excerpt_html&quot;:&quot;no&quot;,&quot;layout&quot;:&quot;d&quot;,&quot;show_read_more&quot;:&quot;no&quot;,&quot;read_more_label&quot;:&quot;&quot;,&quot;read_more_class&quot;:&quot;&quot;,&quot;post_image_width&quot;:&quot;1_3&quot;,&quot;show_post_icon&quot;:&quot;yes&quot;,&quot;query_source&quot;:&quot;posts&quot;,&quot;related_posts&quot;:&quot;&quot;,&quot;related_posts_order&quot;:&quot;&quot;,&quot;card_height_mobile&quot;:&quot;&quot;,&quot;card_height_tablet&quot;:&quot;&quot;,&quot;filter_by_c_tax&quot;:&quot;&quot;,&quot;labels_by_c_tax&quot;:&quot;&quot;}\">\n\t\t\t\t<span class=\"anwp-pg-load-more__label\">+ D\u2019\u00c9MISSIONS<\/span>\n\t\t\t\t\t<span class=\"anwp-pg-wave d-flex align-items-center\">\n\t\t\t\t\t<span class=\"anwp-pg-rect anwp-pg-rect1\"><\/span>\n\t\t\t\t\t<span class=\"anwp-pg-rect anwp-pg-rect2\"><\/span>\n\t\t\t\t\t<span class=\"anwp-pg-rect anwp-pg-rect3\"><\/span>\n\t\t\t\t\t<span class=\"anwp-pg-rect anwp-pg-rect4\"><\/span>\n\t\t\t\t\t<span class=\"anwp-pg-rect anwp-pg-rect5\"><\/span>\n\t\t\t\t<\/span>\n\t\t\t<\/button>\n\t\t<\/div>\n\t\n\t<\/div>\n\t\t\t\t<\/div>\n\t\t\t\t<\/div>\n\t\t\t\t\t<\/div>\n\t\t<\/div>\n\t\t\t\t\t<\/div>\n\t\t<\/section>\n\t\t\t\t<\/div>\n\t\t<div class=\"publi-apres-le-contenu\" style=\"margin-top: 10px;margin-bottom: 10px;margin-left: auto;margin-right: auto;text-align: center;\" id=\"publi-2661509777\"><div class=\"publi-adlabel\">Publicit\u00e9<\/div><script async src=\"\/\/pagead2.googlesyndication.com\/pagead\/js\/adsbygoogle.js?client=ca-pub-4089586018074219\" crossorigin=\"anonymous\"><\/script><ins class=\"adsbygoogle\" style=\"display:block;\" data-ad-client=\"ca-pub-4089586018074219\" \ndata-ad-slot=\"2087940154\" \ndata-ad-format=\"auto\"><\/ins>\n<script> \n(adsbygoogle = window.adsbygoogle || []).push({}); \n<\/script>\n<\/div>","protected":false},"excerpt":{"rendered":"<p>Publicit\u00e9 AU PROGRAMME sur le fil NGONALU REWMI avec Aissatou Diop Fall et sa Team (17 juillet 2025) Posted on17 juillet 202517 juillet 2025 0 OPINION PUBLIC du jeudi 17 juillet 2025 | Ahmed SECK Posted on17 juillet 202517 juillet 2025 0 Replay Actu Public du 17 juillet 2025 | Ndack Samb Posted on17 juillet 202517 juillet 2025 0 NGONALU REWMI avec Aissatou Diop Fall et sa Team&#8230; Posted on16 juillet 202516 juillet 2025 0 OPINION PUBLIC : Fouta Tampi\u00a0convoqu\u00e9e, Bachir Fofana et Moustapha Diakhat\u00e9 reste en prison | Par Ahmed SECK Posted on16 juillet 202516 juillet 2025 0 Waxtaan Wax Taaj avec A\u00efssatou Diop Fall et Abdou Karim Gueye Xrum Xakk&#8230; Posted on16 juillet 202516 juillet 2025 0 \u00e0 la une NGONALU REWMI avec Aissatou Diop Fall et sa Team (17 juillet 2025) 17 juillet 2025 Load More NGONALU REWMI avec Aissatou Diop Fall et sa Team (17 juillet 2025) LA REDACTION17 juillet 2025 + D&#039;ACTUS flash news NGONALU REWMI avec Aissatou Diop Fall et sa Team (17 juillet 2025) 17 Juil 2025 OPINION PUBLIC du jeudi 17 juillet 2025 | Ahmed SECK 17 Juil 2025 Replay Actu Public du 17 juillet 2025 | Ndack Samb 17 Juil 2025 NGONALU REWMI avec Aissatou Diop Fall et sa Team&#8230; 16 Juil 2025 OPINION PUBLIC : Fouta Tampi\u00a0convoqu\u00e9e, Bachir Fofana et Moustapha Diakhat\u00e9 reste en prison | Par Ahmed SECK 16 Juil 2025 Waxtaan Wax Taaj avec A\u00efssatou Diop Fall et Abdou Karim Gueye Xrum Xakk&#8230; 16 Juil 2025 SPORTS CAN U17 : Le S\u00e9n\u00e9gal tombe face \u00e0 la C\u00f4te d\u2019Ivoire en quarts de finale Posted on11 avril 202511 avril 2025 0 EN DIRECT : C\u00f4te d&rsquo;Ivoire U17 vs U17 | Coupe d&rsquo;Afrique des Nations U17 Posted on11 avril 202511 avril 2025 0 Mohamed Salah prolonge son contrat \u00e0 Liverpool ! Posted on11 avril 202511 avril 2025 0 Parcelles Assainies : Le jeune Papi Goudiaby d\u00e9c\u00e8de lors d\u2019un match amical\u2026 Posted on10 avril 202510 avril 2025 0 Cristiano Ronaldo en deuil Posted on8 avril 20258 avril 2025 0 CAN U17\u00a0: C\u00f4te d\u2019Ivoire vs S\u00e9n\u00e9gal en 1\/4, le calendrier et les r\u00e9sultats complets Posted on8 avril 20258 avril 2025 0 + DE SPORTS ACTU PEOPLE 15Avr Fonds Covid-19 : Tange Tandian d\u00e9f\u00e9r\u00e9 au tribunal dans le cadre de l\u2019enqu\u00eate LA REDACTION 0 14Avr Fonds Covid : Abdoul Aziz Mbaye passe sa premi\u00e8re nuit en garde \u00e0 vue LA REDACTION 0 11Avr Nabou Dash s\u2019insurge : \u00ab On pr\u00e9f\u00e8re parler de la course d\u2019\u00e2nes que du d\u00e9veloppement du pays \u00bb LA REDACTION 0 08Avr Aziz Ndiaye et son fr\u00e8re Massata consignent trois villas \u00e0 Ngaparou dans une affaire judiciaire LA REDACTION 0 07Avr D-M\u00e9dia : la journaliste Fatou Abdou Ndiaye annonce sa d\u00e9mission apr\u00e8s 15 ans de collaboration LA REDACTION 0 derni\u00e8res infos NGONALU REWMI avec Aissatou Diop Fall et sa Team (17 juillet 2025) LA REDACTION17 juillet 2025 OPINION PUBLIC du jeudi 17 juillet 2025 | Ahmed SECK LA REDACTION17 juillet 2025 + D&#039;ACTUS Replay Actu Public du 17 juillet 2025 | Ndack Samb Posted on17 juillet 202517 juillet 2025 0 LA REDACTION NGONALU REWMI avec Aissatou Diop Fall et sa Team&#8230; Posted on16 juillet 202516 juillet 2025 0 LA REDACTION OPINION PUBLIC : Fouta Tampi\u00a0convoqu\u00e9e, Bachir Fofana et Moustapha Diakhat\u00e9 reste en prison | Par Ahmed SECK Posted on16 juillet 202516 juillet 2025 0 Waxtaan Wax Taaj avec A\u00efssatou Diop Fall et Abdou Karim Gueye Xrum Xakk&#8230; Posted on16 juillet 202516 juillet 2025 0 \u00ab\u00a0Diplomatie : l\u2019alignement farfelu du S\u00e9n\u00e9gal derri\u00e8re les juntes ! Dakar guide et impulse.\u00a0\u00bb | (Par Bougane Gu\u00e8ye) Posted on19 mai 202519 mai 2025 0 Dialogue national du 28 mai : La coalition DJONE annonce son boycott Posted on13 mai 202513 mai 2025 0 LA REDACTION Inspecteurs et contr\u00f4leurs du Travail : Le SICTRASS d\u00e9nonce le non-respect des engagements de l\u2019\u00c9tat Posted on12 mai 202512 mai 2025 0 LA REDACTION La CAP tire la sonnette d\u2019alarme : \u00ab\u00a0Le pouvoir \u00e9touffe la presse s\u00e9n\u00e9galaise\u00a0\u00bb LA REDACTION29 avril 2025 \u00ab\u00a0Fermeture de 381 Entreprises de presse au S\u00e9n\u00e9gal : Une remise en cause flagrante des acquis d\u00e9mocratiques\u00a0\u00bb |(Par Bacary SEYDI) LA REDACTION29 avril 2025 CHRONIQUE DE L&rsquo;IMPROVISTE &#8211; \u00ab\u00a0Un pays de d\u00e9bats, pas de silence : l\u2019\u00e2me indomptable du S\u00e9n\u00e9gal\u00a0\u00bb |(Par Henriette Niang Kand\u00e9) LA REDACTION28 avril 2025 + D&#039;ACTUS ACTU PEOPLE 15Avr Fonds Covid-19 : Tange Tandian d\u00e9f\u00e9r\u00e9 au tribunal dans le cadre de l\u2019enqu\u00eate LA REDACTION 0 14Avr Fonds Covid : Abdoul Aziz Mbaye passe sa premi\u00e8re nuit en garde \u00e0 vue LA REDACTION 0 11Avr Nabou Dash s\u2019insurge : \u00ab On pr\u00e9f\u00e8re parler de la course d\u2019\u00e2nes que du d\u00e9veloppement du pays \u00bb LA REDACTION 0 08Avr Aziz Ndiaye et son fr\u00e8re Massata consignent trois villas \u00e0 Ngaparou dans une affaire judiciaire LA REDACTION 0 07Avr D-M\u00e9dia : la journaliste Fatou Abdou Ndiaye annonce sa d\u00e9mission apr\u00e8s 15 ans de collaboration LA REDACTION 0 SPORTS CAN U17 : Le S\u00e9n\u00e9gal tombe face \u00e0 la C\u00f4te d\u2019Ivoire en quarts de finale Posted on11 avril 202511 avril 2025 0 EN DIRECT : C\u00f4te d&rsquo;Ivoire U17 vs U17 | Coupe d&rsquo;Afrique des Nations U17 Posted on11 avril 202511 avril 2025 0 Mohamed Salah prolonge son contrat \u00e0 Liverpool ! Posted on11 avril 202511 avril 2025 0 Parcelles Assainies : Le jeune Papi Goudiaby d\u00e9c\u00e8de lors d\u2019un match amical\u2026 Posted on10 avril 202510 avril 2025 0 Cristiano Ronaldo en deuil Posted on8 avril 20258 avril 2025 0 + DE SPORTS Infos du monde Un vendeur ambulant s\u00e9n\u00e9galais abattu par la police \u00e0 S\u00e3o Paulo Posted on12 avril 202512 avril 2025 0 EN DIRECT : C\u00f4te d&rsquo;Ivoire U17 vs U17 | Coupe d&rsquo;Afrique des Nations U17 Posted on11 avril 202511 avril 2025 0 Sommet de la FPU \u00e0 S\u00e9oul : le discours de Macky Sall (Vid\u00e9o) Posted on11 avril 202511 avril 2025 0 S\u00e9oul : Macky Sall \u00e9change avec Ban Ki-moon sur les d\u00e9fis climatiques Posted on11 avril 202511 avril 2025 0 CAN U17\u00a0: C\u00f4te d\u2019Ivoire vs S\u00e9n\u00e9gal en 1\/4, le calendrier et les r\u00e9sultats complets Posted on8 avril 20258 avril<\/p>\n","protected":false},"author":1,"featured_media":0,"parent":0,"menu_order":0,"comment_status":"closed","ping_status":"closed","template":"elementor_header_footer","meta":{"footnotes":""},"class_list":["post-12853","page","type-page","status-publish","hentry","entry","has-media","owp-thumbs-layout-horizontal","owp-btn-normal","owp-tabs-layout-horizontal","has-no-thumbnails","has-product-nav"],"yoast_head":"<!-- This site is optimized with the Yoast SEO plugin v25.5 - https:\/\/yoast.com\/wordpress\/plugins\/seo\/ -->\n<title>Accueil - LE PUBLIC<\/title>\n<meta name=\"robots\" content=\"index, follow, max-snippet:-1, max-image-preview:large, max-video-preview:-1\" \/>\n<link rel=\"canonical\" href=\"https:\/\/www.public.sn\/\" \/>\n<meta property=\"og:locale\" content=\"fr_FR\" \/>\n<meta property=\"og:type\" content=\"article\" \/>\n<meta property=\"og:title\" content=\"Accueil - LE PUBLIC\" \/>\n<meta property=\"og:description\" content=\"Publicit\u00e9 AU PROGRAMME sur le fil NGONALU REWMI avec Aissatou Diop Fall et sa Team (17 juillet 2025) Posted on17 juillet 202517 juillet 2025 0 OPINION PUBLIC du jeudi 17 juillet 2025 | Ahmed SECK Posted on17 juillet 202517 juillet 2025 0 Replay Actu Public du 17 juillet 2025 | Ndack Samb Posted on17 juillet 202517 juillet 2025 0 NGONALU REWMI avec Aissatou Diop Fall et sa Team&#8230; Posted on16 juillet 202516 juillet 2025 0 OPINION PUBLIC : Fouta Tampi\u00a0convoqu\u00e9e, Bachir Fofana et Moustapha Diakhat\u00e9 reste en prison | Par Ahmed SECK Posted on16 juillet 202516 juillet 2025 0 Waxtaan Wax Taaj avec A\u00efssatou Diop Fall et Abdou Karim Gueye Xrum Xakk&#8230; Posted on16 juillet 202516 juillet 2025 0 \u00e0 la une NGONALU REWMI avec Aissatou Diop Fall et sa Team (17 juillet 2025) 17 juillet 2025 Load More NGONALU REWMI avec Aissatou Diop Fall et sa Team (17 juillet 2025) LA REDACTION17 juillet 2025 + D&#039;ACTUS flash news NGONALU REWMI avec Aissatou Diop Fall et sa Team (17 juillet 2025) 17 Juil 2025 OPINION PUBLIC du jeudi 17 juillet 2025 | Ahmed SECK 17 Juil 2025 Replay Actu Public du 17 juillet 2025 | Ndack Samb 17 Juil 2025 NGONALU REWMI avec Aissatou Diop Fall et sa Team&#8230; 16 Juil 2025 OPINION PUBLIC : Fouta Tampi\u00a0convoqu\u00e9e, Bachir Fofana et Moustapha Diakhat\u00e9 reste en prison | Par Ahmed SECK 16 Juil 2025 Waxtaan Wax Taaj avec A\u00efssatou Diop Fall et Abdou Karim Gueye Xrum Xakk&#8230; 16 Juil 2025 SPORTS CAN U17 : Le S\u00e9n\u00e9gal tombe face \u00e0 la C\u00f4te d\u2019Ivoire en quarts de finale Posted on11 avril 202511 avril 2025 0 EN DIRECT : C\u00f4te d&rsquo;Ivoire U17 vs U17 | Coupe d&rsquo;Afrique des Nations U17 Posted on11 avril 202511 avril 2025 0 Mohamed Salah prolonge son contrat \u00e0 Liverpool ! Posted on11 avril 202511 avril 2025 0 Parcelles Assainies : Le jeune Papi Goudiaby d\u00e9c\u00e8de lors d\u2019un match amical\u2026 Posted on10 avril 202510 avril 2025 0 Cristiano Ronaldo en deuil Posted on8 avril 20258 avril 2025 0 CAN U17\u00a0: C\u00f4te d\u2019Ivoire vs S\u00e9n\u00e9gal en 1\/4, le calendrier et les r\u00e9sultats complets Posted on8 avril 20258 avril 2025 0 + DE SPORTS ACTU PEOPLE 15Avr Fonds Covid-19 : Tange Tandian d\u00e9f\u00e9r\u00e9 au tribunal dans le cadre de l\u2019enqu\u00eate LA REDACTION 0 14Avr Fonds Covid : Abdoul Aziz Mbaye passe sa premi\u00e8re nuit en garde \u00e0 vue LA REDACTION 0 11Avr Nabou Dash s\u2019insurge : \u00ab On pr\u00e9f\u00e8re parler de la course d\u2019\u00e2nes que du d\u00e9veloppement du pays \u00bb LA REDACTION 0 08Avr Aziz Ndiaye et son fr\u00e8re Massata consignent trois villas \u00e0 Ngaparou dans une affaire judiciaire LA REDACTION 0 07Avr D-M\u00e9dia : la journaliste Fatou Abdou Ndiaye annonce sa d\u00e9mission apr\u00e8s 15 ans de collaboration LA REDACTION 0 derni\u00e8res infos NGONALU REWMI avec Aissatou Diop Fall et sa Team (17 juillet 2025) LA REDACTION17 juillet 2025 OPINION PUBLIC du jeudi 17 juillet 2025 | Ahmed SECK LA REDACTION17 juillet 2025 + D&#039;ACTUS Replay Actu Public du 17 juillet 2025 | Ndack Samb Posted on17 juillet 202517 juillet 2025 0 LA REDACTION NGONALU REWMI avec Aissatou Diop Fall et sa Team&#8230; Posted on16 juillet 202516 juillet 2025 0 LA REDACTION OPINION PUBLIC : Fouta Tampi\u00a0convoqu\u00e9e, Bachir Fofana et Moustapha Diakhat\u00e9 reste en prison | Par Ahmed SECK Posted on16 juillet 202516 juillet 2025 0 Waxtaan Wax Taaj avec A\u00efssatou Diop Fall et Abdou Karim Gueye Xrum Xakk&#8230; Posted on16 juillet 202516 juillet 2025 0 \u00ab\u00a0Diplomatie : l\u2019alignement farfelu du S\u00e9n\u00e9gal derri\u00e8re les juntes ! Dakar guide et impulse.\u00a0\u00bb | (Par Bougane Gu\u00e8ye) Posted on19 mai 202519 mai 2025 0 Dialogue national du 28 mai : La coalition DJONE annonce son boycott Posted on13 mai 202513 mai 2025 0 LA REDACTION Inspecteurs et contr\u00f4leurs du Travail : Le SICTRASS d\u00e9nonce le non-respect des engagements de l\u2019\u00c9tat Posted on12 mai 202512 mai 2025 0 LA REDACTION La CAP tire la sonnette d\u2019alarme : \u00ab\u00a0Le pouvoir \u00e9touffe la presse s\u00e9n\u00e9galaise\u00a0\u00bb LA REDACTION29 avril 2025 \u00ab\u00a0Fermeture de 381 Entreprises de presse au S\u00e9n\u00e9gal : Une remise en cause flagrante des acquis d\u00e9mocratiques\u00a0\u00bb |(Par Bacary SEYDI) LA REDACTION29 avril 2025 CHRONIQUE DE L&rsquo;IMPROVISTE &#8211; \u00ab\u00a0Un pays de d\u00e9bats, pas de silence : l\u2019\u00e2me indomptable du S\u00e9n\u00e9gal\u00a0\u00bb |(Par Henriette Niang Kand\u00e9) LA REDACTION28 avril 2025 + D&#039;ACTUS ACTU PEOPLE 15Avr Fonds Covid-19 : Tange Tandian d\u00e9f\u00e9r\u00e9 au tribunal dans le cadre de l\u2019enqu\u00eate LA REDACTION 0 14Avr Fonds Covid : Abdoul Aziz Mbaye passe sa premi\u00e8re nuit en garde \u00e0 vue LA REDACTION 0 11Avr Nabou Dash s\u2019insurge : \u00ab On pr\u00e9f\u00e8re parler de la course d\u2019\u00e2nes que du d\u00e9veloppement du pays \u00bb LA REDACTION 0 08Avr Aziz Ndiaye et son fr\u00e8re Massata consignent trois villas \u00e0 Ngaparou dans une affaire judiciaire LA REDACTION 0 07Avr D-M\u00e9dia : la journaliste Fatou Abdou Ndiaye annonce sa d\u00e9mission apr\u00e8s 15 ans de collaboration LA REDACTION 0 SPORTS CAN U17 : Le S\u00e9n\u00e9gal tombe face \u00e0 la C\u00f4te d\u2019Ivoire en quarts de finale Posted on11 avril 202511 avril 2025 0 EN DIRECT : C\u00f4te d&rsquo;Ivoire U17 vs U17 | Coupe d&rsquo;Afrique des Nations U17 Posted on11 avril 202511 avril 2025 0 Mohamed Salah prolonge son contrat \u00e0 Liverpool ! Posted on11 avril 202511 avril 2025 0 Parcelles Assainies : Le jeune Papi Goudiaby d\u00e9c\u00e8de lors d\u2019un match amical\u2026 Posted on10 avril 202510 avril 2025 0 Cristiano Ronaldo en deuil Posted on8 avril 20258 avril 2025 0 + DE SPORTS Infos du monde Un vendeur ambulant s\u00e9n\u00e9galais abattu par la police \u00e0 S\u00e3o Paulo Posted on12 avril 202512 avril 2025 0 EN DIRECT : C\u00f4te d&rsquo;Ivoire U17 vs U17 | Coupe d&rsquo;Afrique des Nations U17 Posted on11 avril 202511 avril 2025 0 Sommet de la FPU \u00e0 S\u00e9oul : le discours de Macky Sall (Vid\u00e9o) Posted on11 avril 202511 avril 2025 0 S\u00e9oul : Macky Sall \u00e9change avec Ban Ki-moon sur les d\u00e9fis climatiques Posted on11 avril 202511 avril 2025 0 CAN U17\u00a0: C\u00f4te d\u2019Ivoire vs S\u00e9n\u00e9gal en 1\/4, le calendrier et les r\u00e9sultats complets Posted on8 avril 20258 avril\" \/>\n<meta property=\"og:url\" content=\"https:\/\/www.public.sn\/\" \/>\n<meta property=\"og:site_name\" content=\"LE PUBLIC\" \/>\n<meta property=\"article:modified_time\" content=\"2025-07-17T19:07:18+00:00\" \/>\n<meta property=\"og:image\" content=\"https:\/\/www.public.sn\/wp-content\/uploads\/2025\/03\/BANNIERE-PUB-HORI.png\" \/>\n\t<meta property=\"og:image:width\" content=\"1280\" \/>\n\t<meta property=\"og:image:height\" content=\"200\" \/>\n\t<meta property=\"og:image:type\" content=\"image\/png\" \/>\n<meta name=\"twitter:card\" content=\"summary_large_image\" \/>\n<meta name=\"twitter:label1\" content=\"Dur\u00e9e de lecture estim\u00e9e\" \/>\n\t<meta name=\"twitter:data1\" content=\"22 minutes\" \/>\n<script type=\"application\/ld+json\" class=\"yoast-schema-graph\">{\"@context\":\"https:\/\/schema.org\",\"@graph\":[{\"@type\":\"WebPage\",\"@id\":\"https:\/\/www.public.sn\/\",\"url\":\"https:\/\/www.public.sn\/\",\"name\":\"Accueil - LE PUBLIC\",\"isPartOf\":{\"@id\":\"https:\/\/www.public.sn\/#website\"},\"primaryImageOfPage\":{\"@id\":\"https:\/\/www.public.sn\/#primaryimage\"},\"image\":{\"@id\":\"https:\/\/www.public.sn\/#primaryimage\"},\"thumbnailUrl\":\"https:\/\/www.public.sn\/wp-content\/uploads\/2025\/03\/BANNIERE-PUB-HORI.png\",\"datePublished\":\"2022-10-24T13:02:26+00:00\",\"dateModified\":\"2025-07-17T19:07:18+00:00\",\"breadcrumb\":{\"@id\":\"https:\/\/www.public.sn\/#breadcrumb\"},\"inLanguage\":\"fr-FR\",\"potentialAction\":[{\"@type\":\"ReadAction\",\"target\":[\"https:\/\/www.public.sn\/\"]}]},{\"@type\":\"ImageObject\",\"inLanguage\":\"fr-FR\",\"@id\":\"https:\/\/www.public.sn\/#primaryimage\",\"url\":\"https:\/\/www.public.sn\/wp-content\/uploads\/2025\/03\/BANNIERE-PUB-HORI.png\",\"contentUrl\":\"https:\/\/www.public.sn\/wp-content\/uploads\/2025\/03\/BANNIERE-PUB-HORI.png\",\"width\":1280,\"height\":200},{\"@type\":\"BreadcrumbList\",\"@id\":\"https:\/\/www.public.sn\/#breadcrumb\",\"itemListElement\":[{\"@type\":\"ListItem\",\"position\":1,\"name\":\"Accueil\",\"item\":\"https:\/\/www.public.sn\/\"},{\"@type\":\"ListItem\",\"position\":2,\"name\":\"Accueil\"}]},{\"@type\":\"WebSite\",\"@id\":\"https:\/\/www.public.sn\/#website\",\"url\":\"https:\/\/www.public.sn\/\",\"name\":\"LE PUBLIC\",\"description\":\"\",\"publisher\":{\"@id\":\"https:\/\/www.public.sn\/#organization\"},\"potentialAction\":[{\"@type\":\"SearchAction\",\"target\":{\"@type\":\"EntryPoint\",\"urlTemplate\":\"https:\/\/www.public.sn\/?s={search_term_string}\"},\"query-input\":{\"@type\":\"PropertyValueSpecification\",\"valueRequired\":true,\"valueName\":\"search_term_string\"}}],\"inLanguage\":\"fr-FR\"},{\"@type\":\"Organization\",\"@id\":\"https:\/\/www.public.sn\/#organization\",\"name\":\"LE PUBLIC\",\"url\":\"https:\/\/www.public.sn\/\",\"logo\":{\"@type\":\"ImageObject\",\"inLanguage\":\"fr-FR\",\"@id\":\"https:\/\/www.public.sn\/#\/schema\/logo\/image\/\",\"url\":\"https:\/\/www.public.sn\/wp-content\/uploads\/2024\/05\/cropped-LOGO-PUBLIC.SN_.png\",\"contentUrl\":\"https:\/\/www.public.sn\/wp-content\/uploads\/2024\/05\/cropped-LOGO-PUBLIC.SN_.png\",\"width\":682,\"height\":192,\"caption\":\"LE PUBLIC\"},\"image\":{\"@id\":\"https:\/\/www.public.sn\/#\/schema\/logo\/image\/\"}}]}<\/script>\n<!-- \/ Yoast SEO plugin. -->","yoast_head_json":{"title":"Accueil - LE PUBLIC","robots":{"index":"index","follow":"follow","max-snippet":"max-snippet:-1","max-image-preview":"max-image-preview:large","max-video-preview":"max-video-preview:-1"},"canonical":"https:\/\/www.public.sn\/","og_locale":"fr_FR","og_type":"article","og_title":"Accueil - LE PUBLIC","og_description":"Publicit\u00e9 AU PROGRAMME sur le fil NGONALU REWMI avec Aissatou Diop Fall et sa Team (17 juillet 2025) Posted on17 juillet 202517 juillet 2025 0 OPINION PUBLIC du jeudi 17 juillet 2025 | Ahmed SECK Posted on17 juillet 202517 juillet 2025 0 Replay Actu Public du 17 juillet 2025 | Ndack Samb Posted on17 juillet 202517 juillet 2025 0 NGONALU REWMI avec Aissatou Diop Fall et sa Team&#8230; Posted on16 juillet 202516 juillet 2025 0 OPINION PUBLIC : Fouta Tampi\u00a0convoqu\u00e9e, Bachir Fofana et Moustapha Diakhat\u00e9 reste en prison | Par Ahmed SECK Posted on16 juillet 202516 juillet 2025 0 Waxtaan Wax Taaj avec A\u00efssatou Diop Fall et Abdou Karim Gueye Xrum Xakk&#8230; Posted on16 juillet 202516 juillet 2025 0 \u00e0 la une NGONALU REWMI avec Aissatou Diop Fall et sa Team (17 juillet 2025) 17 juillet 2025 Load More NGONALU REWMI avec Aissatou Diop Fall et sa Team (17 juillet 2025) LA REDACTION17 juillet 2025 + D&#039;ACTUS flash news NGONALU REWMI avec Aissatou Diop Fall et sa Team (17 juillet 2025) 17 Juil 2025 OPINION PUBLIC du jeudi 17 juillet 2025 | Ahmed SECK 17 Juil 2025 Replay Actu Public du 17 juillet 2025 | Ndack Samb 17 Juil 2025 NGONALU REWMI avec Aissatou Diop Fall et sa Team&#8230; 16 Juil 2025 OPINION PUBLIC : Fouta Tampi\u00a0convoqu\u00e9e, Bachir Fofana et Moustapha Diakhat\u00e9 reste en prison | Par Ahmed SECK 16 Juil 2025 Waxtaan Wax Taaj avec A\u00efssatou Diop Fall et Abdou Karim Gueye Xrum Xakk&#8230; 16 Juil 2025 SPORTS CAN U17 : Le S\u00e9n\u00e9gal tombe face \u00e0 la C\u00f4te d\u2019Ivoire en quarts de finale Posted on11 avril 202511 avril 2025 0 EN DIRECT : C\u00f4te d&rsquo;Ivoire U17 vs U17 | Coupe d&rsquo;Afrique des Nations U17 Posted on11 avril 202511 avril 2025 0 Mohamed Salah prolonge son contrat \u00e0 Liverpool ! Posted on11 avril 202511 avril 2025 0 Parcelles Assainies : Le jeune Papi Goudiaby d\u00e9c\u00e8de lors d\u2019un match amical\u2026 Posted on10 avril 202510 avril 2025 0 Cristiano Ronaldo en deuil Posted on8 avril 20258 avril 2025 0 CAN U17\u00a0: C\u00f4te d\u2019Ivoire vs S\u00e9n\u00e9gal en 1\/4, le calendrier et les r\u00e9sultats complets Posted on8 avril 20258 avril 2025 0 + DE SPORTS ACTU PEOPLE 15Avr Fonds Covid-19 : Tange Tandian d\u00e9f\u00e9r\u00e9 au tribunal dans le cadre de l\u2019enqu\u00eate LA REDACTION 0 14Avr Fonds Covid : Abdoul Aziz Mbaye passe sa premi\u00e8re nuit en garde \u00e0 vue LA REDACTION 0 11Avr Nabou Dash s\u2019insurge : \u00ab On pr\u00e9f\u00e8re parler de la course d\u2019\u00e2nes que du d\u00e9veloppement du pays \u00bb LA REDACTION 0 08Avr Aziz Ndiaye et son fr\u00e8re Massata consignent trois villas \u00e0 Ngaparou dans une affaire judiciaire LA REDACTION 0 07Avr D-M\u00e9dia : la journaliste Fatou Abdou Ndiaye annonce sa d\u00e9mission apr\u00e8s 15 ans de collaboration LA REDACTION 0 derni\u00e8res infos NGONALU REWMI avec Aissatou Diop Fall et sa Team (17 juillet 2025) LA REDACTION17 juillet 2025 OPINION PUBLIC du jeudi 17 juillet 2025 | Ahmed SECK LA REDACTION17 juillet 2025 + D&#039;ACTUS Replay Actu Public du 17 juillet 2025 | Ndack Samb Posted on17 juillet 202517 juillet 2025 0 LA REDACTION NGONALU REWMI avec Aissatou Diop Fall et sa Team&#8230; Posted on16 juillet 202516 juillet 2025 0 LA REDACTION OPINION PUBLIC : Fouta Tampi\u00a0convoqu\u00e9e, Bachir Fofana et Moustapha Diakhat\u00e9 reste en prison | Par Ahmed SECK Posted on16 juillet 202516 juillet 2025 0 Waxtaan Wax Taaj avec A\u00efssatou Diop Fall et Abdou Karim Gueye Xrum Xakk&#8230; Posted on16 juillet 202516 juillet 2025 0 \u00ab\u00a0Diplomatie : l\u2019alignement farfelu du S\u00e9n\u00e9gal derri\u00e8re les juntes ! Dakar guide et impulse.\u00a0\u00bb | (Par Bougane Gu\u00e8ye) Posted on19 mai 202519 mai 2025 0 Dialogue national du 28 mai : La coalition DJONE annonce son boycott Posted on13 mai 202513 mai 2025 0 LA REDACTION Inspecteurs et contr\u00f4leurs du Travail : Le SICTRASS d\u00e9nonce le non-respect des engagements de l\u2019\u00c9tat Posted on12 mai 202512 mai 2025 0 LA REDACTION La CAP tire la sonnette d\u2019alarme : \u00ab\u00a0Le pouvoir \u00e9touffe la presse s\u00e9n\u00e9galaise\u00a0\u00bb LA REDACTION29 avril 2025 \u00ab\u00a0Fermeture de 381 Entreprises de presse au S\u00e9n\u00e9gal : Une remise en cause flagrante des acquis d\u00e9mocratiques\u00a0\u00bb |(Par Bacary SEYDI) LA REDACTION29 avril 2025 CHRONIQUE DE L&rsquo;IMPROVISTE &#8211; \u00ab\u00a0Un pays de d\u00e9bats, pas de silence : l\u2019\u00e2me indomptable du S\u00e9n\u00e9gal\u00a0\u00bb |(Par Henriette Niang Kand\u00e9) LA REDACTION28 avril 2025 + D&#039;ACTUS ACTU PEOPLE 15Avr Fonds Covid-19 : Tange Tandian d\u00e9f\u00e9r\u00e9 au tribunal dans le cadre de l\u2019enqu\u00eate LA REDACTION 0 14Avr Fonds Covid : Abdoul Aziz Mbaye passe sa premi\u00e8re nuit en garde \u00e0 vue LA REDACTION 0 11Avr Nabou Dash s\u2019insurge : \u00ab On pr\u00e9f\u00e8re parler de la course d\u2019\u00e2nes que du d\u00e9veloppement du pays \u00bb LA REDACTION 0 08Avr Aziz Ndiaye et son fr\u00e8re Massata consignent trois villas \u00e0 Ngaparou dans une affaire judiciaire LA REDACTION 0 07Avr D-M\u00e9dia : la journaliste Fatou Abdou Ndiaye annonce sa d\u00e9mission apr\u00e8s 15 ans de collaboration LA REDACTION 0 SPORTS CAN U17 : Le S\u00e9n\u00e9gal tombe face \u00e0 la C\u00f4te d\u2019Ivoire en quarts de finale Posted on11 avril 202511 avril 2025 0 EN DIRECT : C\u00f4te d&rsquo;Ivoire U17 vs U17 | Coupe d&rsquo;Afrique des Nations U17 Posted on11 avril 202511 avril 2025 0 Mohamed Salah prolonge son contrat \u00e0 Liverpool ! Posted on11 avril 202511 avril 2025 0 Parcelles Assainies : Le jeune Papi Goudiaby d\u00e9c\u00e8de lors d\u2019un match amical\u2026 Posted on10 avril 202510 avril 2025 0 Cristiano Ronaldo en deuil Posted on8 avril 20258 avril 2025 0 + DE SPORTS Infos du monde Un vendeur ambulant s\u00e9n\u00e9galais abattu par la police \u00e0 S\u00e3o Paulo Posted on12 avril 202512 avril 2025 0 EN DIRECT : C\u00f4te d&rsquo;Ivoire U17 vs U17 | Coupe d&rsquo;Afrique des Nations U17 Posted on11 avril 202511 avril 2025 0 Sommet de la FPU \u00e0 S\u00e9oul : le discours de Macky Sall (Vid\u00e9o) Posted on11 avril 202511 avril 2025 0 S\u00e9oul : Macky Sall \u00e9change avec Ban Ki-moon sur les d\u00e9fis climatiques Posted on11 avril 202511 avril 2025 0 CAN U17\u00a0: C\u00f4te d\u2019Ivoire vs S\u00e9n\u00e9gal en 1\/4, le calendrier et les r\u00e9sultats complets Posted on8 avril 20258 avril","og_url":"https:\/\/www.public.sn\/","og_site_name":"LE PUBLIC","article_modified_time":"2025-07-17T19:07:18+00:00","og_image":[{"width":1280,"height":200,"url":"https:\/\/www.public.sn\/wp-content\/uploads\/2025\/03\/BANNIERE-PUB-HORI.png","type":"image\/png"}],"twitter_card":"summary_large_image","twitter_misc":{"Dur\u00e9e de lecture estim\u00e9e":"22 minutes"},"schema":{"@context":"https:\/\/schema.org","@graph":[{"@type":"WebPage","@id":"https:\/\/www.public.sn\/","url":"https:\/\/www.public.sn\/","name":"Accueil - LE PUBLIC","isPartOf":{"@id":"https:\/\/www.public.sn\/#website"},"primaryImageOfPage":{"@id":"https:\/\/www.public.sn\/#primaryimage"},"image":{"@id":"https:\/\/www.public.sn\/#primaryimage"},"thumbnailUrl":"https:\/\/www.public.sn\/wp-content\/uploads\/2025\/03\/BANNIERE-PUB-HORI.png","datePublished":"2022-10-24T13:02:26+00:00","dateModified":"2025-07-17T19:07:18+00:00","breadcrumb":{"@id":"https:\/\/www.public.sn\/#breadcrumb"},"inLanguage":"fr-FR","potentialAction":[{"@type":"ReadAction","target":["https:\/\/www.public.sn\/"]}]},{"@type":"ImageObject","inLanguage":"fr-FR","@id":"https:\/\/www.public.sn\/#primaryimage","url":"https:\/\/www.public.sn\/wp-content\/uploads\/2025\/03\/BANNIERE-PUB-HORI.png","contentUrl":"https:\/\/www.public.sn\/wp-content\/uploads\/2025\/03\/BANNIERE-PUB-HORI.png","width":1280,"height":200},{"@type":"BreadcrumbList","@id":"https:\/\/www.public.sn\/#breadcrumb","itemListElement":[{"@type":"ListItem","position":1,"name":"Accueil","item":"https:\/\/www.public.sn\/"},{"@type":"ListItem","position":2,"name":"Accueil"}]},{"@type":"WebSite","@id":"https:\/\/www.public.sn\/#website","url":"https:\/\/www.public.sn\/","name":"LE PUBLIC","description":"","publisher":{"@id":"https:\/\/www.public.sn\/#organization"},"potentialAction":[{"@type":"SearchAction","target":{"@type":"EntryPoint","urlTemplate":"https:\/\/www.public.sn\/?s={search_term_string}"},"query-input":{"@type":"PropertyValueSpecification","valueRequired":true,"valueName":"search_term_string"}}],"inLanguage":"fr-FR"},{"@type":"Organization","@id":"https:\/\/www.public.sn\/#organization","name":"LE PUBLIC","url":"https:\/\/www.public.sn\/","logo":{"@type":"ImageObject","inLanguage":"fr-FR","@id":"https:\/\/www.public.sn\/#\/schema\/logo\/image\/","url":"https:\/\/www.public.sn\/wp-content\/uploads\/2024\/05\/cropped-LOGO-PUBLIC.SN_.png","contentUrl":"https:\/\/www.public.sn\/wp-content\/uploads\/2024\/05\/cropped-LOGO-PUBLIC.SN_.png","width":682,"height":192,"caption":"LE PUBLIC"},"image":{"@id":"https:\/\/www.public.sn\/#\/schema\/logo\/image\/"}}]}},"jetpack_sharing_enabled":true,"_links":{"self":[{"href":"https:\/\/www.public.sn\/index.php\/wp-json\/wp\/v2\/pages\/12853","targetHints":{"allow":["GET"]}}],"collection":[{"href":"https:\/\/www.public.sn\/index.php\/wp-json\/wp\/v2\/pages"}],"about":[{"href":"https:\/\/www.public.sn\/index.php\/wp-json\/wp\/v2\/types\/page"}],"author":[{"embeddable":true,"href":"https:\/\/www.public.sn\/index.php\/wp-json\/wp\/v2\/users\/1"}],"replies":[{"embeddable":true,"href":"https:\/\/www.public.sn\/index.php\/wp-json\/wp\/v2\/comments?post=12853"}],"version-history":[{"count":630,"href":"https:\/\/www.public.sn\/index.php\/wp-json\/wp\/v2\/pages\/12853\/revisions"}],"predecessor-version":[{"id":37604,"href":"https:\/\/www.public.sn\/index.php\/wp-json\/wp\/v2\/pages\/12853\/revisions\/37604"}],"wp:attachment":[{"href":"https:\/\/www.public.sn\/index.php\/wp-json\/wp\/v2\/media?parent=12853"}],"curies":[{"name":"wp","href":"https:\/\/api.w.org\/{rel}","templated":true}]}}